{"id":590,"date":"2018-06-25T18:01:15","date_gmt":"2018-06-25T16:01:15","guid":{"rendered":"http:\/\/www.auzeau.fr\/avions\/?page_id=590"},"modified":"2025-08-25T08:51:45","modified_gmt":"2025-08-25T06:51:45","slug":"meeting-aeriens","status":"publish","type":"page","link":"https:\/\/www.auzeau.fr\/avions\/meeting-aeriens\/","title":{"rendered":"Meetings A\u00e9riens"},"content":{"rendered":"\t\t<div data-elementor-type=\"wp-post\" data-elementor-id=\"590\" class=\"elementor elementor-590\">\n\t\t\t\t\t\t<section class=\"elementor-section elementor-top-section elementor-element elementor-element-abafd9d elementor-section-boxed elementor-section-height-default elementor-section-height-default\" data-id=\"abafd9d\" data-element_type=\"section\" data-e-type=\"section\">\n\t\t\t\t\t\t<div class=\"elementor-container elementor-column-gap-default\">\n\t\t\t\t\t<div class=\"elementor-column elementor-col-100 elementor-top-column elementor-element elementor-element-e58edf9\" data-id=\"e58edf9\" data-element_type=\"column\" data-e-type=\"column\">\n\t\t\t<div class=\"elementor-widget-wrap elementor-element-populated\">\n\t\t\t\t\t\t<div class=\"elementor-element elementor-element-2c09c21 elementor-widget elementor-widget-heading\" data-id=\"2c09c21\" data-element_type=\"widget\" data-e-type=\"widget\" data-widget_type=\"heading.default\">\n\t\t\t\t<div class=\"elementor-widget-container\">\n\t\t\t\t\t<h2 class=\"elementor-heading-title elementor-size-xxl\">MEETINGS<\/h2>\t\t\t\t<\/div>\n\t\t\t\t<\/div>\n\t\t\t\t\t<\/div>\n\t\t<\/div>\n\t\t\t\t\t<\/div>\n\t\t<\/section>\n\t\t\t\t<section class=\"elementor-section elementor-top-section elementor-element elementor-element-670e2e9 elementor-section-boxed elementor-section-height-default elementor-section-height-default\" data-id=\"670e2e9\" data-element_type=\"section\" data-e-type=\"section\">\n\t\t\t\t\t\t<div class=\"elementor-container elementor-column-gap-default\">\n\t\t\t\t\t<div class=\"elementor-column elementor-col-20 elementor-top-column elementor-element elementor-element-1a739da\" data-id=\"1a739da\" data-element_type=\"column\" data-e-type=\"column\">\n\t\t\t<div class=\"elementor-widget-wrap elementor-element-populated\">\n\t\t\t\t\t\t<div class=\"elementor-element elementor-element-fbfe0d9 elementor-invisible elementor-widget elementor-widget-image\" data-id=\"fbfe0d9\" data-element_type=\"widget\" data-e-type=\"widget\" data-settings=\"{&quot;_animation&quot;:&quot;fadeIn&quot;}\" data-widget_type=\"image.default\">\n\t\t\t\t<div class=\"elementor-widget-container\">\n\t\t\t\t\t\t\t\t\t\t\t\t\t\t\t\t<a href=\"http:\/\/avions.auzeau.fr\/meeting-aeriens\/cormeilles-2008\/\">\n\t\t\t\t\t\t\t<img fetchpriority=\"high\" decoding=\"async\" width=\"400\" height=\"400\" src=\"https:\/\/www.auzeau.fr\/avions\/wp-content\/uploads\/Affiches\/neant.png\" class=\"elementor-animation-shrink attachment-large size-large wp-image-190\" alt=\"\" srcset=\"https:\/\/www.auzeau.fr\/avions\/wp-content\/uploads\/Affiches\/neant.png 400w, https:\/\/www.auzeau.fr\/avions\/wp-content\/uploads\/Affiches\/neant-150x150.png 150w, https:\/\/www.auzeau.fr\/avions\/wp-content\/uploads\/Affiches\/neant-300x300.png 300w\" sizes=\"(max-width: 400px) 100vw, 400px\" \/>\t\t\t\t\t\t\t\t<\/a>\n\t\t\t\t\t\t\t\t\t\t\t\t\t\t\t<\/div>\n\t\t\t\t<\/div>\n\t\t\t\t<div class=\"elementor-element elementor-element-ef9bc0a elementor-widget elementor-widget-text-editor\" data-id=\"ef9bc0a\" data-element_type=\"widget\" data-e-type=\"widget\" data-widget_type=\"text-editor.default\">\n\t\t\t\t<div class=\"elementor-widget-container\">\n\t\t\t\t\t\t\t\t\t<p style=\"text-align: center;\">Cormeilles-en-Vexin 2008<\/p>\t\t\t\t\t\t\t\t<\/div>\n\t\t\t\t<\/div>\n\t\t\t\t\t<\/div>\n\t\t<\/div>\n\t\t\t\t<div class=\"elementor-column elementor-col-20 elementor-top-column elementor-element elementor-element-9051d41\" data-id=\"9051d41\" data-element_type=\"column\" data-e-type=\"column\">\n\t\t\t<div class=\"elementor-widget-wrap elementor-element-populated\">\n\t\t\t\t\t\t<div class=\"elementor-element elementor-element-24041d6 elementor-invisible elementor-widget elementor-widget-image\" data-id=\"24041d6\" data-element_type=\"widget\" data-e-type=\"widget\" data-settings=\"{&quot;_animation&quot;:&quot;fadeIn&quot;}\" data-widget_type=\"image.default\">\n\t\t\t\t<div class=\"elementor-widget-container\">\n\t\t\t\t\t\t\t\t\t\t\t\t\t\t\t\t<a href=\"http:\/\/avions.auzeau.fr\/meeting-aeriens\/cormeilles-2009\/\">\n\t\t\t\t\t\t\t<img fetchpriority=\"high\" decoding=\"async\" width=\"400\" height=\"400\" src=\"https:\/\/www.auzeau.fr\/avions\/wp-content\/uploads\/Affiches\/neant.png\" class=\"elementor-animation-shrink attachment-large size-large wp-image-190\" alt=\"\" srcset=\"https:\/\/www.auzeau.fr\/avions\/wp-content\/uploads\/Affiches\/neant.png 400w, https:\/\/www.auzeau.fr\/avions\/wp-content\/uploads\/Affiches\/neant-150x150.png 150w, https:\/\/www.auzeau.fr\/avions\/wp-content\/uploads\/Affiches\/neant-300x300.png 300w\" sizes=\"(max-width: 400px) 100vw, 400px\" \/>\t\t\t\t\t\t\t\t<\/a>\n\t\t\t\t\t\t\t\t\t\t\t\t\t\t\t<\/div>\n\t\t\t\t<\/div>\n\t\t\t\t<div class=\"elementor-element elementor-element-2e55263 elementor-widget elementor-widget-text-editor\" data-id=\"2e55263\" data-element_type=\"widget\" data-e-type=\"widget\" data-widget_type=\"text-editor.default\">\n\t\t\t\t<div class=\"elementor-widget-container\">\n\t\t\t\t\t\t\t\t\t<p style=\"text-align: center;\">Cormeilles-en-Vexin 2009<\/p>\t\t\t\t\t\t\t\t<\/div>\n\t\t\t\t<\/div>\n\t\t\t\t\t<\/div>\n\t\t<\/div>\n\t\t\t\t<div class=\"elementor-column elementor-col-20 elementor-top-column elementor-element elementor-element-4537718\" data-id=\"4537718\" data-element_type=\"column\" data-e-type=\"column\">\n\t\t\t<div class=\"elementor-widget-wrap elementor-element-populated\">\n\t\t\t\t\t\t<div class=\"elementor-element elementor-element-4c3b01d elementor-invisible elementor-widget elementor-widget-image\" data-id=\"4c3b01d\" data-element_type=\"widget\" data-e-type=\"widget\" data-settings=\"{&quot;_animation&quot;:&quot;fadeIn&quot;}\" data-widget_type=\"image.default\">\n\t\t\t\t<div class=\"elementor-widget-container\">\n\t\t\t\t\t\t\t\t\t\t\t\t\t\t\t\t<a href=\"http:\/\/avions.auzeau.fr\/meeting-aeriens\/cormeilles-2010\/\">\n\t\t\t\t\t\t\t<img decoding=\"async\" width=\"266\" height=\"400\" src=\"https:\/\/www.auzeau.fr\/avions\/wp-content\/uploads\/Affiches\/Cormeilles_2010.jpg\" class=\"elementor-animation-shrink attachment-large size-large wp-image-211\" alt=\"\" srcset=\"https:\/\/www.auzeau.fr\/avions\/wp-content\/uploads\/Affiches\/Cormeilles_2010.jpg 266w, https:\/\/www.auzeau.fr\/avions\/wp-content\/uploads\/Affiches\/Cormeilles_2010-200x300.jpg 200w\" sizes=\"(max-width: 266px) 100vw, 266px\" \/>\t\t\t\t\t\t\t\t<\/a>\n\t\t\t\t\t\t\t\t\t\t\t\t\t\t\t<\/div>\n\t\t\t\t<\/div>\n\t\t\t\t<div class=\"elementor-element elementor-element-e0bb4ee elementor-widget elementor-widget-text-editor\" data-id=\"e0bb4ee\" data-element_type=\"widget\" data-e-type=\"widget\" data-widget_type=\"text-editor.default\">\n\t\t\t\t<div class=\"elementor-widget-container\">\n\t\t\t\t\t\t\t\t\t<p style=\"text-align: center;\">Meeting International d&#8217;Ile-de-France Cormeilles-en-Vexin 2010<\/p>\t\t\t\t\t\t\t\t<\/div>\n\t\t\t\t<\/div>\n\t\t\t\t\t<\/div>\n\t\t<\/div>\n\t\t\t\t<div class=\"elementor-column elementor-col-20 elementor-top-column elementor-element elementor-element-c29acbe\" data-id=\"c29acbe\" data-element_type=\"column\" data-e-type=\"column\">\n\t\t\t<div class=\"elementor-widget-wrap elementor-element-populated\">\n\t\t\t\t\t\t<div class=\"elementor-element elementor-element-c8c7cb6 elementor-invisible elementor-widget elementor-widget-image\" data-id=\"c8c7cb6\" data-element_type=\"widget\" data-e-type=\"widget\" data-settings=\"{&quot;_animation&quot;:&quot;fadeIn&quot;}\" data-widget_type=\"image.default\">\n\t\t\t\t<div class=\"elementor-widget-container\">\n\t\t\t\t\t\t\t\t\t\t\t\t\t\t\t\t<a href=\"http:\/\/avions.auzeau.fr\/meeting-aeriens\/cormeilles-2011\/\">\n\t\t\t\t\t\t\t<img decoding=\"async\" width=\"283\" height=\"400\" src=\"https:\/\/www.auzeau.fr\/avions\/wp-content\/uploads\/Affiches\/Cormeilles_2011.jpg\" class=\"elementor-animation-shrink attachment-large size-large wp-image-215\" alt=\"\" srcset=\"https:\/\/www.auzeau.fr\/avions\/wp-content\/uploads\/Affiches\/Cormeilles_2011.jpg 283w, https:\/\/www.auzeau.fr\/avions\/wp-content\/uploads\/Affiches\/Cormeilles_2011-212x300.jpg 212w\" sizes=\"(max-width: 283px) 100vw, 283px\" \/>\t\t\t\t\t\t\t\t<\/a>\n\t\t\t\t\t\t\t\t\t\t\t\t\t\t\t<\/div>\n\t\t\t\t<\/div>\n\t\t\t\t<div class=\"elementor-element elementor-element-878e601 elementor-widget elementor-widget-text-editor\" data-id=\"878e601\" data-element_type=\"widget\" data-e-type=\"widget\" data-widget_type=\"text-editor.default\">\n\t\t\t\t<div class=\"elementor-widget-container\">\n\t\t\t\t\t\t\t\t\t<p style=\"text-align: center;\">Meeting A\u00e9rien d&#8217;Ile-de-France Cormeilles-en-Vexin 2011<\/p>\t\t\t\t\t\t\t\t<\/div>\n\t\t\t\t<\/div>\n\t\t\t\t\t<\/div>\n\t\t<\/div>\n\t\t\t\t<div class=\"elementor-column elementor-col-20 elementor-top-column elementor-element elementor-element-36a44d3\" data-id=\"36a44d3\" data-element_type=\"column\" data-e-type=\"column\">\n\t\t\t<div class=\"elementor-widget-wrap elementor-element-populated\">\n\t\t\t\t\t\t<div class=\"elementor-element elementor-element-493a183 elementor-invisible elementor-widget elementor-widget-image\" data-id=\"493a183\" data-element_type=\"widget\" data-e-type=\"widget\" data-settings=\"{&quot;_animation&quot;:&quot;fadeIn&quot;}\" data-widget_type=\"image.default\">\n\t\t\t\t<div class=\"elementor-widget-container\">\n\t\t\t\t\t\t\t\t\t\t\t\t\t\t\t\t<a href=\"http:\/\/avions.auzeau.fr\/meeting-aeriens\/cormeilles-2012\/\">\n\t\t\t\t\t\t\t<img loading=\"lazy\" decoding=\"async\" width=\"282\" height=\"400\" src=\"https:\/\/www.auzeau.fr\/avions\/wp-content\/uploads\/Affiches\/Cormeilles_2012.jpg\" class=\"elementor-animation-shrink attachment-large size-large wp-image-202\" alt=\"\" srcset=\"https:\/\/www.auzeau.fr\/avions\/wp-content\/uploads\/Affiches\/Cormeilles_2012.jpg 282w, https:\/\/www.auzeau.fr\/avions\/wp-content\/uploads\/Affiches\/Cormeilles_2012-212x300.jpg 212w\" sizes=\"(max-width: 282px) 100vw, 282px\" \/>\t\t\t\t\t\t\t\t<\/a>\n\t\t\t\t\t\t\t\t\t\t\t\t\t\t\t<\/div>\n\t\t\t\t<\/div>\n\t\t\t\t<div class=\"elementor-element elementor-element-eb798bf elementor-widget elementor-widget-text-editor\" data-id=\"eb798bf\" data-element_type=\"widget\" data-e-type=\"widget\" data-widget_type=\"text-editor.default\">\n\t\t\t\t<div class=\"elementor-widget-container\">\n\t\t\t\t\t\t\t\t\t<p style=\"text-align: center;\">Air Show Cormeilles-en-Vexin 2012<\/p>\t\t\t\t\t\t\t\t<\/div>\n\t\t\t\t<\/div>\n\t\t\t\t\t<\/div>\n\t\t<\/div>\n\t\t\t\t\t<\/div>\n\t\t<\/section>\n\t\t\t\t<section class=\"elementor-section elementor-top-section elementor-element elementor-element-14cd9b7 elementor-section-boxed elementor-section-height-default elementor-section-height-default\" data-id=\"14cd9b7\" data-element_type=\"section\" data-e-type=\"section\">\n\t\t\t\t\t\t<div class=\"elementor-container elementor-column-gap-default\">\n\t\t\t\t\t<div class=\"elementor-column elementor-col-20 elementor-top-column elementor-element elementor-element-56de5f4\" data-id=\"56de5f4\" data-element_type=\"column\" data-e-type=\"column\">\n\t\t\t<div class=\"elementor-widget-wrap elementor-element-populated\">\n\t\t\t\t\t\t<div class=\"elementor-element elementor-element-0ec90b5 elementor-invisible elementor-widget elementor-widget-image\" data-id=\"0ec90b5\" data-element_type=\"widget\" data-e-type=\"widget\" data-settings=\"{&quot;_animation&quot;:&quot;fadeIn&quot;}\" data-widget_type=\"image.default\">\n\t\t\t\t<div class=\"elementor-widget-container\">\n\t\t\t\t\t\t\t\t\t\t\t\t\t\t\t\t<a href=\"http:\/\/avions.auzeau.fr\/meeting-aeriens\/lens-2012\/\">\n\t\t\t\t\t\t\t<img loading=\"lazy\" decoding=\"async\" width=\"282\" height=\"400\" src=\"https:\/\/www.auzeau.fr\/avions\/wp-content\/uploads\/Affiches\/Lens_2012.jpg\" class=\"elementor-animation-shrink attachment-large size-large wp-image-208\" alt=\"\" srcset=\"https:\/\/www.auzeau.fr\/avions\/wp-content\/uploads\/Affiches\/Lens_2012.jpg 282w, https:\/\/www.auzeau.fr\/avions\/wp-content\/uploads\/Affiches\/Lens_2012-212x300.jpg 212w\" sizes=\"(max-width: 282px) 100vw, 282px\" \/>\t\t\t\t\t\t\t\t<\/a>\n\t\t\t\t\t\t\t\t\t\t\t\t\t\t\t<\/div>\n\t\t\t\t<\/div>\n\t\t\t\t<div class=\"elementor-element elementor-element-1ccc056 elementor-widget elementor-widget-text-editor\" data-id=\"1ccc056\" data-element_type=\"widget\" data-e-type=\"widget\" data-widget_type=\"text-editor.default\">\n\t\t\t\t<div class=\"elementor-widget-container\">\n\t\t\t\t\t\t\t\t\t<p style=\"text-align: center;\">Meeting A\u00e9rien Franco-Polonais Lens-B\u00e9nifontaine 2012<\/p>\t\t\t\t\t\t\t\t<\/div>\n\t\t\t\t<\/div>\n\t\t\t\t\t<\/div>\n\t\t<\/div>\n\t\t\t\t<div class=\"elementor-column elementor-col-20 elementor-top-column elementor-element elementor-element-3ded9b8\" data-id=\"3ded9b8\" data-element_type=\"column\" data-e-type=\"column\">\n\t\t\t<div class=\"elementor-widget-wrap elementor-element-populated\">\n\t\t\t\t\t\t<div class=\"elementor-element elementor-element-ed8e343 elementor-invisible elementor-widget elementor-widget-image\" data-id=\"ed8e343\" data-element_type=\"widget\" data-e-type=\"widget\" data-settings=\"{&quot;_animation&quot;:&quot;fadeIn&quot;}\" data-widget_type=\"image.default\">\n\t\t\t\t<div class=\"elementor-widget-container\">\n\t\t\t\t\t\t\t\t\t\t\t\t\t\t\t\t<a href=\"http:\/\/avions.auzeau.fr\/meeting-aeriens\/lens-2014\/\">\n\t\t\t\t\t\t\t<img loading=\"lazy\" decoding=\"async\" width=\"287\" height=\"400\" src=\"https:\/\/www.auzeau.fr\/avions\/wp-content\/uploads\/Affiches\/Lens_2014.jpg\" class=\"elementor-animation-shrink attachment-large size-large wp-image-195\" alt=\"\" srcset=\"https:\/\/www.auzeau.fr\/avions\/wp-content\/uploads\/Affiches\/Lens_2014.jpg 287w, https:\/\/www.auzeau.fr\/avions\/wp-content\/uploads\/Affiches\/Lens_2014-215x300.jpg 215w\" sizes=\"(max-width: 287px) 100vw, 287px\" \/>\t\t\t\t\t\t\t\t<\/a>\n\t\t\t\t\t\t\t\t\t\t\t\t\t\t\t<\/div>\n\t\t\t\t<\/div>\n\t\t\t\t<div class=\"elementor-element elementor-element-0b1b2b5 elementor-widget elementor-widget-text-editor\" data-id=\"0b1b2b5\" data-element_type=\"widget\" data-e-type=\"widget\" data-widget_type=\"text-editor.default\">\n\t\t\t\t<div class=\"elementor-widget-container\">\n\t\t\t\t\t\t\t\t\t<p style=\"text-align: center;\">Air Show Franco-Belge Lens-B\u00e9nifontaine 2014<\/p>\t\t\t\t\t\t\t\t<\/div>\n\t\t\t\t<\/div>\n\t\t\t\t\t<\/div>\n\t\t<\/div>\n\t\t\t\t<div class=\"elementor-column elementor-col-20 elementor-top-column elementor-element elementor-element-fcbfd68\" data-id=\"fcbfd68\" data-element_type=\"column\" data-e-type=\"column\">\n\t\t\t<div class=\"elementor-widget-wrap elementor-element-populated\">\n\t\t\t\t\t\t<div class=\"elementor-element elementor-element-5c225c9 elementor-invisible elementor-widget elementor-widget-image\" data-id=\"5c225c9\" data-element_type=\"widget\" data-e-type=\"widget\" data-settings=\"{&quot;_animation&quot;:&quot;fadeIn&quot;}\" data-widget_type=\"image.default\">\n\t\t\t\t<div class=\"elementor-widget-container\">\n\t\t\t\t\t\t\t\t\t\t\t\t\t\t\t\t<a href=\"http:\/\/avions.auzeau.fr\/meeting-aeriens\/cormeilles-2014\/\">\n\t\t\t\t\t\t\t<img loading=\"lazy\" decoding=\"async\" width=\"267\" height=\"400\" src=\"https:\/\/www.auzeau.fr\/avions\/wp-content\/uploads\/Affiches\/cormeilles_2014.jpg\" class=\"elementor-animation-shrink attachment-large size-large wp-image-191\" alt=\"\" srcset=\"https:\/\/www.auzeau.fr\/avions\/wp-content\/uploads\/Affiches\/cormeilles_2014.jpg 267w, https:\/\/www.auzeau.fr\/avions\/wp-content\/uploads\/Affiches\/cormeilles_2014-200x300.jpg 200w\" sizes=\"(max-width: 267px) 100vw, 267px\" \/>\t\t\t\t\t\t\t\t<\/a>\n\t\t\t\t\t\t\t\t\t\t\t\t\t\t\t<\/div>\n\t\t\t\t<\/div>\n\t\t\t\t<div class=\"elementor-element elementor-element-1fbb45e elementor-widget elementor-widget-text-editor\" data-id=\"1fbb45e\" data-element_type=\"widget\" data-e-type=\"widget\" data-widget_type=\"text-editor.default\">\n\t\t\t\t<div class=\"elementor-widget-container\">\n\t\t\t\t\t\t\t\t\t<p style=\"text-align: center;\">Air Show d&#8217;Ile-de-France Cormeilles-en-Vexin 2014<\/p>\t\t\t\t\t\t\t\t<\/div>\n\t\t\t\t<\/div>\n\t\t\t\t\t<\/div>\n\t\t<\/div>\n\t\t\t\t<div class=\"elementor-column elementor-col-20 elementor-top-column elementor-element elementor-element-1ec84c7\" data-id=\"1ec84c7\" data-element_type=\"column\" data-e-type=\"column\">\n\t\t\t<div class=\"elementor-widget-wrap elementor-element-populated\">\n\t\t\t\t\t\t<div class=\"elementor-element elementor-element-f6307d4 elementor-invisible elementor-widget elementor-widget-image\" data-id=\"f6307d4\" data-element_type=\"widget\" data-e-type=\"widget\" data-settings=\"{&quot;_animation&quot;:&quot;fadeIn&quot;}\" data-widget_type=\"image.default\">\n\t\t\t\t<div class=\"elementor-widget-container\">\n\t\t\t\t\t\t\t\t\t\t\t\t\t\t\t\t<a href=\"http:\/\/avions.auzeau.fr\/meeting-aeriens\/compiegne-2014\/\">\n\t\t\t\t\t\t\t<img loading=\"lazy\" decoding=\"async\" width=\"300\" height=\"400\" src=\"https:\/\/www.auzeau.fr\/avions\/wp-content\/uploads\/Affiches\/Compiegne_2014.jpg\" class=\"elementor-animation-shrink attachment-large size-large wp-image-207\" alt=\"\" srcset=\"https:\/\/www.auzeau.fr\/avions\/wp-content\/uploads\/Affiches\/Compiegne_2014.jpg 300w, https:\/\/www.auzeau.fr\/avions\/wp-content\/uploads\/Affiches\/Compiegne_2014-225x300.jpg 225w\" sizes=\"(max-width: 300px) 100vw, 300px\" \/>\t\t\t\t\t\t\t\t<\/a>\n\t\t\t\t\t\t\t\t\t\t\t\t\t\t\t<\/div>\n\t\t\t\t<\/div>\n\t\t\t\t<div class=\"elementor-element elementor-element-6d8b67d elementor-widget elementor-widget-text-editor\" data-id=\"6d8b67d\" data-element_type=\"widget\" data-e-type=\"widget\" data-widget_type=\"text-editor.default\">\n\t\t\t\t<div class=\"elementor-widget-container\">\n\t\t\t\t\t\t\t\t\t<p style=\"text-align: center;\">Meeting A\u00e9rien Margny-l\u00e8s-Compi\u00e8gne 2014<\/p>\t\t\t\t\t\t\t\t<\/div>\n\t\t\t\t<\/div>\n\t\t\t\t\t<\/div>\n\t\t<\/div>\n\t\t\t\t<div class=\"elementor-column elementor-col-20 elementor-top-column elementor-element elementor-element-af7c0c5\" data-id=\"af7c0c5\" data-element_type=\"column\" data-e-type=\"column\">\n\t\t\t<div class=\"elementor-widget-wrap elementor-element-populated\">\n\t\t\t\t\t\t<div class=\"elementor-element elementor-element-1701668 elementor-invisible elementor-widget elementor-widget-image\" data-id=\"1701668\" data-element_type=\"widget\" data-e-type=\"widget\" data-settings=\"{&quot;_animation&quot;:&quot;fadeIn&quot;}\" data-widget_type=\"image.default\">\n\t\t\t\t<div class=\"elementor-widget-container\">\n\t\t\t\t\t\t\t\t\t\t\t\t\t\t\t\t<a href=\"http:\/\/avions.auzeau.fr\/meeting-aeriens\/valenciennes-2014\/\">\n\t\t\t\t\t\t\t<img loading=\"lazy\" decoding=\"async\" width=\"283\" height=\"400\" src=\"https:\/\/www.auzeau.fr\/avions\/wp-content\/uploads\/Affiches\/Valenciennes_2014.jpg\" class=\"elementor-animation-shrink attachment-large size-large wp-image-204\" alt=\"\" srcset=\"https:\/\/www.auzeau.fr\/avions\/wp-content\/uploads\/Affiches\/Valenciennes_2014.jpg 283w, https:\/\/www.auzeau.fr\/avions\/wp-content\/uploads\/Affiches\/Valenciennes_2014-212x300.jpg 212w\" sizes=\"(max-width: 283px) 100vw, 283px\" \/>\t\t\t\t\t\t\t\t<\/a>\n\t\t\t\t\t\t\t\t\t\t\t\t\t\t\t<\/div>\n\t\t\t\t<\/div>\n\t\t\t\t<div class=\"elementor-element elementor-element-103e47c elementor-widget elementor-widget-text-editor\" data-id=\"103e47c\" data-element_type=\"widget\" data-e-type=\"widget\" data-widget_type=\"text-editor.default\">\n\t\t\t\t<div class=\"elementor-widget-container\">\n\t\t\t\t\t\t\t\t\t<p style=\"text-align: center;\">Meeting A\u00e9rien Valenciennes-Prouvy 2014<\/p>\t\t\t\t\t\t\t\t<\/div>\n\t\t\t\t<\/div>\n\t\t\t\t\t<\/div>\n\t\t<\/div>\n\t\t\t\t\t<\/div>\n\t\t<\/section>\n\t\t\t\t<section class=\"elementor-section elementor-top-section elementor-element elementor-element-9f8a062 elementor-section-boxed elementor-section-height-default elementor-section-height-default\" data-id=\"9f8a062\" data-element_type=\"section\" data-e-type=\"section\">\n\t\t\t\t\t\t<div class=\"elementor-container elementor-column-gap-default\">\n\t\t\t\t\t<div class=\"elementor-column elementor-col-20 elementor-top-column elementor-element elementor-element-3e66704\" data-id=\"3e66704\" data-element_type=\"column\" data-e-type=\"column\">\n\t\t\t<div class=\"elementor-widget-wrap elementor-element-populated\">\n\t\t\t\t\t\t<div class=\"elementor-element elementor-element-8c62663 elementor-invisible elementor-widget elementor-widget-image\" data-id=\"8c62663\" data-element_type=\"widget\" data-e-type=\"widget\" data-settings=\"{&quot;_animation&quot;:&quot;fadeIn&quot;}\" data-widget_type=\"image.default\">\n\t\t\t\t<div class=\"elementor-widget-container\">\n\t\t\t\t\t\t\t\t\t\t\t\t\t\t\t\t<a href=\"http:\/\/avions.auzeau.fr\/meeting-aeriens\/saint-quentin-2014\/\">\n\t\t\t\t\t\t\t<img loading=\"lazy\" decoding=\"async\" width=\"267\" height=\"400\" src=\"https:\/\/www.auzeau.fr\/avions\/wp-content\/uploads\/Affiches\/Saint-Quentin_2014.jpg\" class=\"elementor-animation-shrink attachment-large size-large wp-image-201\" alt=\"\" srcset=\"https:\/\/www.auzeau.fr\/avions\/wp-content\/uploads\/Affiches\/Saint-Quentin_2014.jpg 267w, https:\/\/www.auzeau.fr\/avions\/wp-content\/uploads\/Affiches\/Saint-Quentin_2014-200x300.jpg 200w\" sizes=\"(max-width: 267px) 100vw, 267px\" \/>\t\t\t\t\t\t\t\t<\/a>\n\t\t\t\t\t\t\t\t\t\t\t\t\t\t\t<\/div>\n\t\t\t\t<\/div>\n\t\t\t\t<div class=\"elementor-element elementor-element-f0612a8 elementor-widget elementor-widget-text-editor\" data-id=\"f0612a8\" data-element_type=\"widget\" data-e-type=\"widget\" data-widget_type=\"text-editor.default\">\n\t\t\t\t<div class=\"elementor-widget-container\">\n\t\t\t\t\t\t\t\t\t<p style=\"text-align: center;\">F\u00eate A\u00e9rienne Saint-Quentin-Roupy 2014<\/p>\t\t\t\t\t\t\t\t<\/div>\n\t\t\t\t<\/div>\n\t\t\t\t\t<\/div>\n\t\t<\/div>\n\t\t\t\t<div class=\"elementor-column elementor-col-20 elementor-top-column elementor-element elementor-element-2dabdf0\" data-id=\"2dabdf0\" data-element_type=\"column\" data-e-type=\"column\">\n\t\t\t<div class=\"elementor-widget-wrap elementor-element-populated\">\n\t\t\t\t\t\t<div class=\"elementor-element elementor-element-80ce548 elementor-invisible elementor-widget elementor-widget-image\" data-id=\"80ce548\" data-element_type=\"widget\" data-e-type=\"widget\" data-settings=\"{&quot;_animation&quot;:&quot;fadeIn&quot;}\" data-widget_type=\"image.default\">\n\t\t\t\t<div class=\"elementor-widget-container\">\n\t\t\t\t\t\t\t\t\t\t\t\t\t\t\t\t<a href=\"http:\/\/avions.auzeau.fr\/meeting-aeriens\/amiens-2014\/\">\n\t\t\t\t\t\t\t<img loading=\"lazy\" decoding=\"async\" width=\"284\" height=\"400\" src=\"https:\/\/www.auzeau.fr\/avions\/wp-content\/uploads\/Affiches\/Amiens_Glisy_2014.jpg\" class=\"elementor-animation-shrink attachment-large size-large wp-image-220\" alt=\"\" srcset=\"https:\/\/www.auzeau.fr\/avions\/wp-content\/uploads\/Affiches\/Amiens_Glisy_2014.jpg 284w, https:\/\/www.auzeau.fr\/avions\/wp-content\/uploads\/Affiches\/Amiens_Glisy_2014-213x300.jpg 213w\" sizes=\"(max-width: 284px) 100vw, 284px\" \/>\t\t\t\t\t\t\t\t<\/a>\n\t\t\t\t\t\t\t\t\t\t\t\t\t\t\t<\/div>\n\t\t\t\t<\/div>\n\t\t\t\t<div class=\"elementor-element elementor-element-ce2ddfd elementor-widget elementor-widget-text-editor\" data-id=\"ce2ddfd\" data-element_type=\"widget\" data-e-type=\"widget\" data-widget_type=\"text-editor.default\">\n\t\t\t\t<div class=\"elementor-widget-container\">\n\t\t\t\t\t\t\t\t\t<p style=\"text-align: center;\">Meeting A\u00e9rien du Centenaire Amiens-Glisy 2014<\/p>\t\t\t\t\t\t\t\t<\/div>\n\t\t\t\t<\/div>\n\t\t\t\t\t<\/div>\n\t\t<\/div>\n\t\t\t\t<div class=\"elementor-column elementor-col-20 elementor-top-column elementor-element elementor-element-8995387\" data-id=\"8995387\" data-element_type=\"column\" data-e-type=\"column\">\n\t\t\t<div class=\"elementor-widget-wrap elementor-element-populated\">\n\t\t\t\t\t\t<div class=\"elementor-element elementor-element-ec365ed elementor-invisible elementor-widget elementor-widget-image\" data-id=\"ec365ed\" data-element_type=\"widget\" data-e-type=\"widget\" data-settings=\"{&quot;_animation&quot;:&quot;fadeIn&quot;}\" data-widget_type=\"image.default\">\n\t\t\t\t<div class=\"elementor-widget-container\">\n\t\t\t\t\t\t\t\t\t\t\t\t\t\t\t\t<a href=\"http:\/\/avions.auzeau.fr\/meeting-aeriens\/rennes-2014\/\">\n\t\t\t\t\t\t\t<img loading=\"lazy\" decoding=\"async\" width=\"269\" height=\"400\" src=\"https:\/\/www.auzeau.fr\/avions\/wp-content\/uploads\/Affiches\/Rennes_2014.jpg\" class=\"elementor-animation-shrink attachment-large size-large wp-image-217\" alt=\"\" srcset=\"https:\/\/www.auzeau.fr\/avions\/wp-content\/uploads\/Affiches\/Rennes_2014.jpg 269w, https:\/\/www.auzeau.fr\/avions\/wp-content\/uploads\/Affiches\/Rennes_2014-202x300.jpg 202w\" sizes=\"(max-width: 269px) 100vw, 269px\" \/>\t\t\t\t\t\t\t\t<\/a>\n\t\t\t\t\t\t\t\t\t\t\t\t\t\t\t<\/div>\n\t\t\t\t<\/div>\n\t\t\t\t<div class=\"elementor-element elementor-element-1f34c81 elementor-widget elementor-widget-text-editor\" data-id=\"1f34c81\" data-element_type=\"widget\" data-e-type=\"widget\" data-widget_type=\"text-editor.default\">\n\t\t\t\t<div class=\"elementor-widget-container\">\n\t\t\t\t\t\t\t\t\t<p style=\"text-align: center;\">Rennes Airshow Rennes 2014<\/p>\t\t\t\t\t\t\t\t<\/div>\n\t\t\t\t<\/div>\n\t\t\t\t\t<\/div>\n\t\t<\/div>\n\t\t\t\t<div class=\"elementor-column elementor-col-20 elementor-top-column elementor-element elementor-element-c18fa91\" data-id=\"c18fa91\" data-element_type=\"column\" data-e-type=\"column\">\n\t\t\t<div class=\"elementor-widget-wrap elementor-element-populated\">\n\t\t\t\t\t\t<div class=\"elementor-element elementor-element-927d00e elementor-invisible elementor-widget elementor-widget-image\" data-id=\"927d00e\" data-element_type=\"widget\" data-e-type=\"widget\" data-settings=\"{&quot;_animation&quot;:&quot;fadeIn&quot;}\" data-widget_type=\"image.default\">\n\t\t\t\t<div class=\"elementor-widget-container\">\n\t\t\t\t\t\t\t\t\t\t\t\t\t\t\t\t<a href=\"http:\/\/avions.auzeau.fr\/meeting-aeriens\/cholet-2014\/\">\n\t\t\t\t\t\t\t<img loading=\"lazy\" decoding=\"async\" width=\"283\" height=\"400\" src=\"https:\/\/www.auzeau.fr\/avions\/wp-content\/uploads\/Affiches\/Cholet_2014.jpg\" class=\"elementor-animation-shrink attachment-large size-large wp-image-196\" alt=\"\" srcset=\"https:\/\/www.auzeau.fr\/avions\/wp-content\/uploads\/Affiches\/Cholet_2014.jpg 283w, https:\/\/www.auzeau.fr\/avions\/wp-content\/uploads\/Affiches\/Cholet_2014-212x300.jpg 212w\" sizes=\"(max-width: 283px) 100vw, 283px\" \/>\t\t\t\t\t\t\t\t<\/a>\n\t\t\t\t\t\t\t\t\t\t\t\t\t\t\t<\/div>\n\t\t\t\t<\/div>\n\t\t\t\t<div class=\"elementor-element elementor-element-1cf516a elementor-widget elementor-widget-text-editor\" data-id=\"1cf516a\" data-element_type=\"widget\" data-e-type=\"widget\" data-widget_type=\"text-editor.default\">\n\t\t\t\t<div class=\"elementor-widget-container\">\n\t\t\t\t\t\t\t\t\t<p style=\"text-align: center;\">Fou d&#8217;Ailes Cholet-Le Pontreau 2014<\/p>\t\t\t\t\t\t\t\t<\/div>\n\t\t\t\t<\/div>\n\t\t\t\t\t<\/div>\n\t\t<\/div>\n\t\t\t\t<div class=\"elementor-column elementor-col-20 elementor-top-column elementor-element elementor-element-1223186\" data-id=\"1223186\" data-element_type=\"column\" data-e-type=\"column\">\n\t\t\t<div class=\"elementor-widget-wrap elementor-element-populated\">\n\t\t\t\t\t\t<div class=\"elementor-element elementor-element-57ef600 elementor-invisible elementor-widget elementor-widget-image\" data-id=\"57ef600\" data-element_type=\"widget\" data-e-type=\"widget\" data-settings=\"{&quot;_animation&quot;:&quot;fadeIn&quot;}\" data-widget_type=\"image.default\">\n\t\t\t\t<div class=\"elementor-widget-container\">\n\t\t\t\t\t\t\t\t\t\t\t\t\t\t\t\t<a href=\"http:\/\/avions.auzeau.fr\/meeting-aeriens\/tours-2015\/\">\n\t\t\t\t\t\t\t<img loading=\"lazy\" decoding=\"async\" width=\"290\" height=\"400\" src=\"https:\/\/www.auzeau.fr\/avions\/wp-content\/uploads\/Affiches\/Tours_2015.jpg\" class=\"elementor-animation-shrink attachment-large size-large wp-image-218\" alt=\"\" srcset=\"https:\/\/www.auzeau.fr\/avions\/wp-content\/uploads\/Affiches\/Tours_2015.jpg 290w, https:\/\/www.auzeau.fr\/avions\/wp-content\/uploads\/Affiches\/Tours_2015-218x300.jpg 218w\" sizes=\"(max-width: 290px) 100vw, 290px\" \/>\t\t\t\t\t\t\t\t<\/a>\n\t\t\t\t\t\t\t\t\t\t\t\t\t\t\t<\/div>\n\t\t\t\t<\/div>\n\t\t\t\t<div class=\"elementor-element elementor-element-fc85716 elementor-widget elementor-widget-text-editor\" data-id=\"fc85716\" data-element_type=\"widget\" data-e-type=\"widget\" data-widget_type=\"text-editor.default\">\n\t\t\t\t<div class=\"elementor-widget-container\">\n\t\t\t\t\t\t\t\t\t<p style=\"text-align: center;\">Meeting du Centenaire Tours 2015<\/p>\t\t\t\t\t\t\t\t<\/div>\n\t\t\t\t<\/div>\n\t\t\t\t\t<\/div>\n\t\t<\/div>\n\t\t\t\t\t<\/div>\n\t\t<\/section>\n\t\t\t\t<section class=\"elementor-section elementor-top-section elementor-element elementor-element-d9dec1c elementor-section-boxed elementor-section-height-default elementor-section-height-default\" data-id=\"d9dec1c\" data-element_type=\"section\" data-e-type=\"section\">\n\t\t\t\t\t\t<div class=\"elementor-container elementor-column-gap-default\">\n\t\t\t\t\t<div class=\"elementor-column elementor-col-20 elementor-top-column elementor-element elementor-element-e500b44\" data-id=\"e500b44\" data-element_type=\"column\" data-e-type=\"column\">\n\t\t\t<div class=\"elementor-widget-wrap elementor-element-populated\">\n\t\t\t\t\t\t<div class=\"elementor-element elementor-element-eaa8577 elementor-invisible elementor-widget elementor-widget-image\" data-id=\"eaa8577\" data-element_type=\"widget\" data-e-type=\"widget\" data-settings=\"{&quot;_animation&quot;:&quot;fadeIn&quot;}\" data-widget_type=\"image.default\">\n\t\t\t\t<div class=\"elementor-widget-container\">\n\t\t\t\t\t\t\t\t\t\t\t\t\t\t\t\t<a href=\"http:\/\/avions.auzeau.fr\/meeting-aeriens\/valenciennes-2015\/\">\n\t\t\t\t\t\t\t<img loading=\"lazy\" decoding=\"async\" width=\"283\" height=\"400\" src=\"https:\/\/www.auzeau.fr\/avions\/wp-content\/uploads\/Affiches\/Valenciennes_2015.jpg\" class=\"elementor-animation-shrink attachment-large size-large wp-image-216\" alt=\"\" srcset=\"https:\/\/www.auzeau.fr\/avions\/wp-content\/uploads\/Affiches\/Valenciennes_2015.jpg 283w, https:\/\/www.auzeau.fr\/avions\/wp-content\/uploads\/Affiches\/Valenciennes_2015-212x300.jpg 212w\" sizes=\"(max-width: 283px) 100vw, 283px\" \/>\t\t\t\t\t\t\t\t<\/a>\n\t\t\t\t\t\t\t\t\t\t\t\t\t\t\t<\/div>\n\t\t\t\t<\/div>\n\t\t\t\t<div class=\"elementor-element elementor-element-eb53e58 elementor-widget elementor-widget-text-editor\" data-id=\"eb53e58\" data-element_type=\"widget\" data-e-type=\"widget\" data-widget_type=\"text-editor.default\">\n\t\t\t\t<div class=\"elementor-widget-container\">\n\t\t\t\t\t\t\t\t\t<p style=\"text-align: center;\">Meeting A\u00e9rien Valenciennes-Prouvy 2015<\/p>\t\t\t\t\t\t\t\t<\/div>\n\t\t\t\t<\/div>\n\t\t\t\t\t<\/div>\n\t\t<\/div>\n\t\t\t\t<div class=\"elementor-column elementor-col-20 elementor-top-column elementor-element elementor-element-3e1ee79\" data-id=\"3e1ee79\" data-element_type=\"column\" data-e-type=\"column\">\n\t\t\t<div class=\"elementor-widget-wrap elementor-element-populated\">\n\t\t\t\t\t\t<div class=\"elementor-element elementor-element-0c5f35c elementor-invisible elementor-widget elementor-widget-image\" data-id=\"0c5f35c\" data-element_type=\"widget\" data-e-type=\"widget\" data-settings=\"{&quot;_animation&quot;:&quot;fadeIn&quot;}\" data-widget_type=\"image.default\">\n\t\t\t\t<div class=\"elementor-widget-container\">\n\t\t\t\t\t\t\t\t\t\t\t\t\t\t\t\t<a href=\"http:\/\/avions.auzeau.fr\/meeting-aeriens\/cambrai-2015\/\">\n\t\t\t\t\t\t\t<img loading=\"lazy\" decoding=\"async\" width=\"286\" height=\"400\" src=\"https:\/\/www.auzeau.fr\/avions\/wp-content\/uploads\/Affiches\/Cambrai_2015.jpg\" class=\"elementor-animation-shrink attachment-large size-large wp-image-200\" alt=\"\" srcset=\"https:\/\/www.auzeau.fr\/avions\/wp-content\/uploads\/Affiches\/Cambrai_2015.jpg 286w, https:\/\/www.auzeau.fr\/avions\/wp-content\/uploads\/Affiches\/Cambrai_2015-215x300.jpg 215w\" sizes=\"(max-width: 286px) 100vw, 286px\" \/>\t\t\t\t\t\t\t\t<\/a>\n\t\t\t\t\t\t\t\t\t\t\t\t\t\t\t<\/div>\n\t\t\t\t<\/div>\n\t\t\t\t<div class=\"elementor-element elementor-element-0568e06 elementor-widget elementor-widget-text-editor\" data-id=\"0568e06\" data-element_type=\"widget\" data-e-type=\"widget\" data-widget_type=\"text-editor.default\">\n\t\t\t\t<div class=\"elementor-widget-container\">\n\t\t\t\t\t\t\t\t\t<p style=\"text-align: center;\">Meeting A\u00e9rien Cambrai-Niergnies 2015<\/p>\t\t\t\t\t\t\t\t<\/div>\n\t\t\t\t<\/div>\n\t\t\t\t\t<\/div>\n\t\t<\/div>\n\t\t\t\t<div class=\"elementor-column elementor-col-20 elementor-top-column elementor-element elementor-element-1196d6c\" data-id=\"1196d6c\" data-element_type=\"column\" data-e-type=\"column\">\n\t\t\t<div class=\"elementor-widget-wrap elementor-element-populated\">\n\t\t\t\t\t\t<div class=\"elementor-element elementor-element-5cb3fa2 elementor-invisible elementor-widget elementor-widget-image\" data-id=\"5cb3fa2\" data-element_type=\"widget\" data-e-type=\"widget\" data-settings=\"{&quot;_animation&quot;:&quot;fadeIn&quot;}\" data-widget_type=\"image.default\">\n\t\t\t\t<div class=\"elementor-widget-container\">\n\t\t\t\t\t\t\t\t\t\t\t\t\t\t\t\t<a href=\"http:\/\/avions.auzeau.fr\/meeting-aeriens\/les-mureaux-2015\/\">\n\t\t\t\t\t\t\t<img loading=\"lazy\" decoding=\"async\" width=\"283\" height=\"400\" src=\"https:\/\/www.auzeau.fr\/avions\/wp-content\/uploads\/Affiches\/Les_Mureaux_2015.jpg\" class=\"elementor-animation-shrink attachment-large size-large wp-image-213\" alt=\"\" srcset=\"https:\/\/www.auzeau.fr\/avions\/wp-content\/uploads\/Affiches\/Les_Mureaux_2015.jpg 283w, https:\/\/www.auzeau.fr\/avions\/wp-content\/uploads\/Affiches\/Les_Mureaux_2015-212x300.jpg 212w\" sizes=\"(max-width: 283px) 100vw, 283px\" \/>\t\t\t\t\t\t\t\t<\/a>\n\t\t\t\t\t\t\t\t\t\t\t\t\t\t\t<\/div>\n\t\t\t\t<\/div>\n\t\t\t\t<div class=\"elementor-element elementor-element-a60505b elementor-widget elementor-widget-text-editor\" data-id=\"a60505b\" data-element_type=\"widget\" data-e-type=\"widget\" data-widget_type=\"text-editor.default\">\n\t\t\t\t<div class=\"elementor-widget-container\">\n\t\t\t\t\t\t\t\t\t<p style=\"text-align: center;\">F\u00eate de l&#8217;Air Les-Mureaux-Verneuil 2015<\/p>\t\t\t\t\t\t\t\t<\/div>\n\t\t\t\t<\/div>\n\t\t\t\t\t<\/div>\n\t\t<\/div>\n\t\t\t\t<div class=\"elementor-column elementor-col-20 elementor-top-column elementor-element elementor-element-33081c9\" data-id=\"33081c9\" data-element_type=\"column\" data-e-type=\"column\">\n\t\t\t<div class=\"elementor-widget-wrap elementor-element-populated\">\n\t\t\t\t\t\t<div class=\"elementor-element elementor-element-62051f8 elementor-invisible elementor-widget elementor-widget-image\" data-id=\"62051f8\" data-element_type=\"widget\" data-e-type=\"widget\" data-settings=\"{&quot;_animation&quot;:&quot;fadeIn&quot;}\" data-widget_type=\"image.default\">\n\t\t\t\t<div class=\"elementor-widget-container\">\n\t\t\t\t\t\t\t\t\t\t\t\t\t\t\t\t<a href=\"http:\/\/avions.auzeau.fr\/meeting-aeriens\/lens-2015\/\">\n\t\t\t\t\t\t\t<img loading=\"lazy\" decoding=\"async\" width=\"298\" height=\"400\" src=\"https:\/\/www.auzeau.fr\/avions\/wp-content\/uploads\/Affiches\/Lens_2015.jpg\" class=\"elementor-animation-shrink attachment-large size-large wp-image-198\" alt=\"\" srcset=\"https:\/\/www.auzeau.fr\/avions\/wp-content\/uploads\/Affiches\/Lens_2015.jpg 298w, https:\/\/www.auzeau.fr\/avions\/wp-content\/uploads\/Affiches\/Lens_2015-224x300.jpg 224w\" sizes=\"(max-width: 298px) 100vw, 298px\" \/>\t\t\t\t\t\t\t\t<\/a>\n\t\t\t\t\t\t\t\t\t\t\t\t\t\t\t<\/div>\n\t\t\t\t<\/div>\n\t\t\t\t<div class=\"elementor-element elementor-element-5ab327f elementor-widget elementor-widget-text-editor\" data-id=\"5ab327f\" data-element_type=\"widget\" data-e-type=\"widget\" data-widget_type=\"text-editor.default\">\n\t\t\t\t<div class=\"elementor-widget-container\">\n\t\t\t\t\t\t\t\t\t<p style=\"text-align: center;\">Meeting A\u00e9rien Lens-B\u00e9nifontaine 2015<\/p>\t\t\t\t\t\t\t\t<\/div>\n\t\t\t\t<\/div>\n\t\t\t\t\t<\/div>\n\t\t<\/div>\n\t\t\t\t<div class=\"elementor-column elementor-col-20 elementor-top-column elementor-element elementor-element-ad17523\" data-id=\"ad17523\" data-element_type=\"column\" data-e-type=\"column\">\n\t\t\t<div class=\"elementor-widget-wrap elementor-element-populated\">\n\t\t\t\t\t\t<div class=\"elementor-element elementor-element-5220256 elementor-invisible elementor-widget elementor-widget-image\" data-id=\"5220256\" data-element_type=\"widget\" data-e-type=\"widget\" data-settings=\"{&quot;_animation&quot;:&quot;fadeIn&quot;}\" data-widget_type=\"image.default\">\n\t\t\t\t<div class=\"elementor-widget-container\">\n\t\t\t\t\t\t\t\t\t\t\t\t\t\t\t\t<a href=\"http:\/\/avions.auzeau.fr\/meeting-aeriens\/creil-2016\/\">\n\t\t\t\t\t\t\t<img loading=\"lazy\" decoding=\"async\" width=\"288\" height=\"400\" src=\"https:\/\/www.auzeau.fr\/avions\/wp-content\/uploads\/Affiches\/Creil_2016.jpg\" class=\"elementor-animation-shrink attachment-large size-large wp-image-192\" alt=\"\" srcset=\"https:\/\/www.auzeau.fr\/avions\/wp-content\/uploads\/Affiches\/Creil_2016.jpg 288w, https:\/\/www.auzeau.fr\/avions\/wp-content\/uploads\/Affiches\/Creil_2016-216x300.jpg 216w\" sizes=\"(max-width: 288px) 100vw, 288px\" \/>\t\t\t\t\t\t\t\t<\/a>\n\t\t\t\t\t\t\t\t\t\t\t\t\t\t\t<\/div>\n\t\t\t\t<\/div>\n\t\t\t\t<div class=\"elementor-element elementor-element-ad3e63d elementor-widget elementor-widget-text-editor\" data-id=\"ad3e63d\" data-element_type=\"widget\" data-e-type=\"widget\" data-widget_type=\"text-editor.default\">\n\t\t\t\t<div class=\"elementor-widget-container\">\n\t\t\t\t\t\t\t\t\t<p style=\"text-align: center;\">Meeting du Centenaire Creil 2016<\/p>\t\t\t\t\t\t\t\t<\/div>\n\t\t\t\t<\/div>\n\t\t\t\t\t<\/div>\n\t\t<\/div>\n\t\t\t\t\t<\/div>\n\t\t<\/section>\n\t\t\t\t<section class=\"elementor-section elementor-top-section elementor-element elementor-element-e343d22 elementor-section-boxed elementor-section-height-default elementor-section-height-default\" data-id=\"e343d22\" data-element_type=\"section\" data-e-type=\"section\">\n\t\t\t\t\t\t<div class=\"elementor-container elementor-column-gap-default\">\n\t\t\t\t\t<div class=\"elementor-column elementor-col-20 elementor-top-column elementor-element elementor-element-2749bf3\" data-id=\"2749bf3\" data-element_type=\"column\" data-e-type=\"column\">\n\t\t\t<div class=\"elementor-widget-wrap elementor-element-populated\">\n\t\t\t\t\t\t<div class=\"elementor-element elementor-element-607ce8b elementor-invisible elementor-widget elementor-widget-image\" data-id=\"607ce8b\" data-element_type=\"widget\" data-e-type=\"widget\" data-settings=\"{&quot;_animation&quot;:&quot;fadeIn&quot;}\" data-widget_type=\"image.default\">\n\t\t\t\t<div class=\"elementor-widget-container\">\n\t\t\t\t\t\t\t\t\t\t\t\t\t\t\t\t<a href=\"http:\/\/avions.auzeau.fr\/meeting-aeriens\/compiegne-2016\/\">\n\t\t\t\t\t\t\t<img loading=\"lazy\" decoding=\"async\" width=\"286\" height=\"400\" src=\"https:\/\/www.auzeau.fr\/avions\/wp-content\/uploads\/Affiches\/Compiegne_2016.jpg\" class=\"elementor-animation-shrink attachment-large size-large wp-image-209\" alt=\"\" srcset=\"https:\/\/www.auzeau.fr\/avions\/wp-content\/uploads\/Affiches\/Compiegne_2016.jpg 286w, https:\/\/www.auzeau.fr\/avions\/wp-content\/uploads\/Affiches\/Compiegne_2016-215x300.jpg 215w\" sizes=\"(max-width: 286px) 100vw, 286px\" \/>\t\t\t\t\t\t\t\t<\/a>\n\t\t\t\t\t\t\t\t\t\t\t\t\t\t\t<\/div>\n\t\t\t\t<\/div>\n\t\t\t\t<div class=\"elementor-element elementor-element-5e617e2 elementor-widget elementor-widget-text-editor\" data-id=\"5e617e2\" data-element_type=\"widget\" data-e-type=\"widget\" data-widget_type=\"text-editor.default\">\n\t\t\t\t<div class=\"elementor-widget-container\">\n\t\t\t\t\t\t\t\t\t<p style=\"text-align: center;\">Meeting A\u00e9rien Compi\u00e8gne-Margny 2016<\/p>\t\t\t\t\t\t\t\t<\/div>\n\t\t\t\t<\/div>\n\t\t\t\t\t<\/div>\n\t\t<\/div>\n\t\t\t\t<div class=\"elementor-column elementor-col-20 elementor-top-column elementor-element elementor-element-5ab3b0c\" data-id=\"5ab3b0c\" data-element_type=\"column\" data-e-type=\"column\">\n\t\t\t<div class=\"elementor-widget-wrap elementor-element-populated\">\n\t\t\t\t\t\t<div class=\"elementor-element elementor-element-8d2f1b5 elementor-invisible elementor-widget elementor-widget-image\" data-id=\"8d2f1b5\" data-element_type=\"widget\" data-e-type=\"widget\" data-settings=\"{&quot;_animation&quot;:&quot;fadeIn&quot;}\" data-widget_type=\"image.default\">\n\t\t\t\t<div class=\"elementor-widget-container\">\n\t\t\t\t\t\t\t\t\t\t\t\t\t\t\t\t<a href=\"http:\/\/avions.auzeau.fr\/meeting-aeriens\/florennes-2016\/\">\n\t\t\t\t\t\t\t<img loading=\"lazy\" decoding=\"async\" width=\"292\" height=\"400\" src=\"https:\/\/www.auzeau.fr\/avions\/wp-content\/uploads\/Affiches\/Florennes_2016.jpg\" class=\"elementor-animation-shrink attachment-large size-large wp-image-571\" alt=\"\" srcset=\"https:\/\/www.auzeau.fr\/avions\/wp-content\/uploads\/Affiches\/Florennes_2016.jpg 292w, https:\/\/www.auzeau.fr\/avions\/wp-content\/uploads\/Affiches\/Florennes_2016-219x300.jpg 219w\" sizes=\"(max-width: 292px) 100vw, 292px\" \/>\t\t\t\t\t\t\t\t<\/a>\n\t\t\t\t\t\t\t\t\t\t\t\t\t\t\t<\/div>\n\t\t\t\t<\/div>\n\t\t\t\t<div class=\"elementor-element elementor-element-946ca28 elementor-widget elementor-widget-text-editor\" data-id=\"946ca28\" data-element_type=\"widget\" data-e-type=\"widget\" data-widget_type=\"text-editor.default\">\n\t\t\t\t<div class=\"elementor-widget-container\">\n\t\t\t\t\t\t\t\t\t<p style=\"text-align: center;\">Belgian Air Force Days Florennes 2016<\/p>\t\t\t\t\t\t\t\t<\/div>\n\t\t\t\t<\/div>\n\t\t\t\t\t<\/div>\n\t\t<\/div>\n\t\t\t\t<div class=\"elementor-column elementor-col-20 elementor-top-column elementor-element elementor-element-92b80cc\" data-id=\"92b80cc\" data-element_type=\"column\" data-e-type=\"column\">\n\t\t\t<div class=\"elementor-widget-wrap elementor-element-populated\">\n\t\t\t\t\t\t<div class=\"elementor-element elementor-element-226023e elementor-invisible elementor-widget elementor-widget-image\" data-id=\"226023e\" data-element_type=\"widget\" data-e-type=\"widget\" data-settings=\"{&quot;_animation&quot;:&quot;fadeIn&quot;}\" data-widget_type=\"image.default\">\n\t\t\t\t<div class=\"elementor-widget-container\">\n\t\t\t\t\t\t\t\t\t\t\t\t\t\t\t\t<a href=\"http:\/\/avions.auzeau.fr\/meeting-aeriens\/habsheim-2016\/\">\n\t\t\t\t\t\t\t<img loading=\"lazy\" decoding=\"async\" width=\"311\" height=\"400\" src=\"https:\/\/www.auzeau.fr\/avions\/wp-content\/uploads\/Affiches\/Mulhouse_2016.jpg\" class=\"elementor-animation-shrink attachment-large size-large wp-image-219\" alt=\"\" srcset=\"https:\/\/www.auzeau.fr\/avions\/wp-content\/uploads\/Affiches\/Mulhouse_2016.jpg 311w, https:\/\/www.auzeau.fr\/avions\/wp-content\/uploads\/Affiches\/Mulhouse_2016-233x300.jpg 233w\" sizes=\"(max-width: 311px) 100vw, 311px\" \/>\t\t\t\t\t\t\t\t<\/a>\n\t\t\t\t\t\t\t\t\t\t\t\t\t\t\t<\/div>\n\t\t\t\t<\/div>\n\t\t\t\t<div class=\"elementor-element elementor-element-aefd396 elementor-widget elementor-widget-text-editor\" data-id=\"aefd396\" data-element_type=\"widget\" data-e-type=\"widget\" data-widget_type=\"text-editor.default\">\n\t\t\t\t<div class=\"elementor-widget-container\">\n\t\t\t\t\t\t\t\t\t<p style=\"text-align: center;\">Air Show Rixheim-Habsheim 2016<\/p>\t\t\t\t\t\t\t\t<\/div>\n\t\t\t\t<\/div>\n\t\t\t\t\t<\/div>\n\t\t<\/div>\n\t\t\t\t<div class=\"elementor-column elementor-col-20 elementor-top-column elementor-element elementor-element-7c54fe5\" data-id=\"7c54fe5\" data-element_type=\"column\" data-e-type=\"column\">\n\t\t\t<div class=\"elementor-widget-wrap elementor-element-populated\">\n\t\t\t\t\t\t<div class=\"elementor-element elementor-element-456c3a2 elementor-invisible elementor-widget elementor-widget-image\" data-id=\"456c3a2\" data-element_type=\"widget\" data-e-type=\"widget\" data-settings=\"{&quot;_animation&quot;:&quot;fadeIn&quot;}\" data-widget_type=\"image.default\">\n\t\t\t\t<div class=\"elementor-widget-container\">\n\t\t\t\t\t\t\t\t\t\t\t\t\t\t\t\t<a href=\"http:\/\/avions.auzeau.fr\/meeting-aeriens\/compiegne-2017\/\">\n\t\t\t\t\t\t\t<img loading=\"lazy\" decoding=\"async\" width=\"282\" height=\"400\" src=\"https:\/\/www.auzeau.fr\/avions\/wp-content\/uploads\/Affiches\/Compiegne2017.jpg\" class=\"elementor-animation-shrink attachment-large size-large wp-image-197\" alt=\"\" srcset=\"https:\/\/www.auzeau.fr\/avions\/wp-content\/uploads\/Affiches\/Compiegne2017.jpg 282w, https:\/\/www.auzeau.fr\/avions\/wp-content\/uploads\/Affiches\/Compiegne2017-212x300.jpg 212w\" sizes=\"(max-width: 282px) 100vw, 282px\" \/>\t\t\t\t\t\t\t\t<\/a>\n\t\t\t\t\t\t\t\t\t\t\t\t\t\t\t<\/div>\n\t\t\t\t<\/div>\n\t\t\t\t<div class=\"elementor-element elementor-element-5fbde64 elementor-widget elementor-widget-text-editor\" data-id=\"5fbde64\" data-element_type=\"widget\" data-e-type=\"widget\" data-widget_type=\"text-editor.default\">\n\t\t\t\t<div class=\"elementor-widget-container\">\n\t\t\t\t\t\t\t\t\t<p style=\"text-align: center;\">Meeting A\u00e9rien Compi\u00e8gne-Margny 2017<\/p>\t\t\t\t\t\t\t\t<\/div>\n\t\t\t\t<\/div>\n\t\t\t\t\t<\/div>\n\t\t<\/div>\n\t\t\t\t<div class=\"elementor-column elementor-col-20 elementor-top-column elementor-element elementor-element-9f286c6\" data-id=\"9f286c6\" data-element_type=\"column\" data-e-type=\"column\">\n\t\t\t<div class=\"elementor-widget-wrap elementor-element-populated\">\n\t\t\t\t\t\t<div class=\"elementor-element elementor-element-fde53da elementor-invisible elementor-widget elementor-widget-image\" data-id=\"fde53da\" data-element_type=\"widget\" data-e-type=\"widget\" data-settings=\"{&quot;_animation&quot;:&quot;fadeIn&quot;}\" data-widget_type=\"image.default\">\n\t\t\t\t<div class=\"elementor-widget-container\">\n\t\t\t\t\t\t\t\t\t\t\t\t\t\t\t\t<a href=\"http:\/\/avions.auzeau.fr\/meeting-aeriens\/albert-2017\/\">\n\t\t\t\t\t\t\t<img loading=\"lazy\" decoding=\"async\" width=\"283\" height=\"400\" src=\"https:\/\/www.auzeau.fr\/avions\/wp-content\/uploads\/Affiches\/Albert.jpg\" class=\"elementor-animation-shrink attachment-large size-large wp-image-214\" alt=\"\" srcset=\"https:\/\/www.auzeau.fr\/avions\/wp-content\/uploads\/Affiches\/Albert.jpg 283w, https:\/\/www.auzeau.fr\/avions\/wp-content\/uploads\/Affiches\/Albert-212x300.jpg 212w\" sizes=\"(max-width: 283px) 100vw, 283px\" \/>\t\t\t\t\t\t\t\t<\/a>\n\t\t\t\t\t\t\t\t\t\t\t\t\t\t\t<\/div>\n\t\t\t\t<\/div>\n\t\t\t\t<div class=\"elementor-element elementor-element-6a11ea5 elementor-widget elementor-widget-text-editor\" data-id=\"6a11ea5\" data-element_type=\"widget\" data-e-type=\"widget\" data-widget_type=\"text-editor.default\">\n\t\t\t\t<div class=\"elementor-widget-container\">\n\t\t\t\t\t\t\t\t\t<p style=\"text-align: center;\">Meeting A\u00e9rien Albert 2017<\/p>\t\t\t\t\t\t\t\t<\/div>\n\t\t\t\t<\/div>\n\t\t\t\t\t<\/div>\n\t\t<\/div>\n\t\t\t\t\t<\/div>\n\t\t<\/section>\n\t\t\t\t<section class=\"elementor-section elementor-top-section elementor-element elementor-element-5936d54 elementor-section-boxed elementor-section-height-default elementor-section-height-default\" data-id=\"5936d54\" data-element_type=\"section\" data-e-type=\"section\">\n\t\t\t\t\t\t<div class=\"elementor-container elementor-column-gap-default\">\n\t\t\t\t\t<div class=\"elementor-column elementor-col-20 elementor-top-column elementor-element elementor-element-ea2d874\" data-id=\"ea2d874\" data-element_type=\"column\" data-e-type=\"column\">\n\t\t\t<div class=\"elementor-widget-wrap elementor-element-populated\">\n\t\t\t\t\t\t<div class=\"elementor-element elementor-element-3a43a87 elementor-invisible elementor-widget elementor-widget-image\" data-id=\"3a43a87\" data-element_type=\"widget\" data-e-type=\"widget\" data-settings=\"{&quot;_animation&quot;:&quot;fadeIn&quot;}\" data-widget_type=\"image.default\">\n\t\t\t\t<div class=\"elementor-widget-container\">\n\t\t\t\t\t\t\t\t\t\t\t\t\t\t\t\t<a href=\"http:\/\/avions.auzeau.fr\/meeting-aeriens\/les-mureaux-2017\/\">\n\t\t\t\t\t\t\t<img loading=\"lazy\" decoding=\"async\" width=\"283\" height=\"400\" src=\"https:\/\/www.auzeau.fr\/avions\/wp-content\/uploads\/Affiches\/Les-Mureaux_2017.jpg\" class=\"elementor-animation-shrink attachment-large size-large wp-image-206\" alt=\"\" srcset=\"https:\/\/www.auzeau.fr\/avions\/wp-content\/uploads\/Affiches\/Les-Mureaux_2017.jpg 283w, https:\/\/www.auzeau.fr\/avions\/wp-content\/uploads\/Affiches\/Les-Mureaux_2017-212x300.jpg 212w\" sizes=\"(max-width: 283px) 100vw, 283px\" \/>\t\t\t\t\t\t\t\t<\/a>\n\t\t\t\t\t\t\t\t\t\t\t\t\t\t\t<\/div>\n\t\t\t\t<\/div>\n\t\t\t\t<div class=\"elementor-element elementor-element-1a0f5cb elementor-widget elementor-widget-text-editor\" data-id=\"1a0f5cb\" data-element_type=\"widget\" data-e-type=\"widget\" data-widget_type=\"text-editor.default\">\n\t\t\t\t<div class=\"elementor-widget-container\">\n\t\t\t\t\t\t\t\t\t<p style=\"text-align: center;\">F\u00eate de l&#8217;Air Les Mureaux-Verneuil 2017<\/p>\t\t\t\t\t\t\t\t<\/div>\n\t\t\t\t<\/div>\n\t\t\t\t\t<\/div>\n\t\t<\/div>\n\t\t\t\t<div class=\"elementor-column elementor-col-20 elementor-top-column elementor-element elementor-element-187b907\" data-id=\"187b907\" data-element_type=\"column\" data-e-type=\"column\">\n\t\t\t<div class=\"elementor-widget-wrap elementor-element-populated\">\n\t\t\t\t\t\t<div class=\"elementor-element elementor-element-5202574 elementor-invisible elementor-widget elementor-widget-image\" data-id=\"5202574\" data-element_type=\"widget\" data-e-type=\"widget\" data-settings=\"{&quot;_animation&quot;:&quot;fadeIn&quot;}\" data-widget_type=\"image.default\">\n\t\t\t\t<div class=\"elementor-widget-container\">\n\t\t\t\t\t\t\t\t\t\t\t\t\t\t\t\t<a href=\"http:\/\/avions.auzeau.fr\/meeting-aeriens\/laval-2017\/\">\n\t\t\t\t\t\t\t<img loading=\"lazy\" decoding=\"async\" width=\"283\" height=\"400\" src=\"https:\/\/www.auzeau.fr\/avions\/wp-content\/uploads\/Affiches\/Laval_2017.jpg\" class=\"elementor-animation-shrink attachment-large size-large wp-image-210\" alt=\"\" srcset=\"https:\/\/www.auzeau.fr\/avions\/wp-content\/uploads\/Affiches\/Laval_2017.jpg 283w, https:\/\/www.auzeau.fr\/avions\/wp-content\/uploads\/Affiches\/Laval_2017-212x300.jpg 212w\" sizes=\"(max-width: 283px) 100vw, 283px\" \/>\t\t\t\t\t\t\t\t<\/a>\n\t\t\t\t\t\t\t\t\t\t\t\t\t\t\t<\/div>\n\t\t\t\t<\/div>\n\t\t\t\t<div class=\"elementor-element elementor-element-f7fb049 elementor-widget elementor-widget-text-editor\" data-id=\"f7fb049\" data-element_type=\"widget\" data-e-type=\"widget\" data-widget_type=\"text-editor.default\">\n\t\t\t\t<div class=\"elementor-widget-container\">\n\t\t\t\t\t\t\t\t\t<p style=\"text-align: center;\">Meeting A\u00e9rien Laval-Entrammes 2017<\/p>\t\t\t\t\t\t\t\t<\/div>\n\t\t\t\t<\/div>\n\t\t\t\t\t<\/div>\n\t\t<\/div>\n\t\t\t\t<div class=\"elementor-column elementor-col-20 elementor-top-column elementor-element elementor-element-ecd200a\" data-id=\"ecd200a\" data-element_type=\"column\" data-e-type=\"column\">\n\t\t\t<div class=\"elementor-widget-wrap elementor-element-populated\">\n\t\t\t\t\t\t<div class=\"elementor-element elementor-element-c4311b5 elementor-invisible elementor-widget elementor-widget-image\" data-id=\"c4311b5\" data-element_type=\"widget\" data-e-type=\"widget\" data-settings=\"{&quot;_animation&quot;:&quot;fadeIn&quot;}\" data-widget_type=\"image.default\">\n\t\t\t\t<div class=\"elementor-widget-container\">\n\t\t\t\t\t\t\t\t\t\t\t\t\t\t\t\t<a href=\"http:\/\/avions.auzeau.fr\/meeting-aeriens\/le-bourget-2018\/\">\n\t\t\t\t\t\t\t<img loading=\"lazy\" decoding=\"async\" width=\"285\" height=\"400\" src=\"https:\/\/www.auzeau.fr\/avions\/wp-content\/uploads\/Affiches\/Le-Bourget-2018.jpg\" class=\"elementor-animation-shrink attachment-large size-large wp-image-572\" alt=\"\" srcset=\"https:\/\/www.auzeau.fr\/avions\/wp-content\/uploads\/Affiches\/Le-Bourget-2018.jpg 285w, https:\/\/www.auzeau.fr\/avions\/wp-content\/uploads\/Affiches\/Le-Bourget-2018-214x300.jpg 214w\" sizes=\"(max-width: 285px) 100vw, 285px\" \/>\t\t\t\t\t\t\t\t<\/a>\n\t\t\t\t\t\t\t\t\t\t\t\t\t\t\t<\/div>\n\t\t\t\t<\/div>\n\t\t\t\t<div class=\"elementor-element elementor-element-0beb221 elementor-widget elementor-widget-text-editor\" data-id=\"0beb221\" data-element_type=\"widget\" data-e-type=\"widget\" data-widget_type=\"text-editor.default\">\n\t\t\t\t<div class=\"elementor-widget-container\">\n\t\t\t\t\t\t\t\t\t<p style=\"text-align: center;\">Meeting A\u00e9rien Le Bourget 2018<\/p>\t\t\t\t\t\t\t\t<\/div>\n\t\t\t\t<\/div>\n\t\t\t\t\t<\/div>\n\t\t<\/div>\n\t\t\t\t<div class=\"elementor-column elementor-col-20 elementor-top-column elementor-element elementor-element-9041364\" data-id=\"9041364\" data-element_type=\"column\" data-e-type=\"column\">\n\t\t\t<div class=\"elementor-widget-wrap elementor-element-populated\">\n\t\t\t\t\t\t<div class=\"elementor-element elementor-element-99cc7b7 elementor-invisible elementor-widget elementor-widget-image\" data-id=\"99cc7b7\" data-element_type=\"widget\" data-e-type=\"widget\" data-settings=\"{&quot;_animation&quot;:&quot;fadeIn&quot;}\" data-widget_type=\"image.default\">\n\t\t\t\t<div class=\"elementor-widget-container\">\n\t\t\t\t\t\t\t\t\t\t\t\t\t\t\t\t<a href=\"http:\/\/avions.auzeau.fr\/meeting-aeriens\/compiegne-2018\/\">\n\t\t\t\t\t\t\t<img loading=\"lazy\" decoding=\"async\" width=\"283\" height=\"400\" src=\"https:\/\/www.auzeau.fr\/avions\/wp-content\/uploads\/Affiches\/Compiegne-2018.jpg\" class=\"elementor-animation-shrink attachment-large size-large wp-image-573\" alt=\"\" srcset=\"https:\/\/www.auzeau.fr\/avions\/wp-content\/uploads\/Affiches\/Compiegne-2018.jpg 283w, https:\/\/www.auzeau.fr\/avions\/wp-content\/uploads\/Affiches\/Compiegne-2018-212x300.jpg 212w\" sizes=\"(max-width: 283px) 100vw, 283px\" \/>\t\t\t\t\t\t\t\t<\/a>\n\t\t\t\t\t\t\t\t\t\t\t\t\t\t\t<\/div>\n\t\t\t\t<\/div>\n\t\t\t\t<div class=\"elementor-element elementor-element-282beb7 elementor-widget elementor-widget-text-editor\" data-id=\"282beb7\" data-element_type=\"widget\" data-e-type=\"widget\" data-widget_type=\"text-editor.default\">\n\t\t\t\t<div class=\"elementor-widget-container\">\n\t\t\t\t\t\t\t\t\t<p style=\"text-align: center;\">Meeting A\u00e9rien Compi\u00e8gne-Margny 2018<\/p>\t\t\t\t\t\t\t\t<\/div>\n\t\t\t\t<\/div>\n\t\t\t\t\t<\/div>\n\t\t<\/div>\n\t\t\t\t<div class=\"elementor-column elementor-col-20 elementor-top-column elementor-element elementor-element-4490618\" data-id=\"4490618\" data-element_type=\"column\" data-e-type=\"column\">\n\t\t\t<div class=\"elementor-widget-wrap elementor-element-populated\">\n\t\t\t\t\t\t<div class=\"elementor-element elementor-element-d690706 elementor-invisible elementor-widget elementor-widget-image\" data-id=\"d690706\" data-element_type=\"widget\" data-e-type=\"widget\" data-settings=\"{&quot;_animation&quot;:&quot;fadeIn&quot;}\" data-widget_type=\"image.default\">\n\t\t\t\t<div class=\"elementor-widget-container\">\n\t\t\t\t\t\t\t\t\t\t\t\t\t\t\t\t<a href=\"http:\/\/avions.auzeau.fr\/meeting-aeriens\/evreux-2018\/\">\n\t\t\t\t\t\t\t<img loading=\"lazy\" decoding=\"async\" width=\"314\" height=\"400\" src=\"https:\/\/www.auzeau.fr\/avions\/wp-content\/uploads\/Affiches\/Evreux-2018.jpg\" class=\"elementor-animation-shrink attachment-large size-large wp-image-574\" alt=\"\" srcset=\"https:\/\/www.auzeau.fr\/avions\/wp-content\/uploads\/Affiches\/Evreux-2018.jpg 314w, https:\/\/www.auzeau.fr\/avions\/wp-content\/uploads\/Affiches\/Evreux-2018-236x300.jpg 236w\" sizes=\"(max-width: 314px) 100vw, 314px\" \/>\t\t\t\t\t\t\t\t<\/a>\n\t\t\t\t\t\t\t\t\t\t\t\t\t\t\t<\/div>\n\t\t\t\t<\/div>\n\t\t\t\t<div class=\"elementor-element elementor-element-528d6a4 elementor-widget elementor-widget-text-editor\" data-id=\"528d6a4\" data-element_type=\"widget\" data-e-type=\"widget\" data-widget_type=\"text-editor.default\">\n\t\t\t\t<div class=\"elementor-widget-container\">\n\t\t\t\t\t\t\t\t\t<p style=\"text-align: center;\">Meeting de l&#8217;Air BA105 \u00c9vreux 2018<\/p>\t\t\t\t\t\t\t\t<\/div>\n\t\t\t\t<\/div>\n\t\t\t\t\t<\/div>\n\t\t<\/div>\n\t\t\t\t\t<\/div>\n\t\t<\/section>\n\t\t\t\t<section class=\"elementor-section elementor-top-section elementor-element elementor-element-24982b6 elementor-section-boxed elementor-section-height-default elementor-section-height-default\" data-id=\"24982b6\" data-element_type=\"section\" data-e-type=\"section\">\n\t\t\t\t\t\t<div class=\"elementor-container elementor-column-gap-default\">\n\t\t\t\t\t<div class=\"elementor-column elementor-col-20 elementor-top-column elementor-element elementor-element-f525026\" data-id=\"f525026\" data-element_type=\"column\" data-e-type=\"column\">\n\t\t\t<div class=\"elementor-widget-wrap elementor-element-populated\">\n\t\t\t\t\t\t<div class=\"elementor-element elementor-element-032e5e4 elementor-invisible elementor-widget elementor-widget-image\" data-id=\"032e5e4\" data-element_type=\"widget\" data-e-type=\"widget\" data-settings=\"{&quot;_animation&quot;:&quot;fadeIn&quot;}\" data-widget_type=\"image.default\">\n\t\t\t\t<div class=\"elementor-widget-container\">\n\t\t\t\t\t\t\t\t\t\t\t\t\t\t\t\t<a href=\"http:\/\/avions.auzeau.fr\/meeting-aeriens\/paris-villaroche-2018\/\">\n\t\t\t\t\t\t\t<img loading=\"lazy\" decoding=\"async\" width=\"270\" height=\"400\" src=\"https:\/\/www.auzeau.fr\/avions\/wp-content\/uploads\/Affiches\/Melun-2018.jpg\" class=\"elementor-animation-shrink attachment-large size-large wp-image-3647\" alt=\"\" srcset=\"https:\/\/www.auzeau.fr\/avions\/wp-content\/uploads\/Affiches\/Melun-2018.jpg 270w, https:\/\/www.auzeau.fr\/avions\/wp-content\/uploads\/Affiches\/Melun-2018-203x300.jpg 203w\" sizes=\"(max-width: 270px) 100vw, 270px\" \/>\t\t\t\t\t\t\t\t<\/a>\n\t\t\t\t\t\t\t\t\t\t\t\t\t\t\t<\/div>\n\t\t\t\t<\/div>\n\t\t\t\t<div class=\"elementor-element elementor-element-c3f7016 elementor-widget elementor-widget-text-editor\" data-id=\"c3f7016\" data-element_type=\"widget\" data-e-type=\"widget\" data-widget_type=\"text-editor.default\">\n\t\t\t\t<div class=\"elementor-widget-container\">\n\t\t\t\t\t\t\t\t\t<p style=\"text-align: center;\">Air Legend Paris-Villaroche 2018<\/p>\t\t\t\t\t\t\t\t<\/div>\n\t\t\t\t<\/div>\n\t\t\t\t\t<\/div>\n\t\t<\/div>\n\t\t\t\t<div class=\"elementor-column elementor-col-20 elementor-top-column elementor-element elementor-element-2a4f168\" data-id=\"2a4f168\" data-element_type=\"column\" data-e-type=\"column\">\n\t\t\t<div class=\"elementor-widget-wrap elementor-element-populated\">\n\t\t\t\t\t\t<div class=\"elementor-element elementor-element-92aa0a6 elementor-invisible elementor-widget elementor-widget-image\" data-id=\"92aa0a6\" data-element_type=\"widget\" data-e-type=\"widget\" data-settings=\"{&quot;_animation&quot;:&quot;fadeIn&quot;}\" data-widget_type=\"image.default\">\n\t\t\t\t<div class=\"elementor-widget-container\">\n\t\t\t\t\t\t\t\t\t\t\t\t\t\t\t\t<a href=\"http:\/\/avions.auzeau.fr\/meeting-aeriens\/cholet-2018\/\">\n\t\t\t\t\t\t\t<img loading=\"lazy\" decoding=\"async\" width=\"271\" height=\"400\" src=\"https:\/\/www.auzeau.fr\/avions\/wp-content\/uploads\/Affiches\/Cholet-2018.jpg\" class=\"elementor-animation-shrink attachment-large size-large wp-image-3648\" alt=\"\" srcset=\"https:\/\/www.auzeau.fr\/avions\/wp-content\/uploads\/Affiches\/Cholet-2018.jpg 271w, https:\/\/www.auzeau.fr\/avions\/wp-content\/uploads\/Affiches\/Cholet-2018-203x300.jpg 203w\" sizes=\"(max-width: 271px) 100vw, 271px\" \/>\t\t\t\t\t\t\t\t<\/a>\n\t\t\t\t\t\t\t\t\t\t\t\t\t\t\t<\/div>\n\t\t\t\t<\/div>\n\t\t\t\t<div class=\"elementor-element elementor-element-2481495 elementor-widget elementor-widget-text-editor\" data-id=\"2481495\" data-element_type=\"widget\" data-e-type=\"widget\" data-widget_type=\"text-editor.default\">\n\t\t\t\t<div class=\"elementor-widget-container\">\n\t\t\t\t\t\t\t\t\t<p style=\"text-align: center;\">Fou d&#8217;Ailes Cholet Le Pontreau 2018<\/p>\t\t\t\t\t\t\t\t<\/div>\n\t\t\t\t<\/div>\n\t\t\t\t\t<\/div>\n\t\t<\/div>\n\t\t\t\t<div class=\"elementor-column elementor-col-20 elementor-top-column elementor-element elementor-element-fa6dbac\" data-id=\"fa6dbac\" data-element_type=\"column\" data-e-type=\"column\">\n\t\t\t<div class=\"elementor-widget-wrap elementor-element-populated\">\n\t\t\t\t\t\t<div class=\"elementor-element elementor-element-bf157e6 elementor-invisible elementor-widget elementor-widget-image\" data-id=\"bf157e6\" data-element_type=\"widget\" data-e-type=\"widget\" data-settings=\"{&quot;_animation&quot;:&quot;fadeIn&quot;}\" data-widget_type=\"image.default\">\n\t\t\t\t<div class=\"elementor-widget-container\">\n\t\t\t\t\t\t\t\t\t\t\t\t\t\t\t\t<a href=\"http:\/\/avions.auzeau.fr\/meeting-aeriens\/albert-2019\/\">\n\t\t\t\t\t\t\t<img loading=\"lazy\" decoding=\"async\" width=\"707\" height=\"1000\" src=\"https:\/\/www.auzeau.fr\/avions\/wp-content\/uploads\/Affiches\/Albert-2019.jpg\" class=\"elementor-animation-shrink attachment-large size-large wp-image-4357\" alt=\"\" srcset=\"https:\/\/www.auzeau.fr\/avions\/wp-content\/uploads\/Affiches\/Albert-2019.jpg 707w, https:\/\/www.auzeau.fr\/avions\/wp-content\/uploads\/Affiches\/Albert-2019-212x300.jpg 212w\" sizes=\"(max-width: 707px) 100vw, 707px\" \/>\t\t\t\t\t\t\t\t<\/a>\n\t\t\t\t\t\t\t\t\t\t\t\t\t\t\t<\/div>\n\t\t\t\t<\/div>\n\t\t\t\t<div class=\"elementor-element elementor-element-5f4aff3 elementor-widget elementor-widget-text-editor\" data-id=\"5f4aff3\" data-element_type=\"widget\" data-e-type=\"widget\" data-widget_type=\"text-editor.default\">\n\t\t\t\t<div class=\"elementor-widget-container\">\n\t\t\t\t\t\t\t\t\t<p style=\"text-align: center;\">Meeting A\u00e9rien Albert 2019<\/p>\t\t\t\t\t\t\t\t<\/div>\n\t\t\t\t<\/div>\n\t\t\t\t\t<\/div>\n\t\t<\/div>\n\t\t\t\t<div class=\"elementor-column elementor-col-20 elementor-top-column elementor-element elementor-element-27f7864\" data-id=\"27f7864\" data-element_type=\"column\" data-e-type=\"column\">\n\t\t\t<div class=\"elementor-widget-wrap elementor-element-populated\">\n\t\t\t\t\t\t<div class=\"elementor-element elementor-element-98ef6be elementor-invisible elementor-widget elementor-widget-image\" data-id=\"98ef6be\" data-element_type=\"widget\" data-e-type=\"widget\" data-settings=\"{&quot;_animation&quot;:&quot;fadeIn&quot;}\" data-widget_type=\"image.default\">\n\t\t\t\t<div class=\"elementor-widget-container\">\n\t\t\t\t\t\t\t\t\t\t\t\t\t\t\t\t<a href=\"http:\/\/avions.auzeau.fr\/meeting-aeriens\/les-mureaux-2019\/\">\n\t\t\t\t\t\t\t<img loading=\"lazy\" decoding=\"async\" width=\"657\" height=\"938\" src=\"https:\/\/www.auzeau.fr\/avions\/wp-content\/uploads\/Affiches\/Les-Mureaux_2019.jpg\" class=\"elementor-animation-shrink attachment-large size-large wp-image-4467\" alt=\"\" srcset=\"https:\/\/www.auzeau.fr\/avions\/wp-content\/uploads\/Affiches\/Les-Mureaux_2019.jpg 657w, https:\/\/www.auzeau.fr\/avions\/wp-content\/uploads\/Affiches\/Les-Mureaux_2019-210x300.jpg 210w\" sizes=\"(max-width: 657px) 100vw, 657px\" \/>\t\t\t\t\t\t\t\t<\/a>\n\t\t\t\t\t\t\t\t\t\t\t\t\t\t\t<\/div>\n\t\t\t\t<\/div>\n\t\t\t\t<div class=\"elementor-element elementor-element-3a8a567 elementor-widget elementor-widget-text-editor\" data-id=\"3a8a567\" data-element_type=\"widget\" data-e-type=\"widget\" data-widget_type=\"text-editor.default\">\n\t\t\t\t<div class=\"elementor-widget-container\">\n\t\t\t\t\t\t\t\t\t<p style=\"text-align: center;\">F\u00eate de l&#8217;Air Les Mureaux-Verneuil 2019<\/p>\t\t\t\t\t\t\t\t<\/div>\n\t\t\t\t<\/div>\n\t\t\t\t\t<\/div>\n\t\t<\/div>\n\t\t\t\t<div class=\"elementor-column elementor-col-20 elementor-top-column elementor-element elementor-element-d66a1a8\" data-id=\"d66a1a8\" data-element_type=\"column\" data-e-type=\"column\">\n\t\t\t<div class=\"elementor-widget-wrap elementor-element-populated\">\n\t\t\t\t\t\t<div class=\"elementor-element elementor-element-484c256 elementor-invisible elementor-widget elementor-widget-image\" data-id=\"484c256\" data-element_type=\"widget\" data-e-type=\"widget\" data-settings=\"{&quot;_animation&quot;:&quot;fadeIn&quot;}\" data-widget_type=\"image.default\">\n\t\t\t\t<div class=\"elementor-widget-container\">\n\t\t\t\t\t\t\t\t\t\t\t\t\t\t\t\t<a href=\"http:\/\/avions.auzeau.fr\/meeting-aeriens\/paris-villaroche-2019\/\">\n\t\t\t\t\t\t\t<img loading=\"lazy\" decoding=\"async\" width=\"662\" height=\"960\" src=\"https:\/\/www.auzeau.fr\/avions\/wp-content\/uploads\/Affiches\/Paris-Villaroche-2019.jpg\" class=\"elementor-animation-shrink attachment-large size-large wp-image-4358\" alt=\"\" srcset=\"https:\/\/www.auzeau.fr\/avions\/wp-content\/uploads\/Affiches\/Paris-Villaroche-2019.jpg 662w, https:\/\/www.auzeau.fr\/avions\/wp-content\/uploads\/Affiches\/Paris-Villaroche-2019-207x300.jpg 207w\" sizes=\"(max-width: 662px) 100vw, 662px\" \/>\t\t\t\t\t\t\t\t<\/a>\n\t\t\t\t\t\t\t\t\t\t\t\t\t\t\t<\/div>\n\t\t\t\t<\/div>\n\t\t\t\t<div class=\"elementor-element elementor-element-ac00707 elementor-widget elementor-widget-text-editor\" data-id=\"ac00707\" data-element_type=\"widget\" data-e-type=\"widget\" data-widget_type=\"text-editor.default\">\n\t\t\t\t<div class=\"elementor-widget-container\">\n\t\t\t\t\t\t\t\t\t<p style=\"text-align: center;\">Air Legend Paris-Villaroche 2019<\/p>\t\t\t\t\t\t\t\t<\/div>\n\t\t\t\t<\/div>\n\t\t\t\t\t<\/div>\n\t\t<\/div>\n\t\t\t\t\t<\/div>\n\t\t<\/section>\n\t\t\t\t<section class=\"elementor-section elementor-top-section elementor-element elementor-element-9215031 elementor-section-boxed elementor-section-height-default elementor-section-height-default\" data-id=\"9215031\" data-element_type=\"section\" data-e-type=\"section\">\n\t\t\t\t\t\t<div class=\"elementor-container elementor-column-gap-default\">\n\t\t\t\t\t<div class=\"elementor-column elementor-col-20 elementor-top-column elementor-element elementor-element-65d9c70\" data-id=\"65d9c70\" data-element_type=\"column\" data-e-type=\"column\">\n\t\t\t<div class=\"elementor-widget-wrap elementor-element-populated\">\n\t\t\t\t\t\t<div class=\"elementor-element elementor-element-d883c0e elementor-invisible elementor-widget elementor-widget-image\" data-id=\"d883c0e\" data-element_type=\"widget\" data-e-type=\"widget\" data-settings=\"{&quot;_animation&quot;:&quot;fadeIn&quot;}\" data-widget_type=\"image.default\">\n\t\t\t\t<div class=\"elementor-widget-container\">\n\t\t\t\t\t\t\t\t\t\t\t\t\t\t\t\t<a href=\"http:\/\/avions.auzeau.fr\/meeting-aeriens\/le-bourget-2019\/\">\n\t\t\t\t\t\t\t<img loading=\"lazy\" decoding=\"async\" width=\"523\" height=\"720\" src=\"https:\/\/www.auzeau.fr\/avions\/wp-content\/uploads\/Affiches\/Meeting-100-ans-MAE.jpg\" class=\"elementor-animation-shrink attachment-large size-large wp-image-4360\" alt=\"\" srcset=\"https:\/\/www.auzeau.fr\/avions\/wp-content\/uploads\/Affiches\/Meeting-100-ans-MAE.jpg 523w, https:\/\/www.auzeau.fr\/avions\/wp-content\/uploads\/Affiches\/Meeting-100-ans-MAE-218x300.jpg 218w\" sizes=\"(max-width: 523px) 100vw, 523px\" \/>\t\t\t\t\t\t\t\t<\/a>\n\t\t\t\t\t\t\t\t\t\t\t\t\t\t\t<\/div>\n\t\t\t\t<\/div>\n\t\t\t\t<div class=\"elementor-element elementor-element-c19c986 elementor-widget elementor-widget-text-editor\" data-id=\"c19c986\" data-element_type=\"widget\" data-e-type=\"widget\" data-widget_type=\"text-editor.default\">\n\t\t\t\t<div class=\"elementor-widget-container\">\n\t\t\t\t\t\t\t\t\t<p style=\"text-align: center;\">Meeting du centenaire du Mus\u00e9e de l&#8217;Air et de l&#8217;Espace 2019<\/p>\t\t\t\t\t\t\t\t<\/div>\n\t\t\t\t<\/div>\n\t\t\t\t\t<\/div>\n\t\t<\/div>\n\t\t\t\t<div class=\"elementor-column elementor-col-20 elementor-top-column elementor-element elementor-element-566c8a3\" data-id=\"566c8a3\" data-element_type=\"column\" data-e-type=\"column\">\n\t\t\t<div class=\"elementor-widget-wrap elementor-element-populated\">\n\t\t\t\t\t\t<div class=\"elementor-element elementor-element-3f3ecca elementor-invisible elementor-widget elementor-widget-image\" data-id=\"3f3ecca\" data-element_type=\"widget\" data-e-type=\"widget\" data-settings=\"{&quot;_animation&quot;:&quot;fadeIn&quot;}\" data-widget_type=\"image.default\">\n\t\t\t\t<div class=\"elementor-widget-container\">\n\t\t\t\t\t\t\t\t\t\t\t\t\t\t\t\t<a href=\"http:\/\/avions.auzeau.fr\/meeting-aeriens\/albert-2021\/\">\n\t\t\t\t\t\t\t<img loading=\"lazy\" decoding=\"async\" width=\"509\" height=\"720\" src=\"https:\/\/www.auzeau.fr\/avions\/wp-content\/uploads\/Affiches\/Albert-2021.jpg\" class=\"elementor-animation-shrink attachment-large size-large wp-image-5570\" alt=\"\" srcset=\"https:\/\/www.auzeau.fr\/avions\/wp-content\/uploads\/Affiches\/Albert-2021.jpg 509w, https:\/\/www.auzeau.fr\/avions\/wp-content\/uploads\/Affiches\/Albert-2021-212x300.jpg 212w\" sizes=\"(max-width: 509px) 100vw, 509px\" \/>\t\t\t\t\t\t\t\t<\/a>\n\t\t\t\t\t\t\t\t\t\t\t\t\t\t\t<\/div>\n\t\t\t\t<\/div>\n\t\t\t\t<div class=\"elementor-element elementor-element-9b0cca6 elementor-widget elementor-widget-text-editor\" data-id=\"9b0cca6\" data-element_type=\"widget\" data-e-type=\"widget\" data-widget_type=\"text-editor.default\">\n\t\t\t\t<div class=\"elementor-widget-container\">\n\t\t\t\t\t\t\t\t\t<p style=\"text-align: center;\">Meeting A\u00e9rien International Albert 2021<\/p>\t\t\t\t\t\t\t\t<\/div>\n\t\t\t\t<\/div>\n\t\t\t\t\t<\/div>\n\t\t<\/div>\n\t\t\t\t<div class=\"elementor-column elementor-col-20 elementor-top-column elementor-element elementor-element-7601820\" data-id=\"7601820\" data-element_type=\"column\" data-e-type=\"column\">\n\t\t\t<div class=\"elementor-widget-wrap elementor-element-populated\">\n\t\t\t\t\t\t<div class=\"elementor-element elementor-element-0266843 elementor-invisible elementor-widget elementor-widget-image\" data-id=\"0266843\" data-element_type=\"widget\" data-e-type=\"widget\" data-settings=\"{&quot;_animation&quot;:&quot;fadeIn&quot;}\" data-widget_type=\"image.default\">\n\t\t\t\t<div class=\"elementor-widget-container\">\n\t\t\t\t\t\t\t\t\t\t\t\t\t\t\t\t<a href=\"http:\/\/avions.auzeau.fr\/meeting-aeriens\/albert-2022\/\">\n\t\t\t\t\t\t\t<img loading=\"lazy\" decoding=\"async\" width=\"724\" height=\"1024\" src=\"https:\/\/www.auzeau.fr\/avions\/wp-content\/uploads\/Affiches\/Albert-2022-724x1024.jpg\" class=\"elementor-animation-shrink attachment-large size-large wp-image-5676\" alt=\"\" srcset=\"https:\/\/www.auzeau.fr\/avions\/wp-content\/uploads\/Affiches\/Albert-2022-724x1024.jpg 724w, https:\/\/www.auzeau.fr\/avions\/wp-content\/uploads\/Affiches\/Albert-2022-212x300.jpg 212w, https:\/\/www.auzeau.fr\/avions\/wp-content\/uploads\/Affiches\/Albert-2022-768x1086.jpg 768w, https:\/\/www.auzeau.fr\/avions\/wp-content\/uploads\/Affiches\/Albert-2022.jpg 842w\" sizes=\"(max-width: 724px) 100vw, 724px\" \/>\t\t\t\t\t\t\t\t<\/a>\n\t\t\t\t\t\t\t\t\t\t\t\t\t\t\t<\/div>\n\t\t\t\t<\/div>\n\t\t\t\t<div class=\"elementor-element elementor-element-5a65302 elementor-widget elementor-widget-text-editor\" data-id=\"5a65302\" data-element_type=\"widget\" data-e-type=\"widget\" data-widget_type=\"text-editor.default\">\n\t\t\t\t<div class=\"elementor-widget-container\">\n\t\t\t\t\t\t\t\t\t<p style=\"text-align: center;\">Meeting A\u00e9rien InternationalAlbert 2022<\/p>\t\t\t\t\t\t\t\t<\/div>\n\t\t\t\t<\/div>\n\t\t\t\t\t<\/div>\n\t\t<\/div>\n\t\t\t\t<div class=\"elementor-column elementor-col-20 elementor-top-column elementor-element elementor-element-36dd9b9\" data-id=\"36dd9b9\" data-element_type=\"column\" data-e-type=\"column\">\n\t\t\t<div class=\"elementor-widget-wrap elementor-element-populated\">\n\t\t\t\t\t\t<div class=\"elementor-element elementor-element-2b74f9c elementor-invisible elementor-widget elementor-widget-image\" data-id=\"2b74f9c\" data-element_type=\"widget\" data-e-type=\"widget\" data-settings=\"{&quot;_animation&quot;:&quot;fadeIn&quot;}\" data-widget_type=\"image.default\">\n\t\t\t\t<div class=\"elementor-widget-container\">\n\t\t\t\t\t\t\t\t\t\t\t\t\t\t\t\t<a href=\"http:\/\/avions.auzeau.fr\/meeting-aeriens\/paris-villaroche-2022\/\">\n\t\t\t\t\t\t\t<img loading=\"lazy\" decoding=\"async\" width=\"724\" height=\"1024\" src=\"https:\/\/www.auzeau.fr\/avions\/wp-content\/uploads\/Affiches\/melun_2022-724x1024.jpg\" class=\"elementor-animation-shrink attachment-large size-large wp-image-5783\" alt=\"\" srcset=\"https:\/\/www.auzeau.fr\/avions\/wp-content\/uploads\/Affiches\/melun_2022-724x1024.jpg 724w, https:\/\/www.auzeau.fr\/avions\/wp-content\/uploads\/Affiches\/melun_2022-212x300.jpg 212w, https:\/\/www.auzeau.fr\/avions\/wp-content\/uploads\/Affiches\/melun_2022-768x1086.jpg 768w, https:\/\/www.auzeau.fr\/avions\/wp-content\/uploads\/Affiches\/melun_2022.jpg 1024w\" sizes=\"(max-width: 724px) 100vw, 724px\" \/>\t\t\t\t\t\t\t\t<\/a>\n\t\t\t\t\t\t\t\t\t\t\t\t\t\t\t<\/div>\n\t\t\t\t<\/div>\n\t\t\t\t<div class=\"elementor-element elementor-element-ecbf58f elementor-widget elementor-widget-text-editor\" data-id=\"ecbf58f\" data-element_type=\"widget\" data-e-type=\"widget\" data-widget_type=\"text-editor.default\">\n\t\t\t\t<div class=\"elementor-widget-container\">\n\t\t\t\t\t\t\t\t\t<p style=\"text-align: center;\">Air Legend Paris-Villaroche 2022<\/p>\t\t\t\t\t\t\t\t<\/div>\n\t\t\t\t<\/div>\n\t\t\t\t\t<\/div>\n\t\t<\/div>\n\t\t\t\t<div class=\"elementor-column elementor-col-20 elementor-top-column elementor-element elementor-element-3dfa243\" data-id=\"3dfa243\" data-element_type=\"column\" data-e-type=\"column\">\n\t\t\t<div class=\"elementor-widget-wrap elementor-element-populated\">\n\t\t\t\t\t\t<div class=\"elementor-element elementor-element-5dc5e74 elementor-invisible elementor-widget elementor-widget-image\" data-id=\"5dc5e74\" data-element_type=\"widget\" data-e-type=\"widget\" data-settings=\"{&quot;_animation&quot;:&quot;fadeIn&quot;}\" data-widget_type=\"image.default\">\n\t\t\t\t<div class=\"elementor-widget-container\">\n\t\t\t\t\t\t\t\t\t\t\t\t\t\t\t\t<a href=\"http:\/\/avions.auzeau.fr\/meeting-aeriens\/le-touquet-2023\/\">\n\t\t\t\t\t\t\t<img loading=\"lazy\" decoding=\"async\" width=\"523\" height=\"812\" src=\"https:\/\/www.auzeau.fr\/avions\/wp-content\/uploads\/Affiches\/Le-Touquet-2023.jpg\" class=\"elementor-animation-shrink attachment-large size-large wp-image-6029\" alt=\"\" srcset=\"https:\/\/www.auzeau.fr\/avions\/wp-content\/uploads\/Affiches\/Le-Touquet-2023.jpg 523w, https:\/\/www.auzeau.fr\/avions\/wp-content\/uploads\/Affiches\/Le-Touquet-2023-193x300.jpg 193w\" sizes=\"(max-width: 523px) 100vw, 523px\" \/>\t\t\t\t\t\t\t\t<\/a>\n\t\t\t\t\t\t\t\t\t\t\t\t\t\t\t<\/div>\n\t\t\t\t<\/div>\n\t\t\t\t<div class=\"elementor-element elementor-element-2dfb879 elementor-widget elementor-widget-text-editor\" data-id=\"2dfb879\" data-element_type=\"widget\" data-e-type=\"widget\" data-widget_type=\"text-editor.default\">\n\t\t\t\t<div class=\"elementor-widget-container\">\n\t\t\t\t\t\t\t\t\t<p style=\"text-align: center;\">Le Touquet Air Show 2023<\/p>\t\t\t\t\t\t\t\t<\/div>\n\t\t\t\t<\/div>\n\t\t\t\t\t<\/div>\n\t\t<\/div>\n\t\t\t\t\t<\/div>\n\t\t<\/section>\n\t\t\t\t<section class=\"elementor-section elementor-top-section elementor-element elementor-element-31865a9 elementor-section-boxed elementor-section-height-default elementor-section-height-default\" data-id=\"31865a9\" data-element_type=\"section\" data-e-type=\"section\">\n\t\t\t\t\t\t<div class=\"elementor-container elementor-column-gap-default\">\n\t\t\t\t\t<div class=\"elementor-column elementor-col-20 elementor-top-column elementor-element elementor-element-cd8a001\" data-id=\"cd8a001\" data-element_type=\"column\" data-e-type=\"column\">\n\t\t\t<div class=\"elementor-widget-wrap elementor-element-populated\">\n\t\t\t\t\t\t<div class=\"elementor-element elementor-element-e9f38c3 elementor-invisible elementor-widget elementor-widget-image\" data-id=\"e9f38c3\" data-element_type=\"widget\" data-e-type=\"widget\" data-settings=\"{&quot;_animation&quot;:&quot;fadeIn&quot;}\" data-widget_type=\"image.default\">\n\t\t\t\t<div class=\"elementor-widget-container\">\n\t\t\t\t\t\t\t\t\t\t\t\t\t\t\t\t<a href=\"http:\/\/avions.auzeau.fr\/meeting-aeriens\/les-mureaux-2023\/\">\n\t\t\t\t\t\t\t<img loading=\"lazy\" decoding=\"async\" width=\"725\" height=\"1024\" src=\"https:\/\/www.auzeau.fr\/avions\/wp-content\/uploads\/Affiches\/Les-Mureaux-2023-725x1024.jpg\" class=\"elementor-animation-shrink attachment-large size-large wp-image-6043\" alt=\"\" srcset=\"https:\/\/www.auzeau.fr\/avions\/wp-content\/uploads\/Affiches\/Les-Mureaux-2023-725x1024.jpg 725w, https:\/\/www.auzeau.fr\/avions\/wp-content\/uploads\/Affiches\/Les-Mureaux-2023-212x300.jpg 212w, https:\/\/www.auzeau.fr\/avions\/wp-content\/uploads\/Affiches\/Les-Mureaux-2023-768x1085.jpg 768w, https:\/\/www.auzeau.fr\/avions\/wp-content\/uploads\/Affiches\/Les-Mureaux-2023-1087x1536.jpg 1087w, https:\/\/www.auzeau.fr\/avions\/wp-content\/uploads\/Affiches\/Les-Mureaux-2023.jpg 1449w\" sizes=\"(max-width: 725px) 100vw, 725px\" \/>\t\t\t\t\t\t\t\t<\/a>\n\t\t\t\t\t\t\t\t\t\t\t\t\t\t\t<\/div>\n\t\t\t\t<\/div>\n\t\t\t\t<div class=\"elementor-element elementor-element-2515ff0 elementor-widget elementor-widget-text-editor\" data-id=\"2515ff0\" data-element_type=\"widget\" data-e-type=\"widget\" data-widget_type=\"text-editor.default\">\n\t\t\t\t<div class=\"elementor-widget-container\">\n\t\t\t\t\t\t\t\t\t<p style=\"text-align: center;\">F\u00eate de l&#8217;Air Les Mureaux-Verneuil 2023<\/p>\t\t\t\t\t\t\t\t<\/div>\n\t\t\t\t<\/div>\n\t\t\t\t\t<\/div>\n\t\t<\/div>\n\t\t\t\t<div class=\"elementor-column elementor-col-20 elementor-top-column elementor-element elementor-element-5316a63\" data-id=\"5316a63\" data-element_type=\"column\" data-e-type=\"column\">\n\t\t\t<div class=\"elementor-widget-wrap elementor-element-populated\">\n\t\t\t\t\t\t<div class=\"elementor-element elementor-element-f0584f0 elementor-invisible elementor-widget elementor-widget-image\" data-id=\"f0584f0\" data-element_type=\"widget\" data-e-type=\"widget\" data-settings=\"{&quot;_animation&quot;:&quot;fadeIn&quot;}\" data-widget_type=\"image.default\">\n\t\t\t\t<div class=\"elementor-widget-container\">\n\t\t\t\t\t\t\t\t\t\t\t\t\t\t\t\t<a href=\"http:\/\/avions.auzeau.fr\/meeting-aeriens\/albert-2023\/\">\n\t\t\t\t\t\t\t<img loading=\"lazy\" decoding=\"async\" width=\"724\" height=\"1024\" src=\"https:\/\/www.auzeau.fr\/avions\/wp-content\/uploads\/Affiches\/Albert-2023-724x1024.jpg\" class=\"elementor-animation-shrink attachment-large size-large wp-image-6221\" alt=\"\" srcset=\"https:\/\/www.auzeau.fr\/avions\/wp-content\/uploads\/Affiches\/Albert-2023-724x1024.jpg 724w, https:\/\/www.auzeau.fr\/avions\/wp-content\/uploads\/Affiches\/Albert-2023-212x300.jpg 212w, https:\/\/www.auzeau.fr\/avions\/wp-content\/uploads\/Affiches\/Albert-2023-768x1086.jpg 768w, https:\/\/www.auzeau.fr\/avions\/wp-content\/uploads\/Affiches\/Albert-2023-1086x1536.jpg 1086w, https:\/\/www.auzeau.fr\/avions\/wp-content\/uploads\/Affiches\/Albert-2023.jpg 1448w\" sizes=\"(max-width: 724px) 100vw, 724px\" \/>\t\t\t\t\t\t\t\t<\/a>\n\t\t\t\t\t\t\t\t\t\t\t\t\t\t\t<\/div>\n\t\t\t\t<\/div>\n\t\t\t\t<div class=\"elementor-element elementor-element-f34c491 elementor-widget elementor-widget-text-editor\" data-id=\"f34c491\" data-element_type=\"widget\" data-e-type=\"widget\" data-widget_type=\"text-editor.default\">\n\t\t\t\t<div class=\"elementor-widget-container\">\n\t\t\t\t\t\t\t\t\t<p style=\"text-align: center;\">Meetin A\u00e9rien International Albert 2023<\/p>\t\t\t\t\t\t\t\t<\/div>\n\t\t\t\t<\/div>\n\t\t\t\t\t<\/div>\n\t\t<\/div>\n\t\t\t\t<div class=\"elementor-column elementor-col-20 elementor-top-column elementor-element elementor-element-3d619c1\" data-id=\"3d619c1\" data-element_type=\"column\" data-e-type=\"column\">\n\t\t\t<div class=\"elementor-widget-wrap elementor-element-populated\">\n\t\t\t\t\t\t<div class=\"elementor-element elementor-element-7c0b8da elementor-invisible elementor-widget elementor-widget-image\" data-id=\"7c0b8da\" data-element_type=\"widget\" data-e-type=\"widget\" data-settings=\"{&quot;_animation&quot;:&quot;fadeIn&quot;}\" data-widget_type=\"image.default\">\n\t\t\t\t<div class=\"elementor-widget-container\">\n\t\t\t\t\t\t\t\t\t\t\t\t\t\t\t\t<a href=\"http:\/\/avions.auzeau.fr\/meeting-aeriens\/paris-villaroche-2023\/\">\n\t\t\t\t\t\t\t<img loading=\"lazy\" decoding=\"async\" width=\"566\" height=\"800\" src=\"https:\/\/www.auzeau.fr\/avions\/wp-content\/uploads\/Affiches\/Melun-2023.JPG\" class=\"elementor-animation-shrink attachment-large size-large wp-image-6220\" alt=\"\" srcset=\"https:\/\/www.auzeau.fr\/avions\/wp-content\/uploads\/Affiches\/Melun-2023.JPG 566w, https:\/\/www.auzeau.fr\/avions\/wp-content\/uploads\/Affiches\/Melun-2023-212x300.jpg 212w\" sizes=\"(max-width: 566px) 100vw, 566px\" \/>\t\t\t\t\t\t\t\t<\/a>\n\t\t\t\t\t\t\t\t\t\t\t\t\t\t\t<\/div>\n\t\t\t\t<\/div>\n\t\t\t\t<div class=\"elementor-element elementor-element-aa17aef elementor-widget elementor-widget-text-editor\" data-id=\"aa17aef\" data-element_type=\"widget\" data-e-type=\"widget\" data-widget_type=\"text-editor.default\">\n\t\t\t\t<div class=\"elementor-widget-container\">\n\t\t\t\t\t\t\t\t\t<p style=\"text-align: center;\">Air Legend PAris-Villaroche 2023<\/p>\t\t\t\t\t\t\t\t<\/div>\n\t\t\t\t<\/div>\n\t\t\t\t\t<\/div>\n\t\t<\/div>\n\t\t\t\t<div class=\"elementor-column elementor-col-20 elementor-top-column elementor-element elementor-element-b3fa144\" data-id=\"b3fa144\" data-element_type=\"column\" data-e-type=\"column\">\n\t\t\t<div class=\"elementor-widget-wrap elementor-element-populated\">\n\t\t\t\t\t\t<div class=\"elementor-element elementor-element-eb29ac9 elementor-invisible elementor-widget elementor-widget-image\" data-id=\"eb29ac9\" data-element_type=\"widget\" data-e-type=\"widget\" data-settings=\"{&quot;_animation&quot;:&quot;fadeIn&quot;}\" data-widget_type=\"image.default\">\n\t\t\t\t<div class=\"elementor-widget-container\">\n\t\t\t\t\t\t\t\t\t\t\t\t\t\t\t\t<a href=\"http:\/\/avions.auzeau.fr\/meeting-aeriens\/albert-2024\/\">\n\t\t\t\t\t\t\t<img loading=\"lazy\" decoding=\"async\" width=\"768\" height=\"1024\" src=\"https:\/\/www.auzeau.fr\/avions\/wp-content\/uploads\/Affiches\/Albert-2024-768x1024.jpg\" class=\"elementor-animation-shrink attachment-large size-large wp-image-7493\" alt=\"\" srcset=\"https:\/\/www.auzeau.fr\/avions\/wp-content\/uploads\/Affiches\/Albert-2024-768x1024.jpg 768w, https:\/\/www.auzeau.fr\/avions\/wp-content\/uploads\/Affiches\/Albert-2024-225x300.jpg 225w, https:\/\/www.auzeau.fr\/avions\/wp-content\/uploads\/Affiches\/Albert-2024-1152x1536.jpg 1152w, https:\/\/www.auzeau.fr\/avions\/wp-content\/uploads\/Affiches\/Albert-2024.jpg 1536w\" sizes=\"(max-width: 768px) 100vw, 768px\" \/>\t\t\t\t\t\t\t\t<\/a>\n\t\t\t\t\t\t\t\t\t\t\t\t\t\t\t<\/div>\n\t\t\t\t<\/div>\n\t\t\t\t<div class=\"elementor-element elementor-element-e4afb71 elementor-widget elementor-widget-text-editor\" data-id=\"e4afb71\" data-element_type=\"widget\" data-e-type=\"widget\" data-widget_type=\"text-editor.default\">\n\t\t\t\t<div class=\"elementor-widget-container\">\n\t\t\t\t\t\t\t\t\t<p style=\"text-align: center;\">Meeting A\u00e9rien International Albert 2024<\/p>\t\t\t\t\t\t\t\t<\/div>\n\t\t\t\t<\/div>\n\t\t\t\t\t<\/div>\n\t\t<\/div>\n\t\t\t\t<div class=\"elementor-column elementor-col-20 elementor-top-column elementor-element elementor-element-95c41ea\" data-id=\"95c41ea\" data-element_type=\"column\" data-e-type=\"column\">\n\t\t\t<div class=\"elementor-widget-wrap elementor-element-populated\">\n\t\t\t\t\t\t<div class=\"elementor-element elementor-element-c1a2392 elementor-invisible elementor-widget elementor-widget-image\" data-id=\"c1a2392\" data-element_type=\"widget\" data-e-type=\"widget\" data-settings=\"{&quot;_animation&quot;:&quot;fadeIn&quot;}\" data-widget_type=\"image.default\">\n\t\t\t\t<div class=\"elementor-widget-container\">\n\t\t\t\t\t\t\t\t\t\t\t\t\t\t\t\t<a href=\"http:\/\/avions.auzeau.fr\/meeting-aeriens\/legend-air-2024\/\">\n\t\t\t\t\t\t\t<img loading=\"lazy\" decoding=\"async\" width=\"500\" height=\"708\" src=\"https:\/\/www.auzeau.fr\/avions\/wp-content\/uploads\/Affiches\/Legendair-en-limousin-2024.jpg\" class=\"elementor-animation-shrink attachment-large size-large wp-image-7577\" alt=\"\" srcset=\"https:\/\/www.auzeau.fr\/avions\/wp-content\/uploads\/Affiches\/Legendair-en-limousin-2024.jpg 500w, https:\/\/www.auzeau.fr\/avions\/wp-content\/uploads\/Affiches\/Legendair-en-limousin-2024-212x300.jpg 212w\" sizes=\"(max-width: 500px) 100vw, 500px\" \/>\t\t\t\t\t\t\t\t<\/a>\n\t\t\t\t\t\t\t\t\t\t\t\t\t\t\t<\/div>\n\t\t\t\t<\/div>\n\t\t\t\t<div class=\"elementor-element elementor-element-1cc7b39 elementor-widget elementor-widget-text-editor\" data-id=\"1cc7b39\" data-element_type=\"widget\" data-e-type=\"widget\" data-widget_type=\"text-editor.default\">\n\t\t\t\t<div class=\"elementor-widget-container\">\n\t\t\t\t\t\t\t\t\t<p style=\"text-align: center;\">Legend&#8217;Air<br \/>Saint-Junien 2024<\/p>\t\t\t\t\t\t\t\t<\/div>\n\t\t\t\t<\/div>\n\t\t\t\t\t<\/div>\n\t\t<\/div>\n\t\t\t\t\t<\/div>\n\t\t<\/section>\n\t\t\t\t<section class=\"elementor-section elementor-top-section elementor-element elementor-element-3c779a3 elementor-section-boxed elementor-section-height-default elementor-section-height-default\" data-id=\"3c779a3\" data-element_type=\"section\" data-e-type=\"section\">\n\t\t\t\t\t\t<div class=\"elementor-container elementor-column-gap-default\">\n\t\t\t\t\t<div class=\"elementor-column elementor-col-20 elementor-top-column elementor-element elementor-element-1d234a6\" data-id=\"1d234a6\" data-element_type=\"column\" data-e-type=\"column\">\n\t\t\t<div class=\"elementor-widget-wrap elementor-element-populated\">\n\t\t\t\t\t\t<div class=\"elementor-element elementor-element-0061959 elementor-invisible elementor-widget elementor-widget-image\" data-id=\"0061959\" data-element_type=\"widget\" data-e-type=\"widget\" data-settings=\"{&quot;_animation&quot;:&quot;fadeIn&quot;}\" data-widget_type=\"image.default\">\n\t\t\t\t<div class=\"elementor-widget-container\">\n\t\t\t\t\t\t\t\t\t\t\t\t\t\t\t\t<a href=\"http:\/\/avions.auzeau.fr\/meeting-aeriens\/les-mureaux-2025\/\">\n\t\t\t\t\t\t\t<img loading=\"lazy\" decoding=\"async\" width=\"702\" height=\"1024\" src=\"https:\/\/www.auzeau.fr\/avions\/wp-content\/uploads\/Affiches\/Les-Mureaux-2025-702x1024.jpg\" class=\"elementor-animation-shrink attachment-large size-large wp-image-7662\" alt=\"\" srcset=\"https:\/\/www.auzeau.fr\/avions\/wp-content\/uploads\/Affiches\/Les-Mureaux-2025-702x1024.jpg 702w, https:\/\/www.auzeau.fr\/avions\/wp-content\/uploads\/Affiches\/Les-Mureaux-2025-206x300.jpg 206w, https:\/\/www.auzeau.fr\/avions\/wp-content\/uploads\/Affiches\/Les-Mureaux-2025-768x1121.jpg 768w, https:\/\/www.auzeau.fr\/avions\/wp-content\/uploads\/Affiches\/Les-Mureaux-2025-1053x1536.jpg 1053w, https:\/\/www.auzeau.fr\/avions\/wp-content\/uploads\/Affiches\/Les-Mureaux-2025.jpg 1248w\" sizes=\"(max-width: 702px) 100vw, 702px\" \/>\t\t\t\t\t\t\t\t<\/a>\n\t\t\t\t\t\t\t\t\t\t\t\t\t\t\t<\/div>\n\t\t\t\t<\/div>\n\t\t\t\t<div class=\"elementor-element elementor-element-b2db5d5 elementor-widget elementor-widget-text-editor\" data-id=\"b2db5d5\" data-element_type=\"widget\" data-e-type=\"widget\" data-widget_type=\"text-editor.default\">\n\t\t\t\t<div class=\"elementor-widget-container\">\n\t\t\t\t\t\t\t\t\t<p style=\"text-align: center;\">F\u00eate de l&#8217;Air et de l&#8217;espace Les Mureaux-Verneuil 2025<\/p>\t\t\t\t\t\t\t\t<\/div>\n\t\t\t\t<\/div>\n\t\t\t\t\t<\/div>\n\t\t<\/div>\n\t\t\t\t<div class=\"elementor-column elementor-col-20 elementor-top-column elementor-element elementor-element-7c31a9e\" data-id=\"7c31a9e\" data-element_type=\"column\" data-e-type=\"column\">\n\t\t\t<div class=\"elementor-widget-wrap elementor-element-populated\">\n\t\t\t\t\t\t<div class=\"elementor-element elementor-element-eeabeea elementor-invisible elementor-widget elementor-widget-image\" data-id=\"eeabeea\" data-element_type=\"widget\" data-e-type=\"widget\" data-settings=\"{&quot;_animation&quot;:&quot;fadeIn&quot;}\" data-widget_type=\"image.default\">\n\t\t\t\t<div class=\"elementor-widget-container\">\n\t\t\t\t\t\t\t\t\t\t\t\t\t\t\t\t<a href=\"https:\/\/www.auzeau.fr\/avions\/meeting-aeriens\/biscarosse-2025\/\">\n\t\t\t\t\t\t\t<img loading=\"lazy\" decoding=\"async\" width=\"704\" height=\"1024\" src=\"https:\/\/www.auzeau.fr\/avions\/wp-content\/uploads\/Affiches\/Biscarrosse-2025-704x1024.jpg\" class=\"elementor-animation-shrink attachment-large size-large wp-image-7747\" alt=\"\" srcset=\"https:\/\/www.auzeau.fr\/avions\/wp-content\/uploads\/Affiches\/Biscarrosse-2025-704x1024.jpg 704w, https:\/\/www.auzeau.fr\/avions\/wp-content\/uploads\/Affiches\/Biscarrosse-2025-206x300.jpg 206w, https:\/\/www.auzeau.fr\/avions\/wp-content\/uploads\/Affiches\/Biscarrosse-2025-768x1117.jpg 768w, https:\/\/www.auzeau.fr\/avions\/wp-content\/uploads\/Affiches\/Biscarrosse-2025-1056x1536.jpg 1056w, https:\/\/www.auzeau.fr\/avions\/wp-content\/uploads\/Affiches\/Biscarrosse-2025.jpg 1100w\" sizes=\"(max-width: 704px) 100vw, 704px\" \/>\t\t\t\t\t\t\t\t<\/a>\n\t\t\t\t\t\t\t\t\t\t\t\t\t\t\t<\/div>\n\t\t\t\t<\/div>\n\t\t\t\t<div class=\"elementor-element elementor-element-28b389f elementor-widget elementor-widget-text-editor\" data-id=\"28b389f\" data-element_type=\"widget\" data-e-type=\"widget\" data-widget_type=\"text-editor.default\">\n\t\t\t\t<div class=\"elementor-widget-container\">\n\t\t\t\t\t\t\t\t\t<p style=\"text-align: center;\">Rassemblement international d&#8217;hydravions Biscarrosse 2025<\/p>\t\t\t\t\t\t\t\t<\/div>\n\t\t\t\t<\/div>\n\t\t\t\t\t<\/div>\n\t\t<\/div>\n\t\t\t\t<div class=\"elementor-column elementor-col-20 elementor-top-column elementor-element elementor-element-a3829e0\" data-id=\"a3829e0\" data-element_type=\"column\" data-e-type=\"column\">\n\t\t\t<div class=\"elementor-widget-wrap elementor-element-populated\">\n\t\t\t\t\t\t<div class=\"elementor-element elementor-element-c926e47 elementor-invisible elementor-widget elementor-widget-image\" data-id=\"c926e47\" data-element_type=\"widget\" data-e-type=\"widget\" data-settings=\"{&quot;_animation&quot;:&quot;fadeIn&quot;}\" data-widget_type=\"image.default\">\n\t\t\t\t<div class=\"elementor-widget-container\">\n\t\t\t\t\t\t\t\t\t\t\t\t\t\t\t\t<a href=\"https:\/\/www.auzeau.fr\/avions\/meeting-aeriens\/albert-2025\/\">\n\t\t\t\t\t\t\t<img loading=\"lazy\" decoding=\"async\" width=\"698\" height=\"1024\" src=\"https:\/\/www.auzeau.fr\/avions\/wp-content\/uploads\/Affiches\/Albert-2025-698x1024.webp\" class=\"elementor-animation-shrink attachment-large size-large wp-image-7915\" alt=\"\" srcset=\"https:\/\/www.auzeau.fr\/avions\/wp-content\/uploads\/Affiches\/Albert-2025-698x1024.webp 698w, https:\/\/www.auzeau.fr\/avions\/wp-content\/uploads\/Affiches\/Albert-2025-204x300.webp 204w, https:\/\/www.auzeau.fr\/avions\/wp-content\/uploads\/Affiches\/Albert-2025-768x1127.webp 768w, https:\/\/www.auzeau.fr\/avions\/wp-content\/uploads\/Affiches\/Albert-2025-1047x1536.webp 1047w, https:\/\/www.auzeau.fr\/avions\/wp-content\/uploads\/Affiches\/Albert-2025.webp 1396w\" sizes=\"(max-width: 698px) 100vw, 698px\" \/>\t\t\t\t\t\t\t\t<\/a>\n\t\t\t\t\t\t\t\t\t\t\t\t\t\t\t<\/div>\n\t\t\t\t<\/div>\n\t\t\t\t<div class=\"elementor-element elementor-element-e09cf97 elementor-widget elementor-widget-text-editor\" data-id=\"e09cf97\" data-element_type=\"widget\" data-e-type=\"widget\" data-widget_type=\"text-editor.default\">\n\t\t\t\t<div class=\"elementor-widget-container\">\n\t\t\t\t\t\t\t\t\t<p style=\"text-align: center;\">Meeting A\u00e9rien International Albert 2025<\/p>\t\t\t\t\t\t\t\t<\/div>\n\t\t\t\t<\/div>\n\t\t\t\t\t<\/div>\n\t\t<\/div>\n\t\t\t\t<div class=\"elementor-column elementor-col-20 elementor-top-column elementor-element elementor-element-3a88f28\" data-id=\"3a88f28\" data-element_type=\"column\" data-e-type=\"column\">\n\t\t\t<div class=\"elementor-widget-wrap\">\n\t\t\t\t\t\t\t<\/div>\n\t\t<\/div>\n\t\t\t\t<div class=\"elementor-column elementor-col-20 elementor-top-column elementor-element elementor-element-1a1ef23\" data-id=\"1a1ef23\" data-element_type=\"column\" data-e-type=\"column\">\n\t\t\t<div class=\"elementor-widget-wrap\">\n\t\t\t\t\t\t\t<\/div>\n\t\t<\/div>\n\t\t\t\t\t<\/div>\n\t\t<\/section>\n\t\t\t\t<\/div>\n\t\t","protected":false},"excerpt":{"rendered":"<p>MEETINGS Cormeilles-en-Vexin 2008 Cormeilles-en-Vexin 2009 Meeting International d&#8217;Ile-de-France Cormeilles-en-Vexin 2010 Meeting A\u00e9rien d&#8217;Ile-de-France Cormeilles-en-Vexin 2011 Air Show Cormeilles-en-Vexin 2012 Meeting A\u00e9rien Franco-Polonais Lens-B\u00e9nifontaine 2012 Air Show Franco-Belge Lens-B\u00e9nifontaine 2014 Air Show d&#8217;Ile-de-France Cormeilles-en-Vexin 2014 Meeting A\u00e9rien Margny-l\u00e8s-Compi\u00e8gne 2014 Meeting A\u00e9rien Valenciennes-Prouvy 2014 F\u00eate A\u00e9rienne Saint-Quentin-Roupy 2014 Meeting A\u00e9rien du Centenaire Amiens-Glisy 2014 Rennes Airshow Rennes [&hellip;]<\/p>\n","protected":false},"author":1,"featured_media":0,"parent":0,"menu_order":0,"comment_status":"closed","ping_status":"closed","template":"","meta":{"footnotes":""},"class_list":["post-590","page","type-page","status-publish","hentry"],"_links":{"self":[{"href":"https:\/\/www.auzeau.fr\/avions\/wp-json\/wp\/v2\/pages\/590","targetHints":{"allow":["GET"]}}],"collection":[{"href":"https:\/\/www.auzeau.fr\/avions\/wp-json\/wp\/v2\/pages"}],"about":[{"href":"https:\/\/www.auzeau.fr\/avions\/wp-json\/wp\/v2\/types\/page"}],"author":[{"embeddable":true,"href":"https:\/\/www.auzeau.fr\/avions\/wp-json\/wp\/v2\/users\/1"}],"replies":[{"embeddable":true,"href":"https:\/\/www.auzeau.fr\/avions\/wp-json\/wp\/v2\/comments?post=590"}],"version-history":[{"count":0,"href":"https:\/\/www.auzeau.fr\/avions\/wp-json\/wp\/v2\/pages\/590\/revisions"}],"wp:attachment":[{"href":"https:\/\/www.auzeau.fr\/avions\/wp-json\/wp\/v2\/media?parent=590"}],"curies":[{"name":"wp","href":"https:\/\/api.w.org\/{rel}","templated":true}]}}