{"id":583,"date":"2018-06-25T17:53:36","date_gmt":"2018-06-25T15:53:36","guid":{"rendered":"http:\/\/www.auzeau.fr\/avions\/?page_id=583"},"modified":"2025-06-12T15:43:52","modified_gmt":"2025-06-12T13:43:52","slug":"manifestations-musees","status":"publish","type":"page","link":"https:\/\/www.auzeau.fr\/avions\/manifestations-musees\/","title":{"rendered":"Autres manifestations \/ Mus\u00e9es"},"content":{"rendered":"\t\t<div data-elementor-type=\"wp-post\" data-elementor-id=\"583\" class=\"elementor elementor-583\">\n\t\t\t\t\t\t<section class=\"elementor-section elementor-top-section elementor-element elementor-element-ff3147c elementor-section-boxed elementor-section-height-default elementor-section-height-default\" data-id=\"ff3147c\" data-element_type=\"section\" data-e-type=\"section\">\n\t\t\t\t\t\t<div class=\"elementor-container elementor-column-gap-default\">\n\t\t\t\t\t<div class=\"elementor-column elementor-col-100 elementor-top-column elementor-element elementor-element-77b7d4e\" data-id=\"77b7d4e\" data-element_type=\"column\" data-e-type=\"column\">\n\t\t\t<div class=\"elementor-widget-wrap elementor-element-populated\">\n\t\t\t\t\t\t<div class=\"elementor-element elementor-element-9dfe545 elementor-widget elementor-widget-heading\" data-id=\"9dfe545\" data-element_type=\"widget\" data-e-type=\"widget\" data-widget_type=\"heading.default\">\n\t\t\t\t<div class=\"elementor-widget-container\">\n\t\t\t\t\t<h2 class=\"elementor-heading-title elementor-size-xxl\">AUTRES MANIFESTATIONS \/ MUS\u00c9ES<\/h2>\t\t\t\t<\/div>\n\t\t\t\t<\/div>\n\t\t\t\t\t<\/div>\n\t\t<\/div>\n\t\t\t\t\t<\/div>\n\t\t<\/section>\n\t\t\t\t<section class=\"elementor-section elementor-top-section elementor-element elementor-element-271bfae elementor-section-boxed elementor-section-height-default elementor-section-height-default\" data-id=\"271bfae\" data-element_type=\"section\" data-e-type=\"section\">\n\t\t\t\t\t\t<div class=\"elementor-container elementor-column-gap-default\">\n\t\t\t\t\t<div class=\"elementor-column elementor-col-20 elementor-top-column elementor-element elementor-element-cbe4a54\" data-id=\"cbe4a54\" data-element_type=\"column\" data-e-type=\"column\">\n\t\t\t<div class=\"elementor-widget-wrap elementor-element-populated\">\n\t\t\t\t\t\t<div class=\"elementor-element elementor-element-7af2dfd elementor-widget elementor-widget-spacer\" data-id=\"7af2dfd\" data-element_type=\"widget\" data-e-type=\"widget\" data-widget_type=\"spacer.default\">\n\t\t\t\t<div class=\"elementor-widget-container\">\n\t\t\t\t\t\t\t<div class=\"elementor-spacer\">\n\t\t\t<div class=\"elementor-spacer-inner\"><\/div>\n\t\t<\/div>\n\t\t\t\t\t\t<\/div>\n\t\t\t\t<\/div>\n\t\t\t\t<div class=\"elementor-element elementor-element-36ce07c elementor-invisible elementor-widget elementor-widget-image\" data-id=\"36ce07c\" data-element_type=\"widget\" data-e-type=\"widget\" data-settings=\"{&quot;_animation&quot;:&quot;fadeIn&quot;}\" data-widget_type=\"image.default\">\n\t\t\t\t<div class=\"elementor-widget-container\">\n\t\t\t\t\t\t\t\t\t\t\t\t\t\t\t\t<a href=\"http:\/\/avions.auzeau.fr\/manifestations-musees\/mae\/\">\n\t\t\t\t\t\t\t<img fetchpriority=\"high\" decoding=\"async\" width=\"400\" height=\"365\" src=\"https:\/\/www.auzeau.fr\/avions\/wp-content\/uploads\/Affiches\/MAE.jpg\" class=\"elementor-animation-shrink attachment-large size-large wp-image-193\" alt=\"\" srcset=\"https:\/\/www.auzeau.fr\/avions\/wp-content\/uploads\/Affiches\/MAE.jpg 400w, https:\/\/www.auzeau.fr\/avions\/wp-content\/uploads\/Affiches\/MAE-300x274.jpg 300w\" sizes=\"(max-width: 400px) 100vw, 400px\" \/>\t\t\t\t\t\t\t\t<\/a>\n\t\t\t\t\t\t\t\t\t\t\t\t\t\t\t<\/div>\n\t\t\t\t<\/div>\n\t\t\t\t<div class=\"elementor-element elementor-element-dc8c609 elementor-widget elementor-widget-spacer\" data-id=\"dc8c609\" data-element_type=\"widget\" data-e-type=\"widget\" data-widget_type=\"spacer.default\">\n\t\t\t\t<div class=\"elementor-widget-container\">\n\t\t\t\t\t\t\t<div class=\"elementor-spacer\">\n\t\t\t<div class=\"elementor-spacer-inner\"><\/div>\n\t\t<\/div>\n\t\t\t\t\t\t<\/div>\n\t\t\t\t<\/div>\n\t\t\t\t<div class=\"elementor-element elementor-element-4f63cc9 elementor-widget elementor-widget-text-editor\" data-id=\"4f63cc9\" data-element_type=\"widget\" data-e-type=\"widget\" data-widget_type=\"text-editor.default\">\n\t\t\t\t<div class=\"elementor-widget-container\">\n\t\t\t\t\t\t\t\t\t<p style=\"text-align: center;\">Mus\u00e9e de l&#8217;Air et de l&#8217;Espace<\/p>\t\t\t\t\t\t\t\t<\/div>\n\t\t\t\t<\/div>\n\t\t\t\t\t<\/div>\n\t\t<\/div>\n\t\t\t\t<div class=\"elementor-column elementor-col-20 elementor-top-column elementor-element elementor-element-20f3c10\" data-id=\"20f3c10\" data-element_type=\"column\" data-e-type=\"column\">\n\t\t\t<div class=\"elementor-widget-wrap elementor-element-populated\">\n\t\t\t\t\t\t<div class=\"elementor-element elementor-element-e57cb74 elementor-widget elementor-widget-spacer\" data-id=\"e57cb74\" data-element_type=\"widget\" data-e-type=\"widget\" data-widget_type=\"spacer.default\">\n\t\t\t\t<div class=\"elementor-widget-container\">\n\t\t\t\t\t\t\t<div class=\"elementor-spacer\">\n\t\t\t<div class=\"elementor-spacer-inner\"><\/div>\n\t\t<\/div>\n\t\t\t\t\t\t<\/div>\n\t\t\t\t<\/div>\n\t\t\t\t<div class=\"elementor-element elementor-element-029bb2b elementor-invisible elementor-widget elementor-widget-image\" data-id=\"029bb2b\" data-element_type=\"widget\" data-e-type=\"widget\" data-settings=\"{&quot;_animation&quot;:&quot;fadeIn&quot;}\" data-widget_type=\"image.default\">\n\t\t\t\t<div class=\"elementor-widget-container\">\n\t\t\t\t\t\t\t\t\t\t\t\t\t\t\t\t<a href=\"http:\/\/avions.auzeau.fr\/manifestations-musees\/reserves-mae\/\">\n\t\t\t\t\t\t\t<img fetchpriority=\"high\" decoding=\"async\" width=\"400\" height=\"365\" src=\"https:\/\/www.auzeau.fr\/avions\/wp-content\/uploads\/Affiches\/MAE.jpg\" class=\"elementor-animation-shrink attachment-large size-large wp-image-193\" alt=\"\" srcset=\"https:\/\/www.auzeau.fr\/avions\/wp-content\/uploads\/Affiches\/MAE.jpg 400w, https:\/\/www.auzeau.fr\/avions\/wp-content\/uploads\/Affiches\/MAE-300x274.jpg 300w\" sizes=\"(max-width: 400px) 100vw, 400px\" \/>\t\t\t\t\t\t\t\t<\/a>\n\t\t\t\t\t\t\t\t\t\t\t\t\t\t\t<\/div>\n\t\t\t\t<\/div>\n\t\t\t\t<div class=\"elementor-element elementor-element-ff12872 elementor-widget elementor-widget-spacer\" data-id=\"ff12872\" data-element_type=\"widget\" data-e-type=\"widget\" data-widget_type=\"spacer.default\">\n\t\t\t\t<div class=\"elementor-widget-container\">\n\t\t\t\t\t\t\t<div class=\"elementor-spacer\">\n\t\t\t<div class=\"elementor-spacer-inner\"><\/div>\n\t\t<\/div>\n\t\t\t\t\t\t<\/div>\n\t\t\t\t<\/div>\n\t\t\t\t<div class=\"elementor-element elementor-element-d0fa35b elementor-widget elementor-widget-text-editor\" data-id=\"d0fa35b\" data-element_type=\"widget\" data-e-type=\"widget\" data-widget_type=\"text-editor.default\">\n\t\t\t\t<div class=\"elementor-widget-container\">\n\t\t\t\t\t\t\t\t\t<p style=\"text-align: center;\">R\u00e9serves du Mus\u00e9e de l&#8217;Air et de l&#8217;Espace<\/p>\t\t\t\t\t\t\t\t<\/div>\n\t\t\t\t<\/div>\n\t\t\t\t\t<\/div>\n\t\t<\/div>\n\t\t\t\t<div class=\"elementor-column elementor-col-20 elementor-top-column elementor-element elementor-element-f0d5c60\" data-id=\"f0d5c60\" data-element_type=\"column\" data-e-type=\"column\">\n\t\t\t<div class=\"elementor-widget-wrap elementor-element-populated\">\n\t\t\t\t\t\t<div class=\"elementor-element elementor-element-b86ba9c elementor-invisible elementor-widget elementor-widget-image\" data-id=\"b86ba9c\" data-element_type=\"widget\" data-e-type=\"widget\" data-settings=\"{&quot;_animation&quot;:&quot;fadeIn&quot;}\" data-widget_type=\"image.default\">\n\t\t\t\t<div class=\"elementor-widget-container\">\n\t\t\t\t\t\t\t\t\t\t\t\t\t\t\t\t<a href=\"http:\/\/avions.auzeau.fr\/manifestations-musees\/salon-du-bourget-2009\/\">\n\t\t\t\t\t\t\t<img decoding=\"async\" width=\"250\" height=\"350\" src=\"https:\/\/www.auzeau.fr\/avions\/wp-content\/uploads\/Affiches\/salon-du-bourget-bis1.jpg\" class=\"elementor-animation-shrink attachment-large size-large wp-image-203\" alt=\"\" srcset=\"https:\/\/www.auzeau.fr\/avions\/wp-content\/uploads\/Affiches\/salon-du-bourget-bis1.jpg 250w, https:\/\/www.auzeau.fr\/avions\/wp-content\/uploads\/Affiches\/salon-du-bourget-bis1-214x300.jpg 214w\" sizes=\"(max-width: 250px) 100vw, 250px\" \/>\t\t\t\t\t\t\t\t<\/a>\n\t\t\t\t\t\t\t\t\t\t\t\t\t\t\t<\/div>\n\t\t\t\t<\/div>\n\t\t\t\t<div class=\"elementor-element elementor-element-db9b872 elementor-widget elementor-widget-text-editor\" data-id=\"db9b872\" data-element_type=\"widget\" data-e-type=\"widget\" data-widget_type=\"text-editor.default\">\n\t\t\t\t<div class=\"elementor-widget-container\">\n\t\t\t\t\t\t\t\t\t<p style=\"text-align: center;\">Salon du Bourget 2009<\/p>\t\t\t\t\t\t\t\t<\/div>\n\t\t\t\t<\/div>\n\t\t\t\t\t<\/div>\n\t\t<\/div>\n\t\t\t\t<div class=\"elementor-column elementor-col-20 elementor-top-column elementor-element elementor-element-4dd0add\" data-id=\"4dd0add\" data-element_type=\"column\" data-e-type=\"column\">\n\t\t\t<div class=\"elementor-widget-wrap elementor-element-populated\">\n\t\t\t\t\t\t<div class=\"elementor-element elementor-element-66eee37 elementor-invisible elementor-widget elementor-widget-image\" data-id=\"66eee37\" data-element_type=\"widget\" data-e-type=\"widget\" data-settings=\"{&quot;_animation&quot;:&quot;fadeIn&quot;}\" data-widget_type=\"image.default\">\n\t\t\t\t<div class=\"elementor-widget-container\">\n\t\t\t\t\t\t\t\t\t\t\t\t\t\t\t\t<a href=\"http:\/\/avions.auzeau.fr\/manifestations-musees\/evreux-2012\/\">\n\t\t\t\t\t\t\t<img decoding=\"async\" width=\"302\" height=\"400\" src=\"https:\/\/www.auzeau.fr\/avions\/wp-content\/uploads\/Affiches\/Evreux_2012.jpg\" class=\"elementor-animation-shrink attachment-large size-large wp-image-212\" alt=\"\" srcset=\"https:\/\/www.auzeau.fr\/avions\/wp-content\/uploads\/Affiches\/Evreux_2012.jpg 302w, https:\/\/www.auzeau.fr\/avions\/wp-content\/uploads\/Affiches\/Evreux_2012-227x300.jpg 227w\" sizes=\"(max-width: 302px) 100vw, 302px\" \/>\t\t\t\t\t\t\t\t<\/a>\n\t\t\t\t\t\t\t\t\t\t\t\t\t\t\t<\/div>\n\t\t\t\t<\/div>\n\t\t\t\t<div class=\"elementor-element elementor-element-3209339 elementor-widget elementor-widget-text-editor\" data-id=\"3209339\" data-element_type=\"widget\" data-e-type=\"widget\" data-widget_type=\"text-editor.default\">\n\t\t\t\t<div class=\"elementor-widget-container\">\n\t\t\t\t\t\t\t\t\t<p style=\"text-align: center;\">Journ\u00e9e de la BA105 \u00c9vreux 2012<\/p>\t\t\t\t\t\t\t\t<\/div>\n\t\t\t\t<\/div>\n\t\t\t\t\t<\/div>\n\t\t<\/div>\n\t\t\t\t<div class=\"elementor-column elementor-col-20 elementor-top-column elementor-element elementor-element-5ffe5d8\" data-id=\"5ffe5d8\" data-element_type=\"column\" data-e-type=\"column\">\n\t\t\t<div class=\"elementor-widget-wrap elementor-element-populated\">\n\t\t\t\t\t\t<div class=\"elementor-element elementor-element-6dfef36 elementor-widget elementor-widget-spacer\" data-id=\"6dfef36\" data-element_type=\"widget\" data-e-type=\"widget\" data-widget_type=\"spacer.default\">\n\t\t\t\t<div class=\"elementor-widget-container\">\n\t\t\t\t\t\t\t<div class=\"elementor-spacer\">\n\t\t\t<div class=\"elementor-spacer-inner\"><\/div>\n\t\t<\/div>\n\t\t\t\t\t\t<\/div>\n\t\t\t\t<\/div>\n\t\t\t\t<div class=\"elementor-element elementor-element-6229e8e elementor-invisible elementor-widget elementor-widget-image\" data-id=\"6229e8e\" data-element_type=\"widget\" data-e-type=\"widget\" data-settings=\"{&quot;_animation&quot;:&quot;fadeIn&quot;}\" data-widget_type=\"image.default\">\n\t\t\t\t<div class=\"elementor-widget-container\">\n\t\t\t\t\t\t\t\t\t\t\t\t\t\t\t\t<a href=\"http:\/\/avions.auzeau.fr\/manifestations-musees\/carrefour-de-l-air-2013\/\">\n\t\t\t\t\t\t\t<img loading=\"lazy\" decoding=\"async\" width=\"400\" height=\"400\" src=\"https:\/\/www.auzeau.fr\/avions\/wp-content\/uploads\/Affiches\/F-AZTE_Douglas_DC3_LFPB_12-04-2015_002.jpg\" class=\"elementor-animation-shrink attachment-large size-large wp-image-189\" alt=\"\" srcset=\"https:\/\/www.auzeau.fr\/avions\/wp-content\/uploads\/Affiches\/F-AZTE_Douglas_DC3_LFPB_12-04-2015_002.jpg 400w, https:\/\/www.auzeau.fr\/avions\/wp-content\/uploads\/Affiches\/F-AZTE_Douglas_DC3_LFPB_12-04-2015_002-150x150.jpg 150w, https:\/\/www.auzeau.fr\/avions\/wp-content\/uploads\/Affiches\/F-AZTE_Douglas_DC3_LFPB_12-04-2015_002-300x300.jpg 300w\" sizes=\"(max-width: 400px) 100vw, 400px\" \/>\t\t\t\t\t\t\t\t<\/a>\n\t\t\t\t\t\t\t\t\t\t\t\t\t\t\t<\/div>\n\t\t\t\t<\/div>\n\t\t\t\t<div class=\"elementor-element elementor-element-2a823aa elementor-widget elementor-widget-spacer\" data-id=\"2a823aa\" data-element_type=\"widget\" data-e-type=\"widget\" data-widget_type=\"spacer.default\">\n\t\t\t\t<div class=\"elementor-widget-container\">\n\t\t\t\t\t\t\t<div class=\"elementor-spacer\">\n\t\t\t<div class=\"elementor-spacer-inner\"><\/div>\n\t\t<\/div>\n\t\t\t\t\t\t<\/div>\n\t\t\t\t<\/div>\n\t\t\t\t<div class=\"elementor-element elementor-element-d6a2bcb elementor-widget elementor-widget-text-editor\" data-id=\"d6a2bcb\" data-element_type=\"widget\" data-e-type=\"widget\" data-widget_type=\"text-editor.default\">\n\t\t\t\t<div class=\"elementor-widget-container\">\n\t\t\t\t\t\t\t\t\t<p style=\"text-align: center;\">Carrefour de l&#8217;Air 2013<\/p>\t\t\t\t\t\t\t\t<\/div>\n\t\t\t\t<\/div>\n\t\t\t\t\t<\/div>\n\t\t<\/div>\n\t\t\t\t\t<\/div>\n\t\t<\/section>\n\t\t\t\t<section class=\"elementor-section elementor-top-section elementor-element elementor-element-1de7bee elementor-section-boxed elementor-section-height-default elementor-section-height-default\" data-id=\"1de7bee\" data-element_type=\"section\" data-e-type=\"section\">\n\t\t\t\t\t\t<div class=\"elementor-container elementor-column-gap-default\">\n\t\t\t\t\t<div class=\"elementor-column elementor-col-20 elementor-top-column elementor-element elementor-element-32baffc\" data-id=\"32baffc\" data-element_type=\"column\" data-e-type=\"column\">\n\t\t\t<div class=\"elementor-widget-wrap elementor-element-populated\">\n\t\t\t\t\t\t<div class=\"elementor-element elementor-element-119a9c3 elementor-widget elementor-widget-spacer\" data-id=\"119a9c3\" data-element_type=\"widget\" data-e-type=\"widget\" data-widget_type=\"spacer.default\">\n\t\t\t\t<div class=\"elementor-widget-container\">\n\t\t\t\t\t\t\t<div class=\"elementor-spacer\">\n\t\t\t<div class=\"elementor-spacer-inner\"><\/div>\n\t\t<\/div>\n\t\t\t\t\t\t<\/div>\n\t\t\t\t<\/div>\n\t\t\t\t<div class=\"elementor-element elementor-element-8cba7a6 elementor-invisible elementor-widget elementor-widget-image\" data-id=\"8cba7a6\" data-element_type=\"widget\" data-e-type=\"widget\" data-settings=\"{&quot;_animation&quot;:&quot;fadeIn&quot;}\" data-widget_type=\"image.default\">\n\t\t\t\t<div class=\"elementor-widget-container\">\n\t\t\t\t\t\t\t\t\t\t\t\t\t\t\t\t<a href=\"http:\/\/avions.auzeau.fr\/manifestations-musees\/carrefour-de-l-air-2014\/\">\n\t\t\t\t\t\t\t<img loading=\"lazy\" decoding=\"async\" width=\"400\" height=\"400\" src=\"https:\/\/www.auzeau.fr\/avions\/wp-content\/uploads\/Affiches\/F-AZTE_Douglas_DC3_LFPB_12-04-2015_002.jpg\" class=\"elementor-animation-shrink attachment-large size-large wp-image-189\" alt=\"\" srcset=\"https:\/\/www.auzeau.fr\/avions\/wp-content\/uploads\/Affiches\/F-AZTE_Douglas_DC3_LFPB_12-04-2015_002.jpg 400w, https:\/\/www.auzeau.fr\/avions\/wp-content\/uploads\/Affiches\/F-AZTE_Douglas_DC3_LFPB_12-04-2015_002-150x150.jpg 150w, https:\/\/www.auzeau.fr\/avions\/wp-content\/uploads\/Affiches\/F-AZTE_Douglas_DC3_LFPB_12-04-2015_002-300x300.jpg 300w\" sizes=\"(max-width: 400px) 100vw, 400px\" \/>\t\t\t\t\t\t\t\t<\/a>\n\t\t\t\t\t\t\t\t\t\t\t\t\t\t\t<\/div>\n\t\t\t\t<\/div>\n\t\t\t\t<div class=\"elementor-element elementor-element-05f439e elementor-widget elementor-widget-spacer\" data-id=\"05f439e\" data-element_type=\"widget\" data-e-type=\"widget\" data-widget_type=\"spacer.default\">\n\t\t\t\t<div class=\"elementor-widget-container\">\n\t\t\t\t\t\t\t<div class=\"elementor-spacer\">\n\t\t\t<div class=\"elementor-spacer-inner\"><\/div>\n\t\t<\/div>\n\t\t\t\t\t\t<\/div>\n\t\t\t\t<\/div>\n\t\t\t\t<div class=\"elementor-element elementor-element-99fed7b elementor-widget elementor-widget-text-editor\" data-id=\"99fed7b\" data-element_type=\"widget\" data-e-type=\"widget\" data-widget_type=\"text-editor.default\">\n\t\t\t\t<div class=\"elementor-widget-container\">\n\t\t\t\t\t\t\t\t\t<p style=\"text-align: center;\">Carrefour de l&#8217;Air 2014<\/p>\t\t\t\t\t\t\t\t<\/div>\n\t\t\t\t<\/div>\n\t\t\t\t\t<\/div>\n\t\t<\/div>\n\t\t\t\t<div class=\"elementor-column elementor-col-20 elementor-top-column elementor-element elementor-element-195ef39\" data-id=\"195ef39\" data-element_type=\"column\" data-e-type=\"column\">\n\t\t\t<div class=\"elementor-widget-wrap elementor-element-populated\">\n\t\t\t\t\t\t<div class=\"elementor-element elementor-element-e70f2b8 elementor-widget elementor-widget-spacer\" data-id=\"e70f2b8\" data-element_type=\"widget\" data-e-type=\"widget\" data-widget_type=\"spacer.default\">\n\t\t\t\t<div class=\"elementor-widget-container\">\n\t\t\t\t\t\t\t<div class=\"elementor-spacer\">\n\t\t\t<div class=\"elementor-spacer-inner\"><\/div>\n\t\t<\/div>\n\t\t\t\t\t\t<\/div>\n\t\t\t\t<\/div>\n\t\t\t\t<div class=\"elementor-element elementor-element-9046b51 elementor-invisible elementor-widget elementor-widget-image\" data-id=\"9046b51\" data-element_type=\"widget\" data-e-type=\"widget\" data-settings=\"{&quot;_animation&quot;:&quot;fadeIn&quot;}\" data-widget_type=\"image.default\">\n\t\t\t\t<div class=\"elementor-widget-container\">\n\t\t\t\t\t\t\t\t\t\t\t\t\t\t\t\t<a href=\"http:\/\/avions.auzeau.fr\/manifestations-musees\/carrefour-de-l-air-2015\/\">\n\t\t\t\t\t\t\t<img loading=\"lazy\" decoding=\"async\" width=\"400\" height=\"400\" src=\"https:\/\/www.auzeau.fr\/avions\/wp-content\/uploads\/Affiches\/F-AZTE_Douglas_DC3_LFPB_12-04-2015_002.jpg\" class=\"elementor-animation-shrink attachment-large size-large wp-image-189\" alt=\"\" srcset=\"https:\/\/www.auzeau.fr\/avions\/wp-content\/uploads\/Affiches\/F-AZTE_Douglas_DC3_LFPB_12-04-2015_002.jpg 400w, https:\/\/www.auzeau.fr\/avions\/wp-content\/uploads\/Affiches\/F-AZTE_Douglas_DC3_LFPB_12-04-2015_002-150x150.jpg 150w, https:\/\/www.auzeau.fr\/avions\/wp-content\/uploads\/Affiches\/F-AZTE_Douglas_DC3_LFPB_12-04-2015_002-300x300.jpg 300w\" sizes=\"(max-width: 400px) 100vw, 400px\" \/>\t\t\t\t\t\t\t\t<\/a>\n\t\t\t\t\t\t\t\t\t\t\t\t\t\t\t<\/div>\n\t\t\t\t<\/div>\n\t\t\t\t<div class=\"elementor-element elementor-element-73913f5 elementor-widget elementor-widget-spacer\" data-id=\"73913f5\" data-element_type=\"widget\" data-e-type=\"widget\" data-widget_type=\"spacer.default\">\n\t\t\t\t<div class=\"elementor-widget-container\">\n\t\t\t\t\t\t\t<div class=\"elementor-spacer\">\n\t\t\t<div class=\"elementor-spacer-inner\"><\/div>\n\t\t<\/div>\n\t\t\t\t\t\t<\/div>\n\t\t\t\t<\/div>\n\t\t\t\t<div class=\"elementor-element elementor-element-3b38269 elementor-widget elementor-widget-text-editor\" data-id=\"3b38269\" data-element_type=\"widget\" data-e-type=\"widget\" data-widget_type=\"text-editor.default\">\n\t\t\t\t<div class=\"elementor-widget-container\">\n\t\t\t\t\t\t\t\t\t<p style=\"text-align: center;\">Carrefour de l&#8217;Air 2015<\/p>\t\t\t\t\t\t\t\t<\/div>\n\t\t\t\t<\/div>\n\t\t\t\t\t<\/div>\n\t\t<\/div>\n\t\t\t\t<div class=\"elementor-column elementor-col-20 elementor-top-column elementor-element elementor-element-eec9f9f\" data-id=\"eec9f9f\" data-element_type=\"column\" data-e-type=\"column\">\n\t\t\t<div class=\"elementor-widget-wrap elementor-element-populated\">\n\t\t\t\t\t\t<div class=\"elementor-element elementor-element-114ba92 elementor-invisible elementor-widget elementor-widget-image\" data-id=\"114ba92\" data-element_type=\"widget\" data-e-type=\"widget\" data-settings=\"{&quot;_animation&quot;:&quot;fadeIn&quot;}\" data-widget_type=\"image.default\">\n\t\t\t\t<div class=\"elementor-widget-container\">\n\t\t\t\t\t\t\t\t\t\t\t\t\t\t\t\t<a href=\"http:\/\/avions.auzeau.fr\/manifestations-musees\/lanveoc-poulmic-2015\/\">\n\t\t\t\t\t\t\t<img loading=\"lazy\" decoding=\"async\" width=\"282\" height=\"400\" src=\"https:\/\/www.auzeau.fr\/avions\/wp-content\/uploads\/Affiches\/Lanveoc_2015.jpg\" class=\"elementor-animation-shrink attachment-large size-large wp-image-199\" alt=\"\" srcset=\"https:\/\/www.auzeau.fr\/avions\/wp-content\/uploads\/Affiches\/Lanveoc_2015.jpg 282w, https:\/\/www.auzeau.fr\/avions\/wp-content\/uploads\/Affiches\/Lanveoc_2015-212x300.jpg 212w\" sizes=\"(max-width: 282px) 100vw, 282px\" \/>\t\t\t\t\t\t\t\t<\/a>\n\t\t\t\t\t\t\t\t\t\t\t\t\t\t\t<\/div>\n\t\t\t\t<\/div>\n\t\t\t\t<div class=\"elementor-element elementor-element-b2e907c elementor-widget elementor-widget-text-editor\" data-id=\"b2e907c\" data-element_type=\"widget\" data-e-type=\"widget\" data-widget_type=\"text-editor.default\">\n\t\t\t\t<div class=\"elementor-widget-container\">\n\t\t\t\t\t\t\t\t\t<p style=\"text-align: center;\">Portes ouvertes BAN Lanv\u00e9oc-Poulmic<\/p>\t\t\t\t\t\t\t\t<\/div>\n\t\t\t\t<\/div>\n\t\t\t\t\t<\/div>\n\t\t<\/div>\n\t\t\t\t<div class=\"elementor-column elementor-col-20 elementor-top-column elementor-element elementor-element-8d6ff30\" data-id=\"8d6ff30\" data-element_type=\"column\" data-e-type=\"column\">\n\t\t\t<div class=\"elementor-widget-wrap elementor-element-populated\">\n\t\t\t\t\t\t<div class=\"elementor-element elementor-element-40481fa elementor-widget elementor-widget-spacer\" data-id=\"40481fa\" data-element_type=\"widget\" data-e-type=\"widget\" data-widget_type=\"spacer.default\">\n\t\t\t\t<div class=\"elementor-widget-container\">\n\t\t\t\t\t\t\t<div class=\"elementor-spacer\">\n\t\t\t<div class=\"elementor-spacer-inner\"><\/div>\n\t\t<\/div>\n\t\t\t\t\t\t<\/div>\n\t\t\t\t<\/div>\n\t\t\t\t<div class=\"elementor-element elementor-element-60b520d elementor-invisible elementor-widget elementor-widget-image\" data-id=\"60b520d\" data-element_type=\"widget\" data-e-type=\"widget\" data-settings=\"{&quot;_animation&quot;:&quot;fadeIn&quot;}\" data-widget_type=\"image.default\">\n\t\t\t\t<div class=\"elementor-widget-container\">\n\t\t\t\t\t\t\t\t\t\t\t\t\t\t\t\t<a href=\"http:\/\/avions.auzeau.fr\/manifestations-musees\/carrefour-de-l-air-2017\/\">\n\t\t\t\t\t\t\t<img loading=\"lazy\" decoding=\"async\" width=\"400\" height=\"400\" src=\"https:\/\/www.auzeau.fr\/avions\/wp-content\/uploads\/Affiches\/F-AZTE_Douglas_DC3_LFPB_12-04-2015_002.jpg\" class=\"elementor-animation-shrink attachment-large size-large wp-image-189\" alt=\"\" srcset=\"https:\/\/www.auzeau.fr\/avions\/wp-content\/uploads\/Affiches\/F-AZTE_Douglas_DC3_LFPB_12-04-2015_002.jpg 400w, https:\/\/www.auzeau.fr\/avions\/wp-content\/uploads\/Affiches\/F-AZTE_Douglas_DC3_LFPB_12-04-2015_002-150x150.jpg 150w, https:\/\/www.auzeau.fr\/avions\/wp-content\/uploads\/Affiches\/F-AZTE_Douglas_DC3_LFPB_12-04-2015_002-300x300.jpg 300w\" sizes=\"(max-width: 400px) 100vw, 400px\" \/>\t\t\t\t\t\t\t\t<\/a>\n\t\t\t\t\t\t\t\t\t\t\t\t\t\t\t<\/div>\n\t\t\t\t<\/div>\n\t\t\t\t<div class=\"elementor-element elementor-element-f139065 elementor-widget elementor-widget-spacer\" data-id=\"f139065\" data-element_type=\"widget\" data-e-type=\"widget\" data-widget_type=\"spacer.default\">\n\t\t\t\t<div class=\"elementor-widget-container\">\n\t\t\t\t\t\t\t<div class=\"elementor-spacer\">\n\t\t\t<div class=\"elementor-spacer-inner\"><\/div>\n\t\t<\/div>\n\t\t\t\t\t\t<\/div>\n\t\t\t\t<\/div>\n\t\t\t\t<div class=\"elementor-element elementor-element-77e5e84 elementor-widget elementor-widget-text-editor\" data-id=\"77e5e84\" data-element_type=\"widget\" data-e-type=\"widget\" data-widget_type=\"text-editor.default\">\n\t\t\t\t<div class=\"elementor-widget-container\">\n\t\t\t\t\t\t\t\t\t<p style=\"text-align: center;\">Carrefour de l&#8217;Air 2017<\/p>\t\t\t\t\t\t\t\t<\/div>\n\t\t\t\t<\/div>\n\t\t\t\t\t<\/div>\n\t\t<\/div>\n\t\t\t\t<div class=\"elementor-column elementor-col-20 elementor-top-column elementor-element elementor-element-4bb14cb\" data-id=\"4bb14cb\" data-element_type=\"column\" data-e-type=\"column\">\n\t\t\t<div class=\"elementor-widget-wrap elementor-element-populated\">\n\t\t\t\t\t\t<div class=\"elementor-element elementor-element-33f4dba elementor-widget elementor-widget-spacer\" data-id=\"33f4dba\" data-element_type=\"widget\" data-e-type=\"widget\" data-widget_type=\"spacer.default\">\n\t\t\t\t<div class=\"elementor-widget-container\">\n\t\t\t\t\t\t\t<div class=\"elementor-spacer\">\n\t\t\t<div class=\"elementor-spacer-inner\"><\/div>\n\t\t<\/div>\n\t\t\t\t\t\t<\/div>\n\t\t\t\t<\/div>\n\t\t\t\t<div class=\"elementor-element elementor-element-fb86cd2 elementor-invisible elementor-widget elementor-widget-image\" data-id=\"fb86cd2\" data-element_type=\"widget\" data-e-type=\"widget\" data-settings=\"{&quot;_animation&quot;:&quot;fadeIn&quot;}\" data-widget_type=\"image.default\">\n\t\t\t\t<div class=\"elementor-widget-container\">\n\t\t\t\t\t\t\t\t\t\t\t\t\t\t\t\t<a href=\"http:\/\/avions.auzeau.fr\/manifestations-musees\/landivisiau-2017\/\">\n\t\t\t\t\t\t\t<img loading=\"lazy\" decoding=\"async\" width=\"422\" height=\"422\" src=\"https:\/\/www.auzeau.fr\/avions\/wp-content\/uploads\/Affiches\/NatoTigerMet_2017.png\" class=\"elementor-animation-shrink attachment-large size-large wp-image-194\" alt=\"\" srcset=\"https:\/\/www.auzeau.fr\/avions\/wp-content\/uploads\/Affiches\/NatoTigerMet_2017.png 422w, https:\/\/www.auzeau.fr\/avions\/wp-content\/uploads\/Affiches\/NatoTigerMet_2017-150x150.png 150w, https:\/\/www.auzeau.fr\/avions\/wp-content\/uploads\/Affiches\/NatoTigerMet_2017-300x300.png 300w\" sizes=\"(max-width: 422px) 100vw, 422px\" \/>\t\t\t\t\t\t\t\t<\/a>\n\t\t\t\t\t\t\t\t\t\t\t\t\t\t\t<\/div>\n\t\t\t\t<\/div>\n\t\t\t\t<div class=\"elementor-element elementor-element-778107e elementor-widget elementor-widget-spacer\" data-id=\"778107e\" data-element_type=\"widget\" data-e-type=\"widget\" data-widget_type=\"spacer.default\">\n\t\t\t\t<div class=\"elementor-widget-container\">\n\t\t\t\t\t\t\t<div class=\"elementor-spacer\">\n\t\t\t<div class=\"elementor-spacer-inner\"><\/div>\n\t\t<\/div>\n\t\t\t\t\t\t<\/div>\n\t\t\t\t<\/div>\n\t\t\t\t<div class=\"elementor-element elementor-element-f36fae2 elementor-widget elementor-widget-text-editor\" data-id=\"f36fae2\" data-element_type=\"widget\" data-e-type=\"widget\" data-widget_type=\"text-editor.default\">\n\t\t\t\t<div class=\"elementor-widget-container\">\n\t\t\t\t\t\t\t\t\t<p style=\"text-align: center;\">Nato Tiger Meet 2017 BAN Landivisiau<\/p>\t\t\t\t\t\t\t\t<\/div>\n\t\t\t\t<\/div>\n\t\t\t\t\t<\/div>\n\t\t<\/div>\n\t\t\t\t\t<\/div>\n\t\t<\/section>\n\t\t\t\t<section class=\"elementor-section elementor-top-section elementor-element elementor-element-1363247 elementor-section-boxed elementor-section-height-default elementor-section-height-default\" data-id=\"1363247\" data-element_type=\"section\" data-e-type=\"section\">\n\t\t\t\t\t\t<div class=\"elementor-container elementor-column-gap-default\">\n\t\t\t\t\t<div class=\"elementor-column elementor-col-20 elementor-top-column elementor-element elementor-element-2dcb1a6\" data-id=\"2dcb1a6\" data-element_type=\"column\" data-e-type=\"column\">\n\t\t\t<div class=\"elementor-widget-wrap elementor-element-populated\">\n\t\t\t\t\t\t<div class=\"elementor-element elementor-element-7a27c0c elementor-widget elementor-widget-spacer\" data-id=\"7a27c0c\" data-element_type=\"widget\" data-e-type=\"widget\" data-widget_type=\"spacer.default\">\n\t\t\t\t<div class=\"elementor-widget-container\">\n\t\t\t\t\t\t\t<div class=\"elementor-spacer\">\n\t\t\t<div class=\"elementor-spacer-inner\"><\/div>\n\t\t<\/div>\n\t\t\t\t\t\t<\/div>\n\t\t\t\t<\/div>\n\t\t\t\t<div class=\"elementor-element elementor-element-55729c8 elementor-invisible elementor-widget elementor-widget-image\" data-id=\"55729c8\" data-element_type=\"widget\" data-e-type=\"widget\" data-settings=\"{&quot;_animation&quot;:&quot;fadeIn&quot;}\" data-widget_type=\"image.default\">\n\t\t\t\t<div class=\"elementor-widget-container\">\n\t\t\t\t\t\t\t\t\t\t\t\t\t\t\t\t<a href=\"http:\/\/avions.auzeau.fr\/manifestations-musees\/mont-de-marsan-2019\/\">\n\t\t\t\t\t\t\t<img loading=\"lazy\" decoding=\"async\" width=\"200\" height=\"200\" src=\"https:\/\/www.auzeau.fr\/avions\/wp-content\/uploads\/Affiches\/NatoTigerMeet_2019.png\" class=\"elementor-animation-shrink attachment-large size-large wp-image-4112\" alt=\"\" srcset=\"https:\/\/www.auzeau.fr\/avions\/wp-content\/uploads\/Affiches\/NatoTigerMeet_2019.png 200w, https:\/\/www.auzeau.fr\/avions\/wp-content\/uploads\/Affiches\/NatoTigerMeet_2019-150x150.png 150w\" sizes=\"(max-width: 200px) 100vw, 200px\" \/>\t\t\t\t\t\t\t\t<\/a>\n\t\t\t\t\t\t\t\t\t\t\t\t\t\t\t<\/div>\n\t\t\t\t<\/div>\n\t\t\t\t<div class=\"elementor-element elementor-element-d1eb894 elementor-widget elementor-widget-spacer\" data-id=\"d1eb894\" data-element_type=\"widget\" data-e-type=\"widget\" data-widget_type=\"spacer.default\">\n\t\t\t\t<div class=\"elementor-widget-container\">\n\t\t\t\t\t\t\t<div class=\"elementor-spacer\">\n\t\t\t<div class=\"elementor-spacer-inner\"><\/div>\n\t\t<\/div>\n\t\t\t\t\t\t<\/div>\n\t\t\t\t<\/div>\n\t\t\t\t<div class=\"elementor-element elementor-element-db179c2 elementor-widget elementor-widget-text-editor\" data-id=\"db179c2\" data-element_type=\"widget\" data-e-type=\"widget\" data-widget_type=\"text-editor.default\">\n\t\t\t\t<div class=\"elementor-widget-container\">\n\t\t\t\t\t\t\t\t\t<p style=\"text-align: center;\">Nato Tiger Meet 2019 BA118 Mont-de-Marsan<\/p>\t\t\t\t\t\t\t\t<\/div>\n\t\t\t\t<\/div>\n\t\t\t\t\t<\/div>\n\t\t<\/div>\n\t\t\t\t<div class=\"elementor-column elementor-col-20 elementor-top-column elementor-element elementor-element-3c0a8b5\" data-id=\"3c0a8b5\" data-element_type=\"column\" data-e-type=\"column\">\n\t\t\t<div class=\"elementor-widget-wrap elementor-element-populated\">\n\t\t\t\t\t\t<div class=\"elementor-element elementor-element-d6147e3 elementor-invisible elementor-widget elementor-widget-image\" data-id=\"d6147e3\" data-element_type=\"widget\" data-e-type=\"widget\" data-settings=\"{&quot;_animation&quot;:&quot;fadeIn&quot;}\" data-widget_type=\"image.default\">\n\t\t\t\t<div class=\"elementor-widget-container\">\n\t\t\t\t\t\t\t\t\t\t\t\t\t\t\t\t<a href=\"http:\/\/avions.auzeau.fr\/manifestations-musees\/l-birds-back-to-normandy-2019\/\">\n\t\t\t\t\t\t\t<img loading=\"lazy\" decoding=\"async\" width=\"283\" height=\"400\" src=\"https:\/\/www.auzeau.fr\/avions\/wp-content\/uploads\/Affiches\/L-Birds_2019.png\" class=\"elementor-animation-shrink attachment-large size-large wp-image-4190\" alt=\"\" srcset=\"https:\/\/www.auzeau.fr\/avions\/wp-content\/uploads\/Affiches\/L-Birds_2019.png 283w, https:\/\/www.auzeau.fr\/avions\/wp-content\/uploads\/Affiches\/L-Birds_2019-212x300.png 212w\" sizes=\"(max-width: 283px) 100vw, 283px\" \/>\t\t\t\t\t\t\t\t<\/a>\n\t\t\t\t\t\t\t\t\t\t\t\t\t\t\t<\/div>\n\t\t\t\t<\/div>\n\t\t\t\t<div class=\"elementor-element elementor-element-c19b45f elementor-widget elementor-widget-text-editor\" data-id=\"c19b45f\" data-element_type=\"widget\" data-e-type=\"widget\" data-widget_type=\"text-editor.default\">\n\t\t\t\t<div class=\"elementor-widget-container\">\n\t\t\t\t\t\t\t\t\t<p style=\"text-align: center;\">L-BIRDS back to NORMANDY Saint-Andr\u00e9-de-l&#8217;Eure<\/p>\t\t\t\t\t\t\t\t<\/div>\n\t\t\t\t<\/div>\n\t\t\t\t\t<\/div>\n\t\t<\/div>\n\t\t\t\t<div class=\"elementor-column elementor-col-20 elementor-top-column elementor-element elementor-element-96ab4ef\" data-id=\"96ab4ef\" data-element_type=\"column\" data-e-type=\"column\">\n\t\t\t<div class=\"elementor-widget-wrap elementor-element-populated\">\n\t\t\t\t\t\t<div class=\"elementor-element elementor-element-082b437 elementor-widget elementor-widget-spacer\" data-id=\"082b437\" data-element_type=\"widget\" data-e-type=\"widget\" data-widget_type=\"spacer.default\">\n\t\t\t\t<div class=\"elementor-widget-container\">\n\t\t\t\t\t\t\t<div class=\"elementor-spacer\">\n\t\t\t<div class=\"elementor-spacer-inner\"><\/div>\n\t\t<\/div>\n\t\t\t\t\t\t<\/div>\n\t\t\t\t<\/div>\n\t\t\t\t<div class=\"elementor-element elementor-element-f3a50ac elementor-invisible elementor-widget elementor-widget-image\" data-id=\"f3a50ac\" data-element_type=\"widget\" data-e-type=\"widget\" data-settings=\"{&quot;_animation&quot;:&quot;fadeIn&quot;}\" data-widget_type=\"image.default\">\n\t\t\t\t<div class=\"elementor-widget-container\">\n\t\t\t\t\t\t\t\t\t\t\t\t\t\t\t\t<a href=\"http:\/\/avions.auzeau.fr\/manifestations-musees\/chateau-de-savigny-les-beaune\/\">\n\t\t\t\t\t\t\t<img loading=\"lazy\" decoding=\"async\" width=\"640\" height=\"402\" src=\"https:\/\/www.auzeau.fr\/avions\/wp-content\/uploads\/Affiches\/Beaune.jpg\" class=\"elementor-animation-shrink attachment-large size-large wp-image-5929\" alt=\"\" srcset=\"https:\/\/www.auzeau.fr\/avions\/wp-content\/uploads\/Affiches\/Beaune.jpg 800w, https:\/\/www.auzeau.fr\/avions\/wp-content\/uploads\/Affiches\/Beaune-300x189.jpg 300w, https:\/\/www.auzeau.fr\/avions\/wp-content\/uploads\/Affiches\/Beaune-768x483.jpg 768w\" sizes=\"(max-width: 640px) 100vw, 640px\" \/>\t\t\t\t\t\t\t\t<\/a>\n\t\t\t\t\t\t\t\t\t\t\t\t\t\t\t<\/div>\n\t\t\t\t<\/div>\n\t\t\t\t<div class=\"elementor-element elementor-element-f7d611f elementor-widget elementor-widget-spacer\" data-id=\"f7d611f\" data-element_type=\"widget\" data-e-type=\"widget\" data-widget_type=\"spacer.default\">\n\t\t\t\t<div class=\"elementor-widget-container\">\n\t\t\t\t\t\t\t<div class=\"elementor-spacer\">\n\t\t\t<div class=\"elementor-spacer-inner\"><\/div>\n\t\t<\/div>\n\t\t\t\t\t\t<\/div>\n\t\t\t\t<\/div>\n\t\t\t\t<div class=\"elementor-element elementor-element-b917296 elementor-widget elementor-widget-text-editor\" data-id=\"b917296\" data-element_type=\"widget\" data-e-type=\"widget\" data-widget_type=\"text-editor.default\">\n\t\t\t\t<div class=\"elementor-widget-container\">\n\t\t\t\t\t\t\t\t\t<p style=\"text-align: center;\">Collection du Ch\u00e2teau de Savigny-l\u00e8s-Beaune<\/p>\t\t\t\t\t\t\t\t<\/div>\n\t\t\t\t<\/div>\n\t\t\t\t\t<\/div>\n\t\t<\/div>\n\t\t\t\t<div class=\"elementor-column elementor-col-20 elementor-top-column elementor-element elementor-element-6e2b2ec\" data-id=\"6e2b2ec\" data-element_type=\"column\" data-e-type=\"column\">\n\t\t\t<div class=\"elementor-widget-wrap elementor-element-populated\">\n\t\t\t\t\t\t<div class=\"elementor-element elementor-element-eddc57f elementor-invisible elementor-widget elementor-widget-image\" data-id=\"eddc57f\" data-element_type=\"widget\" data-e-type=\"widget\" data-settings=\"{&quot;_animation&quot;:&quot;fadeIn&quot;}\" data-widget_type=\"image.default\">\n\t\t\t\t<div class=\"elementor-widget-container\">\n\t\t\t\t\t\t\t\t\t\t\t\t\t\t\t\t<a href=\"http:\/\/avions.auzeau.fr\/manifestations-musees\/90-ans-de-larmee-de-lair-et-de-lespace\/\">\n\t\t\t\t\t\t\t<img loading=\"lazy\" decoding=\"async\" width=\"576\" height=\"864\" src=\"https:\/\/www.auzeau.fr\/avions\/wp-content\/uploads\/Affiches\/Versailles-2024.jpg\" class=\"elementor-animation-shrink attachment-large size-large wp-image-6371\" alt=\"\" srcset=\"https:\/\/www.auzeau.fr\/avions\/wp-content\/uploads\/Affiches\/Versailles-2024.jpg 576w, https:\/\/www.auzeau.fr\/avions\/wp-content\/uploads\/Affiches\/Versailles-2024-200x300.jpg 200w\" sizes=\"(max-width: 576px) 100vw, 576px\" \/>\t\t\t\t\t\t\t\t<\/a>\n\t\t\t\t\t\t\t\t\t\t\t\t\t\t\t<\/div>\n\t\t\t\t<\/div>\n\t\t\t\t<div class=\"elementor-element elementor-element-51f84e9 elementor-widget elementor-widget-text-editor\" data-id=\"51f84e9\" data-element_type=\"widget\" data-e-type=\"widget\" data-widget_type=\"text-editor.default\">\n\t\t\t\t<div class=\"elementor-widget-container\">\n\t\t\t\t\t\t\t\t\t<p style=\"text-align: center;\">90 ans de l&#8217;Arm\u00e9e de l&#8217;Air et de l&#8217;Espace<br \/>Versailles 2024<\/p>\t\t\t\t\t\t\t\t<\/div>\n\t\t\t\t<\/div>\n\t\t\t\t\t<\/div>\n\t\t<\/div>\n\t\t\t\t<div class=\"elementor-column elementor-col-20 elementor-top-column elementor-element elementor-element-a48c69f\" data-id=\"a48c69f\" data-element_type=\"column\" data-e-type=\"column\">\n\t\t\t<div class=\"elementor-widget-wrap elementor-element-populated\">\n\t\t\t\t\t\t<div class=\"elementor-element elementor-element-2e0ef03 elementor-invisible elementor-widget elementor-widget-image\" data-id=\"2e0ef03\" data-element_type=\"widget\" data-e-type=\"widget\" data-settings=\"{&quot;_animation&quot;:&quot;fadeIn&quot;}\" data-widget_type=\"image.default\">\n\t\t\t\t<div class=\"elementor-widget-container\">\n\t\t\t\t\t\t\t\t\t\t\t\t\t\t\t\t<a href=\"https:\/\/www.auzeau.fr\/avions\/manifestations-musees\/musee-de-laeronautique-navale\/\">\n\t\t\t\t\t\t\t<img loading=\"lazy\" decoding=\"async\" width=\"512\" height=\"512\" src=\"https:\/\/www.auzeau.fr\/avions\/wp-content\/uploads\/Affiches\/Rochefort.png\" class=\"elementor-animation-shrink attachment-large size-large wp-image-7782\" alt=\"\" srcset=\"https:\/\/www.auzeau.fr\/avions\/wp-content\/uploads\/Affiches\/Rochefort.png 512w, https:\/\/www.auzeau.fr\/avions\/wp-content\/uploads\/Affiches\/Rochefort-300x300.png 300w, https:\/\/www.auzeau.fr\/avions\/wp-content\/uploads\/Affiches\/Rochefort-150x150.png 150w\" sizes=\"(max-width: 512px) 100vw, 512px\" \/>\t\t\t\t\t\t\t\t<\/a>\n\t\t\t\t\t\t\t\t\t\t\t\t\t\t\t<\/div>\n\t\t\t\t<\/div>\n\t\t\t\t<div class=\"elementor-element elementor-element-7f5b7b0 elementor-widget elementor-widget-spacer\" data-id=\"7f5b7b0\" data-element_type=\"widget\" data-e-type=\"widget\" data-widget_type=\"spacer.default\">\n\t\t\t\t<div class=\"elementor-widget-container\">\n\t\t\t\t\t\t\t<div class=\"elementor-spacer\">\n\t\t\t<div class=\"elementor-spacer-inner\"><\/div>\n\t\t<\/div>\n\t\t\t\t\t\t<\/div>\n\t\t\t\t<\/div>\n\t\t\t\t<div class=\"elementor-element elementor-element-8520f11 elementor-widget elementor-widget-text-editor\" data-id=\"8520f11\" data-element_type=\"widget\" data-e-type=\"widget\" data-widget_type=\"text-editor.default\">\n\t\t\t\t<div class=\"elementor-widget-container\">\n\t\t\t\t\t\t\t\t\t<p style=\"text-align: center;\">Mus\u00e9e de l&#8217;A\u00e9ronautique Navale\u00a0 Rochefort<\/p>\t\t\t\t\t\t\t\t<\/div>\n\t\t\t\t<\/div>\n\t\t\t\t\t<\/div>\n\t\t<\/div>\n\t\t\t\t\t<\/div>\n\t\t<\/section>\n\t\t\t\t<\/div>\n\t\t","protected":false},"excerpt":{"rendered":"<p>AUTRES MANIFESTATIONS \/ MUS\u00c9ES Mus\u00e9e de l&#8217;Air et de l&#8217;Espace R\u00e9serves du Mus\u00e9e de l&#8217;Air et de l&#8217;Espace Salon du Bourget 2009 Journ\u00e9e de la BA105 \u00c9vreux 2012 Carrefour de l&#8217;Air 2013 Carrefour de l&#8217;Air 2014 Carrefour de l&#8217;Air 2015 Portes ouvertes BAN Lanv\u00e9oc-Poulmic Carrefour de l&#8217;Air 2017 Nato Tiger Meet 2017 BAN Landivisiau Nato [&hellip;]<\/p>\n","protected":false},"author":1,"featured_media":0,"parent":0,"menu_order":0,"comment_status":"closed","ping_status":"closed","template":"","meta":{"footnotes":""},"class_list":["post-583","page","type-page","status-publish","hentry"],"_links":{"self":[{"href":"https:\/\/www.auzeau.fr\/avions\/wp-json\/wp\/v2\/pages\/583","targetHints":{"allow":["GET"]}}],"collection":[{"href":"https:\/\/www.auzeau.fr\/avions\/wp-json\/wp\/v2\/pages"}],"about":[{"href":"https:\/\/www.auzeau.fr\/avions\/wp-json\/wp\/v2\/types\/page"}],"author":[{"embeddable":true,"href":"https:\/\/www.auzeau.fr\/avions\/wp-json\/wp\/v2\/users\/1"}],"replies":[{"embeddable":true,"href":"https:\/\/www.auzeau.fr\/avions\/wp-json\/wp\/v2\/comments?post=583"}],"version-history":[{"count":0,"href":"https:\/\/www.auzeau.fr\/avions\/wp-json\/wp\/v2\/pages\/583\/revisions"}],"wp:attachment":[{"href":"https:\/\/www.auzeau.fr\/avions\/wp-json\/wp\/v2\/media?parent=583"}],"curies":[{"name":"wp","href":"https:\/\/api.w.org\/{rel}","templated":true}]}}