{"id":570,"date":"2018-06-25T17:28:12","date_gmt":"2018-06-25T15:28:12","guid":{"rendered":"http:\/\/www.auzeau.fr\/avions\/?page_id=570"},"modified":"2025-08-25T08:54:26","modified_gmt":"2025-08-25T06:54:26","slug":"accueil","status":"publish","type":"page","link":"https:\/\/www.auzeau.fr\/avions\/","title":{"rendered":"Accueil"},"content":{"rendered":"\t\t<div data-elementor-type=\"wp-post\" data-elementor-id=\"570\" class=\"elementor elementor-570\">\n\t\t\t\t\t\t<section class=\"elementor-section elementor-top-section elementor-element elementor-element-ce00bc7 elementor-section-boxed elementor-section-height-default elementor-section-height-default\" data-id=\"ce00bc7\" data-element_type=\"section\" data-e-type=\"section\">\n\t\t\t\t\t\t<div class=\"elementor-container elementor-column-gap-default\">\n\t\t\t\t\t<div class=\"elementor-column elementor-col-100 elementor-top-column elementor-element elementor-element-4039e7c\" data-id=\"4039e7c\" data-element_type=\"column\" data-e-type=\"column\">\n\t\t\t<div class=\"elementor-widget-wrap elementor-element-populated\">\n\t\t\t\t\t\t<div class=\"elementor-element elementor-element-b9cb2df elementor-widget elementor-widget-heading\" data-id=\"b9cb2df\" data-element_type=\"widget\" data-e-type=\"widget\" data-widget_type=\"heading.default\">\n\t\t\t\t<div class=\"elementor-widget-container\">\n\t\t\t\t\t<h2 class=\"elementor-heading-title elementor-size-xxl\">TERRAINS D'AVIATION<\/h2>\t\t\t\t<\/div>\n\t\t\t\t<\/div>\n\t\t\t\t\t<\/div>\n\t\t<\/div>\n\t\t\t\t\t<\/div>\n\t\t<\/section>\n\t\t\t\t<section class=\"elementor-section elementor-top-section elementor-element elementor-element-74e9e9c elementor-section-boxed elementor-section-height-default elementor-section-height-default\" data-id=\"74e9e9c\" data-element_type=\"section\" data-e-type=\"section\">\n\t\t\t\t\t\t<div class=\"elementor-container elementor-column-gap-default\">\n\t\t\t\t\t<div class=\"elementor-column elementor-col-20 elementor-top-column elementor-element elementor-element-8c718bb\" data-id=\"8c718bb\" data-element_type=\"column\" data-e-type=\"column\">\n\t\t\t<div class=\"elementor-widget-wrap elementor-element-populated\">\n\t\t\t\t\t\t<div class=\"elementor-element elementor-element-f92766e elementor-invisible elementor-widget elementor-widget-image\" data-id=\"f92766e\" data-element_type=\"widget\" data-e-type=\"widget\" data-settings=\"{&quot;_animation&quot;:&quot;fadeIn&quot;}\" data-widget_type=\"image.default\">\n\t\t\t\t<div class=\"elementor-widget-container\">\n\t\t\t\t\t\t\t\t\t\t\t\t\t\t\t\t<a href=\"http:\/\/avions.auzeau.fr\/terrain-d-aviation\/beauvais\/\">\n\t\t\t\t\t\t\t<img fetchpriority=\"high\" decoding=\"async\" width=\"500\" height=\"500\" src=\"https:\/\/www.auzeau.fr\/avions\/wp-content\/uploads\/Affiches\/Runway-12-BVA.jpg\" class=\"elementor-animation-shrink attachment-large size-large wp-image-4843\" alt=\"\" srcset=\"https:\/\/www.auzeau.fr\/avions\/wp-content\/uploads\/Affiches\/Runway-12-BVA.jpg 500w, https:\/\/www.auzeau.fr\/avions\/wp-content\/uploads\/Affiches\/Runway-12-BVA-150x150.jpg 150w, https:\/\/www.auzeau.fr\/avions\/wp-content\/uploads\/Affiches\/Runway-12-BVA-300x300.jpg 300w\" sizes=\"(max-width: 500px) 100vw, 500px\" \/>\t\t\t\t\t\t\t\t<\/a>\n\t\t\t\t\t\t\t\t\t\t\t\t\t\t\t<\/div>\n\t\t\t\t<\/div>\n\t\t\t\t<div class=\"elementor-element elementor-element-c823b5c elementor-widget elementor-widget-text-editor\" data-id=\"c823b5c\" data-element_type=\"widget\" data-e-type=\"widget\" data-widget_type=\"text-editor.default\">\n\t\t\t\t<div class=\"elementor-widget-container\">\n\t\t\t\t\t\t\t\t\t<p style=\"text-align: center;\">Beauvais-Till\u00e9 LFOB<\/p>\t\t\t\t\t\t\t\t<\/div>\n\t\t\t\t<\/div>\n\t\t\t\t\t<\/div>\n\t\t<\/div>\n\t\t\t\t<div class=\"elementor-column elementor-col-20 elementor-top-column elementor-element elementor-element-9a9f076\" data-id=\"9a9f076\" data-element_type=\"column\" data-e-type=\"column\">\n\t\t\t<div class=\"elementor-widget-wrap elementor-element-populated\">\n\t\t\t\t\t\t<div class=\"elementor-element elementor-element-ee4d2a1 elementor-invisible elementor-widget elementor-widget-image\" data-id=\"ee4d2a1\" data-element_type=\"widget\" data-e-type=\"widget\" data-settings=\"{&quot;_animation&quot;:&quot;fadeIn&quot;}\" data-widget_type=\"image.default\">\n\t\t\t\t<div class=\"elementor-widget-container\">\n\t\t\t\t\t\t\t\t\t\t\t\t\t\t\t\t<a href=\"http:\/\/avions.auzeau.fr\/terrain-d-aviation\/cholet\/\">\n\t\t\t\t\t\t\t<img decoding=\"async\" width=\"400\" height=\"400\" src=\"https:\/\/www.auzeau.fr\/avions\/wp-content\/uploads\/Affiches\/Terrain.jpg\" class=\"elementor-animation-shrink attachment-large size-large wp-image-205\" alt=\"\" srcset=\"https:\/\/www.auzeau.fr\/avions\/wp-content\/uploads\/Affiches\/Terrain.jpg 400w, https:\/\/www.auzeau.fr\/avions\/wp-content\/uploads\/Affiches\/Terrain-150x150.jpg 150w, https:\/\/www.auzeau.fr\/avions\/wp-content\/uploads\/Affiches\/Terrain-300x300.jpg 300w\" sizes=\"(max-width: 400px) 100vw, 400px\" \/>\t\t\t\t\t\t\t\t<\/a>\n\t\t\t\t\t\t\t\t\t\t\t\t\t\t\t<\/div>\n\t\t\t\t<\/div>\n\t\t\t\t<div class=\"elementor-element elementor-element-7bc9d26 elementor-widget elementor-widget-text-editor\" data-id=\"7bc9d26\" data-element_type=\"widget\" data-e-type=\"widget\" data-widget_type=\"text-editor.default\">\n\t\t\t\t<div class=\"elementor-widget-container\">\n\t\t\t\t\t\t\t\t\t<p style=\"text-align: center;\">Cholet-Le-Pontreau LFOU<\/p>\t\t\t\t\t\t\t\t<\/div>\n\t\t\t\t<\/div>\n\t\t\t\t\t<\/div>\n\t\t<\/div>\n\t\t\t\t<div class=\"elementor-column elementor-col-20 elementor-top-column elementor-element elementor-element-ed8064a\" data-id=\"ed8064a\" data-element_type=\"column\" data-e-type=\"column\">\n\t\t\t<div class=\"elementor-widget-wrap elementor-element-populated\">\n\t\t\t\t\t\t<div class=\"elementor-element elementor-element-da16815 elementor-invisible elementor-widget elementor-widget-image\" data-id=\"da16815\" data-element_type=\"widget\" data-e-type=\"widget\" data-settings=\"{&quot;_animation&quot;:&quot;fadeIn&quot;}\" data-widget_type=\"image.default\">\n\t\t\t\t<div class=\"elementor-widget-container\">\n\t\t\t\t\t\t\t\t\t\t\t\t\t\t\t\t<a href=\"http:\/\/avions.auzeau.fr\/terrain-d-aviation\/colmar-houssen\/\">\n\t\t\t\t\t\t\t<img decoding=\"async\" width=\"500\" height=\"500\" src=\"https:\/\/www.auzeau.fr\/avions\/wp-content\/uploads\/Affiches\/Runway-19-LFGA.jpg\" class=\"elementor-animation-shrink attachment-large size-large wp-image-4842\" alt=\"\" srcset=\"https:\/\/www.auzeau.fr\/avions\/wp-content\/uploads\/Affiches\/Runway-19-LFGA.jpg 500w, https:\/\/www.auzeau.fr\/avions\/wp-content\/uploads\/Affiches\/Runway-19-LFGA-150x150.jpg 150w, https:\/\/www.auzeau.fr\/avions\/wp-content\/uploads\/Affiches\/Runway-19-LFGA-300x300.jpg 300w\" sizes=\"(max-width: 500px) 100vw, 500px\" \/>\t\t\t\t\t\t\t\t<\/a>\n\t\t\t\t\t\t\t\t\t\t\t\t\t\t\t<\/div>\n\t\t\t\t<\/div>\n\t\t\t\t<div class=\"elementor-element elementor-element-d54ec2c elementor-widget elementor-widget-text-editor\" data-id=\"d54ec2c\" data-element_type=\"widget\" data-e-type=\"widget\" data-widget_type=\"text-editor.default\">\n\t\t\t\t<div class=\"elementor-widget-container\">\n\t\t\t\t\t\t\t\t\t<p style=\"text-align: center;\"><span class=\"st\">Colmar-Houssen LFGA<br \/><\/span><\/p>\t\t\t\t\t\t\t\t<\/div>\n\t\t\t\t<\/div>\n\t\t\t\t\t<\/div>\n\t\t<\/div>\n\t\t\t\t<div class=\"elementor-column elementor-col-20 elementor-top-column elementor-element elementor-element-c1c16b9\" data-id=\"c1c16b9\" data-element_type=\"column\" data-e-type=\"column\">\n\t\t\t<div class=\"elementor-widget-wrap elementor-element-populated\">\n\t\t\t\t\t\t<div class=\"elementor-element elementor-element-3c0d6d0 elementor-invisible elementor-widget elementor-widget-image\" data-id=\"3c0d6d0\" data-element_type=\"widget\" data-e-type=\"widget\" data-settings=\"{&quot;_animation&quot;:&quot;fadeIn&quot;}\" data-widget_type=\"image.default\">\n\t\t\t\t<div class=\"elementor-widget-container\">\n\t\t\t\t\t\t\t\t\t\t\t\t\t\t\t\t<a href=\"http:\/\/avions.auzeau.fr\/terrain-d-aviation\/les-mureaux\/\">\n\t\t\t\t\t\t\t<img decoding=\"async\" width=\"400\" height=\"400\" src=\"https:\/\/www.auzeau.fr\/avions\/wp-content\/uploads\/Affiches\/Terrain.jpg\" class=\"elementor-animation-shrink attachment-large size-large wp-image-205\" alt=\"\" srcset=\"https:\/\/www.auzeau.fr\/avions\/wp-content\/uploads\/Affiches\/Terrain.jpg 400w, https:\/\/www.auzeau.fr\/avions\/wp-content\/uploads\/Affiches\/Terrain-150x150.jpg 150w, https:\/\/www.auzeau.fr\/avions\/wp-content\/uploads\/Affiches\/Terrain-300x300.jpg 300w\" sizes=\"(max-width: 400px) 100vw, 400px\" \/>\t\t\t\t\t\t\t\t<\/a>\n\t\t\t\t\t\t\t\t\t\t\t\t\t\t\t<\/div>\n\t\t\t\t<\/div>\n\t\t\t\t<div class=\"elementor-element elementor-element-485bcb6 elementor-widget elementor-widget-text-editor\" data-id=\"485bcb6\" data-element_type=\"widget\" data-e-type=\"widget\" data-widget_type=\"text-editor.default\">\n\t\t\t\t<div class=\"elementor-widget-container\">\n\t\t\t\t\t\t\t\t\t<p style=\"text-align: center;\">Les Mureaux LFXU<\/p>\t\t\t\t\t\t\t\t<\/div>\n\t\t\t\t<\/div>\n\t\t\t\t\t<\/div>\n\t\t<\/div>\n\t\t\t\t<div class=\"elementor-column elementor-col-20 elementor-top-column elementor-element elementor-element-09ab3fd\" data-id=\"09ab3fd\" data-element_type=\"column\" data-e-type=\"column\">\n\t\t\t<div class=\"elementor-widget-wrap elementor-element-populated\">\n\t\t\t\t\t\t<div class=\"elementor-element elementor-element-bdb948d elementor-invisible elementor-widget elementor-widget-image\" data-id=\"bdb948d\" data-element_type=\"widget\" data-e-type=\"widget\" data-settings=\"{&quot;_animation&quot;:&quot;fadeIn&quot;}\" data-widget_type=\"image.default\">\n\t\t\t\t<div class=\"elementor-widget-container\">\n\t\t\t\t\t\t\t\t\t\t\t\t\t\t\t\t<a href=\"http:\/\/avions.auzeau.fr\/terrain-d-aviation\/nantes\/\">\n\t\t\t\t\t\t\t<img decoding=\"async\" width=\"400\" height=\"400\" src=\"https:\/\/www.auzeau.fr\/avions\/wp-content\/uploads\/Affiches\/Terrain.jpg\" class=\"elementor-animation-shrink attachment-large size-large wp-image-205\" alt=\"\" srcset=\"https:\/\/www.auzeau.fr\/avions\/wp-content\/uploads\/Affiches\/Terrain.jpg 400w, https:\/\/www.auzeau.fr\/avions\/wp-content\/uploads\/Affiches\/Terrain-150x150.jpg 150w, https:\/\/www.auzeau.fr\/avions\/wp-content\/uploads\/Affiches\/Terrain-300x300.jpg 300w\" sizes=\"(max-width: 400px) 100vw, 400px\" \/>\t\t\t\t\t\t\t\t<\/a>\n\t\t\t\t\t\t\t\t\t\t\t\t\t\t\t<\/div>\n\t\t\t\t<\/div>\n\t\t\t\t<div class=\"elementor-element elementor-element-1d6ef10 elementor-widget elementor-widget-text-editor\" data-id=\"1d6ef10\" data-element_type=\"widget\" data-e-type=\"widget\" data-widget_type=\"text-editor.default\">\n\t\t\t\t<div class=\"elementor-widget-container\">\n\t\t\t\t\t\t\t\t\t<p style=\"text-align: center;\">Nantes-Atlantique LFRS<\/p>\t\t\t\t\t\t\t\t<\/div>\n\t\t\t\t<\/div>\n\t\t\t\t\t<\/div>\n\t\t<\/div>\n\t\t\t\t\t<\/div>\n\t\t<\/section>\n\t\t\t\t<section class=\"elementor-section elementor-top-section elementor-element elementor-element-11e0171 elementor-section-boxed elementor-section-height-default elementor-section-height-default\" data-id=\"11e0171\" data-element_type=\"section\" data-e-type=\"section\">\n\t\t\t\t\t\t<div class=\"elementor-container elementor-column-gap-default\">\n\t\t\t\t\t<div class=\"elementor-column elementor-col-20 elementor-top-column elementor-element elementor-element-36893b2\" data-id=\"36893b2\" data-element_type=\"column\" data-e-type=\"column\">\n\t\t\t<div class=\"elementor-widget-wrap elementor-element-populated\">\n\t\t\t\t\t\t<div class=\"elementor-element elementor-element-95308b7 elementor-invisible elementor-widget elementor-widget-image\" data-id=\"95308b7\" data-element_type=\"widget\" data-e-type=\"widget\" data-settings=\"{&quot;_animation&quot;:&quot;fadeIn&quot;}\" data-widget_type=\"image.default\">\n\t\t\t\t<div class=\"elementor-widget-container\">\n\t\t\t\t\t\t\t\t\t\t\t\t\t\t\t\t<a href=\"http:\/\/avions.auzeau.fr\/terrain-d-aviation\/paris-le-bourget\">\n\t\t\t\t\t\t\t<img decoding=\"async\" width=\"400\" height=\"400\" src=\"https:\/\/www.auzeau.fr\/avions\/wp-content\/uploads\/Affiches\/Terrain.jpg\" class=\"elementor-animation-shrink attachment-large size-large wp-image-205\" alt=\"\" srcset=\"https:\/\/www.auzeau.fr\/avions\/wp-content\/uploads\/Affiches\/Terrain.jpg 400w, https:\/\/www.auzeau.fr\/avions\/wp-content\/uploads\/Affiches\/Terrain-150x150.jpg 150w, https:\/\/www.auzeau.fr\/avions\/wp-content\/uploads\/Affiches\/Terrain-300x300.jpg 300w\" sizes=\"(max-width: 400px) 100vw, 400px\" \/>\t\t\t\t\t\t\t\t<\/a>\n\t\t\t\t\t\t\t\t\t\t\t\t\t\t\t<\/div>\n\t\t\t\t<\/div>\n\t\t\t\t<div class=\"elementor-element elementor-element-13752e1 elementor-widget elementor-widget-text-editor\" data-id=\"13752e1\" data-element_type=\"widget\" data-e-type=\"widget\" data-widget_type=\"text-editor.default\">\n\t\t\t\t<div class=\"elementor-widget-container\">\n\t\t\t\t\t\t\t\t\t<p style=\"text-align: center;\">Paris-Le Bourget LFPB<\/p>\t\t\t\t\t\t\t\t<\/div>\n\t\t\t\t<\/div>\n\t\t\t\t\t<\/div>\n\t\t<\/div>\n\t\t\t\t<div class=\"elementor-column elementor-col-20 elementor-top-column elementor-element elementor-element-a572e85\" data-id=\"a572e85\" data-element_type=\"column\" data-e-type=\"column\">\n\t\t\t<div class=\"elementor-widget-wrap elementor-element-populated\">\n\t\t\t\t\t\t<div class=\"elementor-element elementor-element-528bbec elementor-invisible elementor-widget elementor-widget-image\" data-id=\"528bbec\" data-element_type=\"widget\" data-e-type=\"widget\" data-settings=\"{&quot;_animation&quot;:&quot;fadeIn&quot;}\" data-widget_type=\"image.default\">\n\t\t\t\t<div class=\"elementor-widget-container\">\n\t\t\t\t\t\t\t\t\t\t\t\t\t\t\t\t<a href=\"http:\/\/avions.auzeau.fr\/terrain-d-aviation\/rennes\/\">\n\t\t\t\t\t\t\t<img decoding=\"async\" width=\"400\" height=\"400\" src=\"https:\/\/www.auzeau.fr\/avions\/wp-content\/uploads\/Affiches\/Terrain.jpg\" class=\"elementor-animation-shrink attachment-large size-large wp-image-205\" alt=\"\" srcset=\"https:\/\/www.auzeau.fr\/avions\/wp-content\/uploads\/Affiches\/Terrain.jpg 400w, https:\/\/www.auzeau.fr\/avions\/wp-content\/uploads\/Affiches\/Terrain-150x150.jpg 150w, https:\/\/www.auzeau.fr\/avions\/wp-content\/uploads\/Affiches\/Terrain-300x300.jpg 300w\" sizes=\"(max-width: 400px) 100vw, 400px\" \/>\t\t\t\t\t\t\t\t<\/a>\n\t\t\t\t\t\t\t\t\t\t\t\t\t\t\t<\/div>\n\t\t\t\t<\/div>\n\t\t\t\t<div class=\"elementor-element elementor-element-a1d643e elementor-widget elementor-widget-text-editor\" data-id=\"a1d643e\" data-element_type=\"widget\" data-e-type=\"widget\" data-widget_type=\"text-editor.default\">\n\t\t\t\t<div class=\"elementor-widget-container\">\n\t\t\t\t\t\t\t\t\t<p style=\"text-align: center;\">Rennes-St-Jacques LFRN<\/p>\t\t\t\t\t\t\t\t<\/div>\n\t\t\t\t<\/div>\n\t\t\t\t\t<\/div>\n\t\t<\/div>\n\t\t\t\t<div class=\"elementor-column elementor-col-20 elementor-top-column elementor-element elementor-element-1f34667\" data-id=\"1f34667\" data-element_type=\"column\" data-e-type=\"column\">\n\t\t\t<div class=\"elementor-widget-wrap elementor-element-populated\">\n\t\t\t\t\t\t<div class=\"elementor-element elementor-element-4c8e7bc elementor-invisible elementor-widget elementor-widget-image\" data-id=\"4c8e7bc\" data-element_type=\"widget\" data-e-type=\"widget\" data-settings=\"{&quot;_animation&quot;:&quot;fadeIn&quot;}\" data-widget_type=\"image.default\">\n\t\t\t\t<div class=\"elementor-widget-container\">\n\t\t\t\t\t\t\t\t\t\t\t\t\t\t\t\t<a href=\"http:\/\/avions.auzeau.fr\/terrain-d-aviation\/roissy\/\">\n\t\t\t\t\t\t\t<img decoding=\"async\" width=\"400\" height=\"400\" src=\"https:\/\/www.auzeau.fr\/avions\/wp-content\/uploads\/Affiches\/Terrain.jpg\" class=\"elementor-animation-shrink attachment-large size-large wp-image-205\" alt=\"\" srcset=\"https:\/\/www.auzeau.fr\/avions\/wp-content\/uploads\/Affiches\/Terrain.jpg 400w, https:\/\/www.auzeau.fr\/avions\/wp-content\/uploads\/Affiches\/Terrain-150x150.jpg 150w, https:\/\/www.auzeau.fr\/avions\/wp-content\/uploads\/Affiches\/Terrain-300x300.jpg 300w\" sizes=\"(max-width: 400px) 100vw, 400px\" \/>\t\t\t\t\t\t\t\t<\/a>\n\t\t\t\t\t\t\t\t\t\t\t\t\t\t\t<\/div>\n\t\t\t\t<\/div>\n\t\t\t\t<div class=\"elementor-element elementor-element-bac62b2 elementor-widget elementor-widget-text-editor\" data-id=\"bac62b2\" data-element_type=\"widget\" data-e-type=\"widget\" data-widget_type=\"text-editor.default\">\n\t\t\t\t<div class=\"elementor-widget-container\">\n\t\t\t\t\t\t\t\t\t<p style=\"text-align: center;\">Roissy-Charles-de-Gaulle LFPG<\/p>\t\t\t\t\t\t\t\t<\/div>\n\t\t\t\t<\/div>\n\t\t\t\t\t<\/div>\n\t\t<\/div>\n\t\t\t\t<div class=\"elementor-column elementor-col-20 elementor-top-column elementor-element elementor-element-90ea5aa\" data-id=\"90ea5aa\" data-element_type=\"column\" data-e-type=\"column\">\n\t\t\t<div class=\"elementor-widget-wrap elementor-element-populated\">\n\t\t\t\t\t\t\t<\/div>\n\t\t<\/div>\n\t\t\t\t<div class=\"elementor-column elementor-col-20 elementor-top-column elementor-element elementor-element-6aa479a\" data-id=\"6aa479a\" data-element_type=\"column\" data-e-type=\"column\">\n\t\t\t<div class=\"elementor-widget-wrap elementor-element-populated\">\n\t\t\t\t\t\t\t<\/div>\n\t\t<\/div>\n\t\t\t\t\t<\/div>\n\t\t<\/section>\n\t\t\t\t<section class=\"elementor-section elementor-top-section elementor-element elementor-element-ff3147c elementor-section-boxed elementor-section-height-default elementor-section-height-default\" data-id=\"ff3147c\" data-element_type=\"section\" data-e-type=\"section\">\n\t\t\t\t\t\t<div class=\"elementor-container elementor-column-gap-default\">\n\t\t\t\t\t<div class=\"elementor-column elementor-col-100 elementor-top-column elementor-element elementor-element-77b7d4e\" data-id=\"77b7d4e\" data-element_type=\"column\" data-e-type=\"column\">\n\t\t\t<div class=\"elementor-widget-wrap elementor-element-populated\">\n\t\t\t\t\t\t<div class=\"elementor-element elementor-element-f145a0f elementor-widget elementor-widget-spacer\" data-id=\"f145a0f\" data-element_type=\"widget\" data-e-type=\"widget\" data-widget_type=\"spacer.default\">\n\t\t\t\t<div class=\"elementor-widget-container\">\n\t\t\t\t\t\t\t<div class=\"elementor-spacer\">\n\t\t\t<div class=\"elementor-spacer-inner\"><\/div>\n\t\t<\/div>\n\t\t\t\t\t\t<\/div>\n\t\t\t\t<\/div>\n\t\t\t\t<div class=\"elementor-element elementor-element-9dfe545 elementor-widget elementor-widget-heading\" data-id=\"9dfe545\" data-element_type=\"widget\" data-e-type=\"widget\" data-widget_type=\"heading.default\">\n\t\t\t\t<div class=\"elementor-widget-container\">\n\t\t\t\t\t<h2 class=\"elementor-heading-title elementor-size-xxl\">AUTRES MANIFESTATIONS \/ MUS\u00c9ES<\/h2>\t\t\t\t<\/div>\n\t\t\t\t<\/div>\n\t\t\t\t\t<\/div>\n\t\t<\/div>\n\t\t\t\t\t<\/div>\n\t\t<\/section>\n\t\t\t\t<section class=\"elementor-section elementor-top-section elementor-element elementor-element-271bfae elementor-section-boxed elementor-section-height-default elementor-section-height-default\" data-id=\"271bfae\" data-element_type=\"section\" data-e-type=\"section\">\n\t\t\t\t\t\t<div class=\"elementor-container elementor-column-gap-default\">\n\t\t\t\t\t<div class=\"elementor-column elementor-col-20 elementor-top-column elementor-element elementor-element-cbe4a54\" data-id=\"cbe4a54\" data-element_type=\"column\" data-e-type=\"column\">\n\t\t\t<div class=\"elementor-widget-wrap elementor-element-populated\">\n\t\t\t\t\t\t<div class=\"elementor-element elementor-element-36ce07c elementor-invisible elementor-widget elementor-widget-image\" data-id=\"36ce07c\" data-element_type=\"widget\" data-e-type=\"widget\" data-settings=\"{&quot;_animation&quot;:&quot;fadeIn&quot;}\" data-widget_type=\"image.default\">\n\t\t\t\t<div class=\"elementor-widget-container\">\n\t\t\t\t\t\t\t\t\t\t\t\t\t\t\t\t<a href=\"http:\/\/avions.auzeau.fr\/manifestations-musees\/mae\/\">\n\t\t\t\t\t\t\t<img loading=\"lazy\" decoding=\"async\" width=\"400\" height=\"365\" src=\"https:\/\/www.auzeau.fr\/avions\/wp-content\/uploads\/Affiches\/MAE.jpg\" class=\"elementor-animation-shrink attachment-large size-large wp-image-193\" alt=\"\" srcset=\"https:\/\/www.auzeau.fr\/avions\/wp-content\/uploads\/Affiches\/MAE.jpg 400w, https:\/\/www.auzeau.fr\/avions\/wp-content\/uploads\/Affiches\/MAE-300x274.jpg 300w\" sizes=\"(max-width: 400px) 100vw, 400px\" \/>\t\t\t\t\t\t\t\t<\/a>\n\t\t\t\t\t\t\t\t\t\t\t\t\t\t\t<\/div>\n\t\t\t\t<\/div>\n\t\t\t\t<div class=\"elementor-element elementor-element-1032524 elementor-widget elementor-widget-spacer\" data-id=\"1032524\" data-element_type=\"widget\" data-e-type=\"widget\" data-widget_type=\"spacer.default\">\n\t\t\t\t<div class=\"elementor-widget-container\">\n\t\t\t\t\t\t\t<div class=\"elementor-spacer\">\n\t\t\t<div class=\"elementor-spacer-inner\"><\/div>\n\t\t<\/div>\n\t\t\t\t\t\t<\/div>\n\t\t\t\t<\/div>\n\t\t\t\t<div class=\"elementor-element elementor-element-4f63cc9 elementor-widget elementor-widget-text-editor\" data-id=\"4f63cc9\" data-element_type=\"widget\" data-e-type=\"widget\" data-widget_type=\"text-editor.default\">\n\t\t\t\t<div class=\"elementor-widget-container\">\n\t\t\t\t\t\t\t\t\t<p style=\"text-align: center;\">Mus\u00e9e de l&#8217;Air et de l&#8217;Espace<\/p>\t\t\t\t\t\t\t\t<\/div>\n\t\t\t\t<\/div>\n\t\t\t\t\t<\/div>\n\t\t<\/div>\n\t\t\t\t<div class=\"elementor-column elementor-col-20 elementor-top-column elementor-element elementor-element-20f3c10\" data-id=\"20f3c10\" data-element_type=\"column\" data-e-type=\"column\">\n\t\t\t<div class=\"elementor-widget-wrap elementor-element-populated\">\n\t\t\t\t\t\t<div class=\"elementor-element elementor-element-029bb2b elementor-invisible elementor-widget elementor-widget-image\" data-id=\"029bb2b\" data-element_type=\"widget\" data-e-type=\"widget\" data-settings=\"{&quot;_animation&quot;:&quot;fadeIn&quot;}\" data-widget_type=\"image.default\">\n\t\t\t\t<div class=\"elementor-widget-container\">\n\t\t\t\t\t\t\t\t\t\t\t\t\t\t\t\t<a href=\"http:\/\/avions.auzeau.fr\/manifestations-musees\/reserves-mae\/\">\n\t\t\t\t\t\t\t<img loading=\"lazy\" decoding=\"async\" width=\"400\" height=\"365\" src=\"https:\/\/www.auzeau.fr\/avions\/wp-content\/uploads\/Affiches\/MAE.jpg\" class=\"elementor-animation-shrink attachment-large size-large wp-image-193\" alt=\"\" srcset=\"https:\/\/www.auzeau.fr\/avions\/wp-content\/uploads\/Affiches\/MAE.jpg 400w, https:\/\/www.auzeau.fr\/avions\/wp-content\/uploads\/Affiches\/MAE-300x274.jpg 300w\" sizes=\"(max-width: 400px) 100vw, 400px\" \/>\t\t\t\t\t\t\t\t<\/a>\n\t\t\t\t\t\t\t\t\t\t\t\t\t\t\t<\/div>\n\t\t\t\t<\/div>\n\t\t\t\t<div class=\"elementor-element elementor-element-43c1339 elementor-widget elementor-widget-spacer\" data-id=\"43c1339\" data-element_type=\"widget\" data-e-type=\"widget\" data-widget_type=\"spacer.default\">\n\t\t\t\t<div class=\"elementor-widget-container\">\n\t\t\t\t\t\t\t<div class=\"elementor-spacer\">\n\t\t\t<div class=\"elementor-spacer-inner\"><\/div>\n\t\t<\/div>\n\t\t\t\t\t\t<\/div>\n\t\t\t\t<\/div>\n\t\t\t\t<div class=\"elementor-element elementor-element-d0fa35b elementor-widget elementor-widget-text-editor\" data-id=\"d0fa35b\" data-element_type=\"widget\" data-e-type=\"widget\" data-widget_type=\"text-editor.default\">\n\t\t\t\t<div class=\"elementor-widget-container\">\n\t\t\t\t\t\t\t\t\t<p style=\"text-align: center;\">R\u00e9serves du Mus\u00e9e de l&#8217;Air et de l&#8217;Espace<\/p>\t\t\t\t\t\t\t\t<\/div>\n\t\t\t\t<\/div>\n\t\t\t\t\t<\/div>\n\t\t<\/div>\n\t\t\t\t<div class=\"elementor-column elementor-col-20 elementor-top-column elementor-element elementor-element-f0d5c60\" data-id=\"f0d5c60\" data-element_type=\"column\" data-e-type=\"column\">\n\t\t\t<div class=\"elementor-widget-wrap elementor-element-populated\">\n\t\t\t\t\t\t<div class=\"elementor-element elementor-element-b86ba9c elementor-invisible elementor-widget elementor-widget-image\" data-id=\"b86ba9c\" data-element_type=\"widget\" data-e-type=\"widget\" data-settings=\"{&quot;_animation&quot;:&quot;fadeIn&quot;}\" data-widget_type=\"image.default\">\n\t\t\t\t<div class=\"elementor-widget-container\">\n\t\t\t\t\t\t\t\t\t\t\t\t\t\t\t\t<a href=\"http:\/\/avions.auzeau.fr\/manifestations-musees\/salon-du-bourget-2009\/\">\n\t\t\t\t\t\t\t<img loading=\"lazy\" decoding=\"async\" width=\"250\" height=\"350\" src=\"https:\/\/www.auzeau.fr\/avions\/wp-content\/uploads\/Affiches\/salon-du-bourget-bis1.jpg\" class=\"elementor-animation-shrink attachment-large size-large wp-image-203\" alt=\"\" srcset=\"https:\/\/www.auzeau.fr\/avions\/wp-content\/uploads\/Affiches\/salon-du-bourget-bis1.jpg 250w, https:\/\/www.auzeau.fr\/avions\/wp-content\/uploads\/Affiches\/salon-du-bourget-bis1-214x300.jpg 214w\" sizes=\"(max-width: 250px) 100vw, 250px\" \/>\t\t\t\t\t\t\t\t<\/a>\n\t\t\t\t\t\t\t\t\t\t\t\t\t\t\t<\/div>\n\t\t\t\t<\/div>\n\t\t\t\t<div class=\"elementor-element elementor-element-db9b872 elementor-widget elementor-widget-text-editor\" data-id=\"db9b872\" data-element_type=\"widget\" data-e-type=\"widget\" data-widget_type=\"text-editor.default\">\n\t\t\t\t<div class=\"elementor-widget-container\">\n\t\t\t\t\t\t\t\t\t<p style=\"text-align: center;\">Salon du Bourget 2009<\/p>\t\t\t\t\t\t\t\t<\/div>\n\t\t\t\t<\/div>\n\t\t\t\t\t<\/div>\n\t\t<\/div>\n\t\t\t\t<div class=\"elementor-column elementor-col-20 elementor-top-column elementor-element elementor-element-4dd0add\" data-id=\"4dd0add\" data-element_type=\"column\" data-e-type=\"column\">\n\t\t\t<div class=\"elementor-widget-wrap elementor-element-populated\">\n\t\t\t\t\t\t<div class=\"elementor-element elementor-element-66eee37 elementor-invisible elementor-widget elementor-widget-image\" data-id=\"66eee37\" data-element_type=\"widget\" data-e-type=\"widget\" data-settings=\"{&quot;_animation&quot;:&quot;fadeIn&quot;}\" data-widget_type=\"image.default\">\n\t\t\t\t<div class=\"elementor-widget-container\">\n\t\t\t\t\t\t\t\t\t\t\t\t\t\t\t\t<a href=\"http:\/\/avions.auzeau.fr\/manifestations-musees\/evreux-2012\/\">\n\t\t\t\t\t\t\t<img loading=\"lazy\" decoding=\"async\" width=\"302\" height=\"400\" src=\"https:\/\/www.auzeau.fr\/avions\/wp-content\/uploads\/Affiches\/Evreux_2012.jpg\" class=\"elementor-animation-shrink attachment-large size-large wp-image-212\" alt=\"\" srcset=\"https:\/\/www.auzeau.fr\/avions\/wp-content\/uploads\/Affiches\/Evreux_2012.jpg 302w, https:\/\/www.auzeau.fr\/avions\/wp-content\/uploads\/Affiches\/Evreux_2012-227x300.jpg 227w\" sizes=\"(max-width: 302px) 100vw, 302px\" \/>\t\t\t\t\t\t\t\t<\/a>\n\t\t\t\t\t\t\t\t\t\t\t\t\t\t\t<\/div>\n\t\t\t\t<\/div>\n\t\t\t\t<div class=\"elementor-element elementor-element-bd74dbd elementor-widget elementor-widget-spacer\" data-id=\"bd74dbd\" data-element_type=\"widget\" data-e-type=\"widget\" data-widget_type=\"spacer.default\">\n\t\t\t\t<div class=\"elementor-widget-container\">\n\t\t\t\t\t\t\t<div class=\"elementor-spacer\">\n\t\t\t<div class=\"elementor-spacer-inner\"><\/div>\n\t\t<\/div>\n\t\t\t\t\t\t<\/div>\n\t\t\t\t<\/div>\n\t\t\t\t<div class=\"elementor-element elementor-element-3209339 elementor-widget elementor-widget-text-editor\" data-id=\"3209339\" data-element_type=\"widget\" data-e-type=\"widget\" data-widget_type=\"text-editor.default\">\n\t\t\t\t<div class=\"elementor-widget-container\">\n\t\t\t\t\t\t\t\t\t<p style=\"text-align: center;\">Journ\u00e9e de la BA105 \u00c9vreux 2012<\/p>\t\t\t\t\t\t\t\t<\/div>\n\t\t\t\t<\/div>\n\t\t\t\t\t<\/div>\n\t\t<\/div>\n\t\t\t\t<div class=\"elementor-column elementor-col-20 elementor-top-column elementor-element elementor-element-5ffe5d8\" data-id=\"5ffe5d8\" data-element_type=\"column\" data-e-type=\"column\">\n\t\t\t<div class=\"elementor-widget-wrap elementor-element-populated\">\n\t\t\t\t\t\t<div class=\"elementor-element elementor-element-6229e8e elementor-invisible elementor-widget elementor-widget-image\" data-id=\"6229e8e\" data-element_type=\"widget\" data-e-type=\"widget\" data-settings=\"{&quot;_animation&quot;:&quot;fadeIn&quot;}\" data-widget_type=\"image.default\">\n\t\t\t\t<div class=\"elementor-widget-container\">\n\t\t\t\t\t\t\t\t\t\t\t\t\t\t\t\t<a href=\"http:\/\/avions.auzeau.fr\/manifestations-musees\/carrefour-de-l-air-2013\/\">\n\t\t\t\t\t\t\t<img loading=\"lazy\" decoding=\"async\" width=\"400\" height=\"400\" src=\"https:\/\/www.auzeau.fr\/avions\/wp-content\/uploads\/Affiches\/F-AZTE_Douglas_DC3_LFPB_12-04-2015_002.jpg\" class=\"elementor-animation-shrink attachment-large size-large wp-image-189\" alt=\"\" srcset=\"https:\/\/www.auzeau.fr\/avions\/wp-content\/uploads\/Affiches\/F-AZTE_Douglas_DC3_LFPB_12-04-2015_002.jpg 400w, https:\/\/www.auzeau.fr\/avions\/wp-content\/uploads\/Affiches\/F-AZTE_Douglas_DC3_LFPB_12-04-2015_002-150x150.jpg 150w, https:\/\/www.auzeau.fr\/avions\/wp-content\/uploads\/Affiches\/F-AZTE_Douglas_DC3_LFPB_12-04-2015_002-300x300.jpg 300w\" sizes=\"(max-width: 400px) 100vw, 400px\" \/>\t\t\t\t\t\t\t\t<\/a>\n\t\t\t\t\t\t\t\t\t\t\t\t\t\t\t<\/div>\n\t\t\t\t<\/div>\n\t\t\t\t<div class=\"elementor-element elementor-element-f2a4ca8 elementor-widget elementor-widget-spacer\" data-id=\"f2a4ca8\" data-element_type=\"widget\" data-e-type=\"widget\" data-widget_type=\"spacer.default\">\n\t\t\t\t<div class=\"elementor-widget-container\">\n\t\t\t\t\t\t\t<div class=\"elementor-spacer\">\n\t\t\t<div class=\"elementor-spacer-inner\"><\/div>\n\t\t<\/div>\n\t\t\t\t\t\t<\/div>\n\t\t\t\t<\/div>\n\t\t\t\t<div class=\"elementor-element elementor-element-d6a2bcb elementor-widget elementor-widget-text-editor\" data-id=\"d6a2bcb\" data-element_type=\"widget\" data-e-type=\"widget\" data-widget_type=\"text-editor.default\">\n\t\t\t\t<div class=\"elementor-widget-container\">\n\t\t\t\t\t\t\t\t\t<p style=\"text-align: center;\">Carrefour de l&#8217;Air 2013<\/p>\t\t\t\t\t\t\t\t<\/div>\n\t\t\t\t<\/div>\n\t\t\t\t\t<\/div>\n\t\t<\/div>\n\t\t\t\t\t<\/div>\n\t\t<\/section>\n\t\t\t\t<section class=\"elementor-section elementor-top-section elementor-element elementor-element-1de7bee elementor-section-boxed elementor-section-height-default elementor-section-height-default\" data-id=\"1de7bee\" data-element_type=\"section\" data-e-type=\"section\">\n\t\t\t\t\t\t<div class=\"elementor-container elementor-column-gap-default\">\n\t\t\t\t\t<div class=\"elementor-column elementor-col-20 elementor-top-column elementor-element elementor-element-32baffc\" data-id=\"32baffc\" data-element_type=\"column\" data-e-type=\"column\">\n\t\t\t<div class=\"elementor-widget-wrap elementor-element-populated\">\n\t\t\t\t\t\t<div class=\"elementor-element elementor-element-8cba7a6 elementor-invisible elementor-widget elementor-widget-image\" data-id=\"8cba7a6\" data-element_type=\"widget\" data-e-type=\"widget\" data-settings=\"{&quot;_animation&quot;:&quot;fadeIn&quot;}\" data-widget_type=\"image.default\">\n\t\t\t\t<div class=\"elementor-widget-container\">\n\t\t\t\t\t\t\t\t\t\t\t\t\t\t\t\t<a href=\"http:\/\/avions.auzeau.fr\/manifestations-musees\/carrefour-de-l-air-2014\/\">\n\t\t\t\t\t\t\t<img loading=\"lazy\" decoding=\"async\" width=\"400\" height=\"400\" src=\"https:\/\/www.auzeau.fr\/avions\/wp-content\/uploads\/Affiches\/F-AZTE_Douglas_DC3_LFPB_12-04-2015_002.jpg\" class=\"elementor-animation-shrink attachment-large size-large wp-image-189\" alt=\"\" srcset=\"https:\/\/www.auzeau.fr\/avions\/wp-content\/uploads\/Affiches\/F-AZTE_Douglas_DC3_LFPB_12-04-2015_002.jpg 400w, https:\/\/www.auzeau.fr\/avions\/wp-content\/uploads\/Affiches\/F-AZTE_Douglas_DC3_LFPB_12-04-2015_002-150x150.jpg 150w, https:\/\/www.auzeau.fr\/avions\/wp-content\/uploads\/Affiches\/F-AZTE_Douglas_DC3_LFPB_12-04-2015_002-300x300.jpg 300w\" sizes=\"(max-width: 400px) 100vw, 400px\" \/>\t\t\t\t\t\t\t\t<\/a>\n\t\t\t\t\t\t\t\t\t\t\t\t\t\t\t<\/div>\n\t\t\t\t<\/div>\n\t\t\t\t<div class=\"elementor-element elementor-element-0455d07 elementor-widget elementor-widget-spacer\" data-id=\"0455d07\" data-element_type=\"widget\" data-e-type=\"widget\" data-widget_type=\"spacer.default\">\n\t\t\t\t<div class=\"elementor-widget-container\">\n\t\t\t\t\t\t\t<div class=\"elementor-spacer\">\n\t\t\t<div class=\"elementor-spacer-inner\"><\/div>\n\t\t<\/div>\n\t\t\t\t\t\t<\/div>\n\t\t\t\t<\/div>\n\t\t\t\t<div class=\"elementor-element elementor-element-99fed7b elementor-widget elementor-widget-text-editor\" data-id=\"99fed7b\" data-element_type=\"widget\" data-e-type=\"widget\" data-widget_type=\"text-editor.default\">\n\t\t\t\t<div class=\"elementor-widget-container\">\n\t\t\t\t\t\t\t\t\t<p style=\"text-align: center;\">Carrefour de l&#8217;Air 2014<\/p>\t\t\t\t\t\t\t\t<\/div>\n\t\t\t\t<\/div>\n\t\t\t\t\t<\/div>\n\t\t<\/div>\n\t\t\t\t<div class=\"elementor-column elementor-col-20 elementor-top-column elementor-element elementor-element-195ef39\" data-id=\"195ef39\" data-element_type=\"column\" data-e-type=\"column\">\n\t\t\t<div class=\"elementor-widget-wrap elementor-element-populated\">\n\t\t\t\t\t\t<div class=\"elementor-element elementor-element-9046b51 elementor-invisible elementor-widget elementor-widget-image\" data-id=\"9046b51\" data-element_type=\"widget\" data-e-type=\"widget\" data-settings=\"{&quot;_animation&quot;:&quot;fadeIn&quot;}\" data-widget_type=\"image.default\">\n\t\t\t\t<div class=\"elementor-widget-container\">\n\t\t\t\t\t\t\t\t\t\t\t\t\t\t\t\t<a href=\"http:\/\/avions.auzeau.fr\/manifestations-musees\/carrefour-de-l-air-2015\/\">\n\t\t\t\t\t\t\t<img loading=\"lazy\" decoding=\"async\" width=\"400\" height=\"400\" src=\"https:\/\/www.auzeau.fr\/avions\/wp-content\/uploads\/Affiches\/F-AZTE_Douglas_DC3_LFPB_12-04-2015_002.jpg\" class=\"elementor-animation-shrink attachment-large size-large wp-image-189\" alt=\"\" srcset=\"https:\/\/www.auzeau.fr\/avions\/wp-content\/uploads\/Affiches\/F-AZTE_Douglas_DC3_LFPB_12-04-2015_002.jpg 400w, https:\/\/www.auzeau.fr\/avions\/wp-content\/uploads\/Affiches\/F-AZTE_Douglas_DC3_LFPB_12-04-2015_002-150x150.jpg 150w, https:\/\/www.auzeau.fr\/avions\/wp-content\/uploads\/Affiches\/F-AZTE_Douglas_DC3_LFPB_12-04-2015_002-300x300.jpg 300w\" sizes=\"(max-width: 400px) 100vw, 400px\" \/>\t\t\t\t\t\t\t\t<\/a>\n\t\t\t\t\t\t\t\t\t\t\t\t\t\t\t<\/div>\n\t\t\t\t<\/div>\n\t\t\t\t<div class=\"elementor-element elementor-element-6e1fe59 elementor-widget elementor-widget-spacer\" data-id=\"6e1fe59\" data-element_type=\"widget\" data-e-type=\"widget\" data-widget_type=\"spacer.default\">\n\t\t\t\t<div class=\"elementor-widget-container\">\n\t\t\t\t\t\t\t<div class=\"elementor-spacer\">\n\t\t\t<div class=\"elementor-spacer-inner\"><\/div>\n\t\t<\/div>\n\t\t\t\t\t\t<\/div>\n\t\t\t\t<\/div>\n\t\t\t\t<div class=\"elementor-element elementor-element-3b38269 elementor-widget elementor-widget-text-editor\" data-id=\"3b38269\" data-element_type=\"widget\" data-e-type=\"widget\" data-widget_type=\"text-editor.default\">\n\t\t\t\t<div class=\"elementor-widget-container\">\n\t\t\t\t\t\t\t\t\t<p style=\"text-align: center;\">Carrefour de l&#8217;Air 2015<\/p>\t\t\t\t\t\t\t\t<\/div>\n\t\t\t\t<\/div>\n\t\t\t\t\t<\/div>\n\t\t<\/div>\n\t\t\t\t<div class=\"elementor-column elementor-col-20 elementor-top-column elementor-element elementor-element-eec9f9f\" data-id=\"eec9f9f\" data-element_type=\"column\" data-e-type=\"column\">\n\t\t\t<div class=\"elementor-widget-wrap elementor-element-populated\">\n\t\t\t\t\t\t<div class=\"elementor-element elementor-element-114ba92 elementor-invisible elementor-widget elementor-widget-image\" data-id=\"114ba92\" data-element_type=\"widget\" data-e-type=\"widget\" data-settings=\"{&quot;_animation&quot;:&quot;fadeIn&quot;}\" data-widget_type=\"image.default\">\n\t\t\t\t<div class=\"elementor-widget-container\">\n\t\t\t\t\t\t\t\t\t\t\t\t\t\t\t\t<a href=\"http:\/\/avions.auzeau.fr\/manifestations-musees\/lanveoc-poulmic-2015\/\">\n\t\t\t\t\t\t\t<img loading=\"lazy\" decoding=\"async\" width=\"282\" height=\"400\" src=\"https:\/\/www.auzeau.fr\/avions\/wp-content\/uploads\/Affiches\/Lanveoc_2015.jpg\" class=\"elementor-animation-shrink attachment-large size-large wp-image-199\" alt=\"\" srcset=\"https:\/\/www.auzeau.fr\/avions\/wp-content\/uploads\/Affiches\/Lanveoc_2015.jpg 282w, https:\/\/www.auzeau.fr\/avions\/wp-content\/uploads\/Affiches\/Lanveoc_2015-212x300.jpg 212w\" sizes=\"(max-width: 282px) 100vw, 282px\" \/>\t\t\t\t\t\t\t\t<\/a>\n\t\t\t\t\t\t\t\t\t\t\t\t\t\t\t<\/div>\n\t\t\t\t<\/div>\n\t\t\t\t<div class=\"elementor-element elementor-element-b2e907c elementor-widget elementor-widget-text-editor\" data-id=\"b2e907c\" data-element_type=\"widget\" data-e-type=\"widget\" data-widget_type=\"text-editor.default\">\n\t\t\t\t<div class=\"elementor-widget-container\">\n\t\t\t\t\t\t\t\t\t<p style=\"text-align: center;\">Portes ouvertes BAN Lanv\u00e9oc-Poulmic<\/p>\t\t\t\t\t\t\t\t<\/div>\n\t\t\t\t<\/div>\n\t\t\t\t\t<\/div>\n\t\t<\/div>\n\t\t\t\t<div class=\"elementor-column elementor-col-20 elementor-top-column elementor-element elementor-element-8d6ff30\" data-id=\"8d6ff30\" data-element_type=\"column\" data-e-type=\"column\">\n\t\t\t<div class=\"elementor-widget-wrap elementor-element-populated\">\n\t\t\t\t\t\t<div class=\"elementor-element elementor-element-60b520d elementor-invisible elementor-widget elementor-widget-image\" data-id=\"60b520d\" data-element_type=\"widget\" data-e-type=\"widget\" data-settings=\"{&quot;_animation&quot;:&quot;fadeIn&quot;}\" data-widget_type=\"image.default\">\n\t\t\t\t<div class=\"elementor-widget-container\">\n\t\t\t\t\t\t\t\t\t\t\t\t\t\t\t\t<a href=\"http:\/\/avions.auzeau.fr\/manifestations-musees\/carrefour-de-l-air-2017\/\">\n\t\t\t\t\t\t\t<img loading=\"lazy\" decoding=\"async\" width=\"400\" height=\"400\" src=\"https:\/\/www.auzeau.fr\/avions\/wp-content\/uploads\/Affiches\/F-AZTE_Douglas_DC3_LFPB_12-04-2015_002.jpg\" class=\"elementor-animation-shrink attachment-large size-large wp-image-189\" alt=\"\" srcset=\"https:\/\/www.auzeau.fr\/avions\/wp-content\/uploads\/Affiches\/F-AZTE_Douglas_DC3_LFPB_12-04-2015_002.jpg 400w, https:\/\/www.auzeau.fr\/avions\/wp-content\/uploads\/Affiches\/F-AZTE_Douglas_DC3_LFPB_12-04-2015_002-150x150.jpg 150w, https:\/\/www.auzeau.fr\/avions\/wp-content\/uploads\/Affiches\/F-AZTE_Douglas_DC3_LFPB_12-04-2015_002-300x300.jpg 300w\" sizes=\"(max-width: 400px) 100vw, 400px\" \/>\t\t\t\t\t\t\t\t<\/a>\n\t\t\t\t\t\t\t\t\t\t\t\t\t\t\t<\/div>\n\t\t\t\t<\/div>\n\t\t\t\t<div class=\"elementor-element elementor-element-c3ef264 elementor-widget elementor-widget-spacer\" data-id=\"c3ef264\" data-element_type=\"widget\" data-e-type=\"widget\" data-widget_type=\"spacer.default\">\n\t\t\t\t<div class=\"elementor-widget-container\">\n\t\t\t\t\t\t\t<div class=\"elementor-spacer\">\n\t\t\t<div class=\"elementor-spacer-inner\"><\/div>\n\t\t<\/div>\n\t\t\t\t\t\t<\/div>\n\t\t\t\t<\/div>\n\t\t\t\t<div class=\"elementor-element elementor-element-77e5e84 elementor-widget elementor-widget-text-editor\" data-id=\"77e5e84\" data-element_type=\"widget\" data-e-type=\"widget\" data-widget_type=\"text-editor.default\">\n\t\t\t\t<div class=\"elementor-widget-container\">\n\t\t\t\t\t\t\t\t\t<p style=\"text-align: center;\">Carrefour de l&#8217;Air 2017<\/p>\t\t\t\t\t\t\t\t<\/div>\n\t\t\t\t<\/div>\n\t\t\t\t\t<\/div>\n\t\t<\/div>\n\t\t\t\t<div class=\"elementor-column elementor-col-20 elementor-top-column elementor-element elementor-element-4bb14cb\" data-id=\"4bb14cb\" data-element_type=\"column\" data-e-type=\"column\">\n\t\t\t<div class=\"elementor-widget-wrap elementor-element-populated\">\n\t\t\t\t\t\t<div class=\"elementor-element elementor-element-fb86cd2 elementor-invisible elementor-widget elementor-widget-image\" data-id=\"fb86cd2\" data-element_type=\"widget\" data-e-type=\"widget\" data-settings=\"{&quot;_animation&quot;:&quot;fadeIn&quot;}\" data-widget_type=\"image.default\">\n\t\t\t\t<div class=\"elementor-widget-container\">\n\t\t\t\t\t\t\t\t\t\t\t\t\t\t\t\t<a href=\"http:\/\/avions.auzeau.fr\/manifestations-musees\/landivisiau-2017\/\">\n\t\t\t\t\t\t\t<img loading=\"lazy\" decoding=\"async\" width=\"422\" height=\"422\" src=\"https:\/\/www.auzeau.fr\/avions\/wp-content\/uploads\/Affiches\/NatoTigerMet_2017.png\" class=\"elementor-animation-shrink attachment-large size-large wp-image-194\" alt=\"\" srcset=\"https:\/\/www.auzeau.fr\/avions\/wp-content\/uploads\/Affiches\/NatoTigerMet_2017.png 422w, https:\/\/www.auzeau.fr\/avions\/wp-content\/uploads\/Affiches\/NatoTigerMet_2017-150x150.png 150w, https:\/\/www.auzeau.fr\/avions\/wp-content\/uploads\/Affiches\/NatoTigerMet_2017-300x300.png 300w\" sizes=\"(max-width: 422px) 100vw, 422px\" \/>\t\t\t\t\t\t\t\t<\/a>\n\t\t\t\t\t\t\t\t\t\t\t\t\t\t\t<\/div>\n\t\t\t\t<\/div>\n\t\t\t\t<div class=\"elementor-element elementor-element-925ed69 elementor-widget elementor-widget-spacer\" data-id=\"925ed69\" data-element_type=\"widget\" data-e-type=\"widget\" data-widget_type=\"spacer.default\">\n\t\t\t\t<div class=\"elementor-widget-container\">\n\t\t\t\t\t\t\t<div class=\"elementor-spacer\">\n\t\t\t<div class=\"elementor-spacer-inner\"><\/div>\n\t\t<\/div>\n\t\t\t\t\t\t<\/div>\n\t\t\t\t<\/div>\n\t\t\t\t<div class=\"elementor-element elementor-element-f36fae2 elementor-widget elementor-widget-text-editor\" data-id=\"f36fae2\" data-element_type=\"widget\" data-e-type=\"widget\" data-widget_type=\"text-editor.default\">\n\t\t\t\t<div class=\"elementor-widget-container\">\n\t\t\t\t\t\t\t\t\t<p style=\"text-align: center;\">Nato Tiger Meet 2017 BAN Landivisiau<\/p>\t\t\t\t\t\t\t\t<\/div>\n\t\t\t\t<\/div>\n\t\t\t\t\t<\/div>\n\t\t<\/div>\n\t\t\t\t\t<\/div>\n\t\t<\/section>\n\t\t\t\t<section class=\"elementor-section elementor-top-section elementor-element elementor-element-5266ba3 elementor-section-boxed elementor-section-height-default elementor-section-height-default\" data-id=\"5266ba3\" data-element_type=\"section\" data-e-type=\"section\">\n\t\t\t\t\t\t<div class=\"elementor-container elementor-column-gap-default\">\n\t\t\t\t\t<div class=\"elementor-column elementor-col-20 elementor-top-column elementor-element elementor-element-d3ee6c9\" data-id=\"d3ee6c9\" data-element_type=\"column\" data-e-type=\"column\">\n\t\t\t<div class=\"elementor-widget-wrap elementor-element-populated\">\n\t\t\t\t\t\t<div class=\"elementor-element elementor-element-0c3048f elementor-invisible elementor-widget elementor-widget-image\" data-id=\"0c3048f\" data-element_type=\"widget\" data-e-type=\"widget\" data-settings=\"{&quot;_animation&quot;:&quot;fadeIn&quot;}\" data-widget_type=\"image.default\">\n\t\t\t\t<div class=\"elementor-widget-container\">\n\t\t\t\t\t\t\t\t\t\t\t\t\t\t\t\t<a href=\"http:\/\/avions.auzeau.fr\/manifestations-musees\/mont-de-marsan-2019\/\">\n\t\t\t\t\t\t\t<img loading=\"lazy\" decoding=\"async\" width=\"200\" height=\"200\" src=\"https:\/\/www.auzeau.fr\/avions\/wp-content\/uploads\/Affiches\/NatoTigerMeet_2019.png\" class=\"elementor-animation-shrink attachment-large size-large wp-image-4112\" alt=\"\" srcset=\"https:\/\/www.auzeau.fr\/avions\/wp-content\/uploads\/Affiches\/NatoTigerMeet_2019.png 200w, https:\/\/www.auzeau.fr\/avions\/wp-content\/uploads\/Affiches\/NatoTigerMeet_2019-150x150.png 150w\" sizes=\"(max-width: 200px) 100vw, 200px\" \/>\t\t\t\t\t\t\t\t<\/a>\n\t\t\t\t\t\t\t\t\t\t\t\t\t\t\t<\/div>\n\t\t\t\t<\/div>\n\t\t\t\t<div class=\"elementor-element elementor-element-f4ac011 elementor-widget elementor-widget-spacer\" data-id=\"f4ac011\" data-element_type=\"widget\" data-e-type=\"widget\" data-widget_type=\"spacer.default\">\n\t\t\t\t<div class=\"elementor-widget-container\">\n\t\t\t\t\t\t\t<div class=\"elementor-spacer\">\n\t\t\t<div class=\"elementor-spacer-inner\"><\/div>\n\t\t<\/div>\n\t\t\t\t\t\t<\/div>\n\t\t\t\t<\/div>\n\t\t\t\t<div class=\"elementor-element elementor-element-8093567 elementor-widget elementor-widget-text-editor\" data-id=\"8093567\" data-element_type=\"widget\" data-e-type=\"widget\" data-widget_type=\"text-editor.default\">\n\t\t\t\t<div class=\"elementor-widget-container\">\n\t\t\t\t\t\t\t\t\t<p style=\"text-align: center;\">Nato Tiger Meet 2019 BA118 Mont-de-Marsan<\/p>\t\t\t\t\t\t\t\t<\/div>\n\t\t\t\t<\/div>\n\t\t\t\t\t<\/div>\n\t\t<\/div>\n\t\t\t\t<div class=\"elementor-column elementor-col-20 elementor-top-column elementor-element elementor-element-f2e7257\" data-id=\"f2e7257\" data-element_type=\"column\" data-e-type=\"column\">\n\t\t\t<div class=\"elementor-widget-wrap elementor-element-populated\">\n\t\t\t\t\t\t<div class=\"elementor-element elementor-element-1bb93ff elementor-invisible elementor-widget elementor-widget-image\" data-id=\"1bb93ff\" data-element_type=\"widget\" data-e-type=\"widget\" data-settings=\"{&quot;_animation&quot;:&quot;fadeIn&quot;}\" data-widget_type=\"image.default\">\n\t\t\t\t<div class=\"elementor-widget-container\">\n\t\t\t\t\t\t\t\t\t\t\t\t\t\t\t\t<a href=\"http:\/\/avions.auzeau.fr\/manifestations-musees\/l-birds-back-to-normandy-2019\/\">\n\t\t\t\t\t\t\t<img loading=\"lazy\" decoding=\"async\" width=\"283\" height=\"400\" src=\"https:\/\/www.auzeau.fr\/avions\/wp-content\/uploads\/Affiches\/L-Birds_2019.png\" class=\"elementor-animation-shrink attachment-large size-large wp-image-4190\" alt=\"\" srcset=\"https:\/\/www.auzeau.fr\/avions\/wp-content\/uploads\/Affiches\/L-Birds_2019.png 283w, https:\/\/www.auzeau.fr\/avions\/wp-content\/uploads\/Affiches\/L-Birds_2019-212x300.png 212w\" sizes=\"(max-width: 283px) 100vw, 283px\" \/>\t\t\t\t\t\t\t\t<\/a>\n\t\t\t\t\t\t\t\t\t\t\t\t\t\t\t<\/div>\n\t\t\t\t<\/div>\n\t\t\t\t<div class=\"elementor-element elementor-element-10a6596 elementor-widget elementor-widget-spacer\" data-id=\"10a6596\" data-element_type=\"widget\" data-e-type=\"widget\" data-widget_type=\"spacer.default\">\n\t\t\t\t<div class=\"elementor-widget-container\">\n\t\t\t\t\t\t\t<div class=\"elementor-spacer\">\n\t\t\t<div class=\"elementor-spacer-inner\"><\/div>\n\t\t<\/div>\n\t\t\t\t\t\t<\/div>\n\t\t\t\t<\/div>\n\t\t\t\t<div class=\"elementor-element elementor-element-6ac5750 elementor-widget elementor-widget-text-editor\" data-id=\"6ac5750\" data-element_type=\"widget\" data-e-type=\"widget\" data-widget_type=\"text-editor.default\">\n\t\t\t\t<div class=\"elementor-widget-container\">\n\t\t\t\t\t\t\t\t\t<p style=\"text-align: center;\">L-Birds back to Normandy Saint-Andr\u00e9-de-l&#8217;Eure 2019<\/p>\t\t\t\t\t\t\t\t<\/div>\n\t\t\t\t<\/div>\n\t\t\t\t\t<\/div>\n\t\t<\/div>\n\t\t\t\t<div class=\"elementor-column elementor-col-20 elementor-top-column elementor-element elementor-element-b952370\" data-id=\"b952370\" data-element_type=\"column\" data-e-type=\"column\">\n\t\t\t<div class=\"elementor-widget-wrap elementor-element-populated\">\n\t\t\t\t\t\t<div class=\"elementor-element elementor-element-516255e elementor-invisible elementor-widget elementor-widget-image\" data-id=\"516255e\" data-element_type=\"widget\" data-e-type=\"widget\" data-settings=\"{&quot;_animation&quot;:&quot;fadeIn&quot;}\" data-widget_type=\"image.default\">\n\t\t\t\t<div class=\"elementor-widget-container\">\n\t\t\t\t\t\t\t\t\t\t\t\t\t\t\t\t<a href=\"http:\/\/avions.auzeau.fr\/manifestations-musees\/chateau-de-savigny-les-beaune\/\">\n\t\t\t\t\t\t\t<img loading=\"lazy\" decoding=\"async\" width=\"800\" height=\"503\" src=\"https:\/\/www.auzeau.fr\/avions\/wp-content\/uploads\/Affiches\/Beaune.jpg\" class=\"elementor-animation-shrink attachment-large size-large wp-image-5929\" alt=\"\" srcset=\"https:\/\/www.auzeau.fr\/avions\/wp-content\/uploads\/Affiches\/Beaune.jpg 800w, https:\/\/www.auzeau.fr\/avions\/wp-content\/uploads\/Affiches\/Beaune-300x189.jpg 300w, https:\/\/www.auzeau.fr\/avions\/wp-content\/uploads\/Affiches\/Beaune-768x483.jpg 768w\" sizes=\"(max-width: 800px) 100vw, 800px\" \/>\t\t\t\t\t\t\t\t<\/a>\n\t\t\t\t\t\t\t\t\t\t\t\t\t\t\t<\/div>\n\t\t\t\t<\/div>\n\t\t\t\t<div class=\"elementor-element elementor-element-7472ce8 elementor-widget elementor-widget-spacer\" data-id=\"7472ce8\" data-element_type=\"widget\" data-e-type=\"widget\" data-widget_type=\"spacer.default\">\n\t\t\t\t<div class=\"elementor-widget-container\">\n\t\t\t\t\t\t\t<div class=\"elementor-spacer\">\n\t\t\t<div class=\"elementor-spacer-inner\"><\/div>\n\t\t<\/div>\n\t\t\t\t\t\t<\/div>\n\t\t\t\t<\/div>\n\t\t\t\t<div class=\"elementor-element elementor-element-cc9509e elementor-widget elementor-widget-text-editor\" data-id=\"cc9509e\" data-element_type=\"widget\" data-e-type=\"widget\" data-widget_type=\"text-editor.default\">\n\t\t\t\t<div class=\"elementor-widget-container\">\n\t\t\t\t\t\t\t\t\t<p style=\"text-align: center;\">Collection du Ch\u00e2teau de Savigny-l\u00e8s-Beaune 2023<\/p>\t\t\t\t\t\t\t\t<\/div>\n\t\t\t\t<\/div>\n\t\t\t\t\t<\/div>\n\t\t<\/div>\n\t\t\t\t<div class=\"elementor-column elementor-col-20 elementor-top-column elementor-element elementor-element-5653a76\" data-id=\"5653a76\" data-element_type=\"column\" data-e-type=\"column\">\n\t\t\t<div class=\"elementor-widget-wrap elementor-element-populated\">\n\t\t\t\t\t\t<div class=\"elementor-element elementor-element-168139a elementor-invisible elementor-widget elementor-widget-image\" data-id=\"168139a\" data-element_type=\"widget\" data-e-type=\"widget\" data-settings=\"{&quot;_animation&quot;:&quot;fadeIn&quot;}\" data-widget_type=\"image.default\">\n\t\t\t\t<div class=\"elementor-widget-container\">\n\t\t\t\t\t\t\t\t\t\t\t\t\t\t\t\t<a href=\"http:\/\/avions.auzeau.fr\/manifestations-musees\/90-ans-de-larmee-de-lair-et-de-lespace\/\">\n\t\t\t\t\t\t\t<img loading=\"lazy\" decoding=\"async\" width=\"576\" height=\"864\" src=\"https:\/\/www.auzeau.fr\/avions\/wp-content\/uploads\/Affiches\/Versailles-2024.jpg\" class=\"elementor-animation-shrink attachment-large size-large wp-image-6371\" alt=\"\" srcset=\"https:\/\/www.auzeau.fr\/avions\/wp-content\/uploads\/Affiches\/Versailles-2024.jpg 576w, https:\/\/www.auzeau.fr\/avions\/wp-content\/uploads\/Affiches\/Versailles-2024-200x300.jpg 200w\" sizes=\"(max-width: 576px) 100vw, 576px\" \/>\t\t\t\t\t\t\t\t<\/a>\n\t\t\t\t\t\t\t\t\t\t\t\t\t\t\t<\/div>\n\t\t\t\t<\/div>\n\t\t\t\t<div class=\"elementor-element elementor-element-731db96 elementor-widget elementor-widget-text-editor\" data-id=\"731db96\" data-element_type=\"widget\" data-e-type=\"widget\" data-widget_type=\"text-editor.default\">\n\t\t\t\t<div class=\"elementor-widget-container\">\n\t\t\t\t\t\t\t\t\t<p style=\"text-align: center;\">90 ans de l&#8217;Arm\u00e9e de l&#8217;Air et de l&#8217;Espace<br \/>Versailles 2024<\/p>\t\t\t\t\t\t\t\t<\/div>\n\t\t\t\t<\/div>\n\t\t\t\t\t<\/div>\n\t\t<\/div>\n\t\t\t\t<div class=\"elementor-column elementor-col-20 elementor-top-column elementor-element elementor-element-4838044\" data-id=\"4838044\" data-element_type=\"column\" data-e-type=\"column\">\n\t\t\t<div class=\"elementor-widget-wrap elementor-element-populated\">\n\t\t\t\t\t\t<div class=\"elementor-element elementor-element-0898927 elementor-invisible elementor-widget elementor-widget-image\" data-id=\"0898927\" data-element_type=\"widget\" data-e-type=\"widget\" data-settings=\"{&quot;_animation&quot;:&quot;fadeIn&quot;}\" data-widget_type=\"image.default\">\n\t\t\t\t<div class=\"elementor-widget-container\">\n\t\t\t\t\t\t\t\t\t\t\t\t\t\t\t\t<a href=\"https:\/\/www.auzeau.fr\/avions\/manifestations-musees\/musee-de-laeronautique-navale\/\">\n\t\t\t\t\t\t\t<img loading=\"lazy\" decoding=\"async\" width=\"512\" height=\"512\" src=\"https:\/\/www.auzeau.fr\/avions\/wp-content\/uploads\/Affiches\/Rochefort.png\" class=\"elementor-animation-shrink attachment-large size-large wp-image-7782\" alt=\"\" srcset=\"https:\/\/www.auzeau.fr\/avions\/wp-content\/uploads\/Affiches\/Rochefort.png 512w, https:\/\/www.auzeau.fr\/avions\/wp-content\/uploads\/Affiches\/Rochefort-300x300.png 300w, https:\/\/www.auzeau.fr\/avions\/wp-content\/uploads\/Affiches\/Rochefort-150x150.png 150w\" sizes=\"(max-width: 512px) 100vw, 512px\" \/>\t\t\t\t\t\t\t\t<\/a>\n\t\t\t\t\t\t\t\t\t\t\t\t\t\t\t<\/div>\n\t\t\t\t<\/div>\n\t\t\t\t<div class=\"elementor-element elementor-element-76d9689 elementor-widget elementor-widget-spacer\" data-id=\"76d9689\" data-element_type=\"widget\" data-e-type=\"widget\" data-widget_type=\"spacer.default\">\n\t\t\t\t<div class=\"elementor-widget-container\">\n\t\t\t\t\t\t\t<div class=\"elementor-spacer\">\n\t\t\t<div class=\"elementor-spacer-inner\"><\/div>\n\t\t<\/div>\n\t\t\t\t\t\t<\/div>\n\t\t\t\t<\/div>\n\t\t\t\t<div class=\"elementor-element elementor-element-62aa225 elementor-widget elementor-widget-text-editor\" data-id=\"62aa225\" data-element_type=\"widget\" data-e-type=\"widget\" data-widget_type=\"text-editor.default\">\n\t\t\t\t<div class=\"elementor-widget-container\">\n\t\t\t\t\t\t\t\t\t<p style=\"text-align: center;\">Mus\u00e9e de l&#8217;A\u00e9ronautique Navale Rochefort<\/p>\t\t\t\t\t\t\t\t<\/div>\n\t\t\t\t<\/div>\n\t\t\t\t\t<\/div>\n\t\t<\/div>\n\t\t\t\t\t<\/div>\n\t\t<\/section>\n\t\t\t\t<section class=\"elementor-section elementor-top-section elementor-element elementor-element-abafd9d elementor-section-boxed elementor-section-height-default elementor-section-height-default\" data-id=\"abafd9d\" data-element_type=\"section\" data-e-type=\"section\">\n\t\t\t\t\t\t<div class=\"elementor-container elementor-column-gap-default\">\n\t\t\t\t\t<div class=\"elementor-column elementor-col-100 elementor-top-column elementor-element elementor-element-e58edf9\" data-id=\"e58edf9\" data-element_type=\"column\" data-e-type=\"column\">\n\t\t\t<div class=\"elementor-widget-wrap elementor-element-populated\">\n\t\t\t\t\t\t<div class=\"elementor-element elementor-element-ab86ea6 elementor-widget elementor-widget-spacer\" data-id=\"ab86ea6\" data-element_type=\"widget\" data-e-type=\"widget\" data-widget_type=\"spacer.default\">\n\t\t\t\t<div class=\"elementor-widget-container\">\n\t\t\t\t\t\t\t<div class=\"elementor-spacer\">\n\t\t\t<div class=\"elementor-spacer-inner\"><\/div>\n\t\t<\/div>\n\t\t\t\t\t\t<\/div>\n\t\t\t\t<\/div>\n\t\t\t\t<div class=\"elementor-element elementor-element-2c09c21 elementor-widget elementor-widget-heading\" data-id=\"2c09c21\" data-element_type=\"widget\" data-e-type=\"widget\" data-widget_type=\"heading.default\">\n\t\t\t\t<div class=\"elementor-widget-container\">\n\t\t\t\t\t<h2 class=\"elementor-heading-title elementor-size-xxl\">MEETINGS<\/h2>\t\t\t\t<\/div>\n\t\t\t\t<\/div>\n\t\t\t\t\t<\/div>\n\t\t<\/div>\n\t\t\t\t\t<\/div>\n\t\t<\/section>\n\t\t\t\t<section class=\"elementor-section elementor-top-section elementor-element elementor-element-670e2e9 elementor-section-boxed elementor-section-height-default elementor-section-height-default\" data-id=\"670e2e9\" data-element_type=\"section\" data-e-type=\"section\">\n\t\t\t\t\t\t<div class=\"elementor-container elementor-column-gap-default\">\n\t\t\t\t\t<div class=\"elementor-column elementor-col-20 elementor-top-column elementor-element elementor-element-1a739da\" data-id=\"1a739da\" data-element_type=\"column\" data-e-type=\"column\">\n\t\t\t<div class=\"elementor-widget-wrap elementor-element-populated\">\n\t\t\t\t\t\t<div class=\"elementor-element elementor-element-fbfe0d9 elementor-invisible elementor-widget elementor-widget-image\" data-id=\"fbfe0d9\" data-element_type=\"widget\" data-e-type=\"widget\" data-settings=\"{&quot;_animation&quot;:&quot;fadeIn&quot;}\" data-widget_type=\"image.default\">\n\t\t\t\t<div class=\"elementor-widget-container\">\n\t\t\t\t\t\t\t\t\t\t\t\t\t\t\t\t<a href=\"http:\/\/avions.auzeau.fr\/meeting-aeriens\/cormeilles-2008\/\">\n\t\t\t\t\t\t\t<img loading=\"lazy\" decoding=\"async\" width=\"400\" height=\"400\" src=\"https:\/\/www.auzeau.fr\/avions\/wp-content\/uploads\/Affiches\/neant.png\" class=\"elementor-animation-shrink attachment-large size-large wp-image-190\" alt=\"\" srcset=\"https:\/\/www.auzeau.fr\/avions\/wp-content\/uploads\/Affiches\/neant.png 400w, https:\/\/www.auzeau.fr\/avions\/wp-content\/uploads\/Affiches\/neant-150x150.png 150w, https:\/\/www.auzeau.fr\/avions\/wp-content\/uploads\/Affiches\/neant-300x300.png 300w\" sizes=\"(max-width: 400px) 100vw, 400px\" \/>\t\t\t\t\t\t\t\t<\/a>\n\t\t\t\t\t\t\t\t\t\t\t\t\t\t\t<\/div>\n\t\t\t\t<\/div>\n\t\t\t\t<div class=\"elementor-element elementor-element-ef9bc0a elementor-widget elementor-widget-text-editor\" data-id=\"ef9bc0a\" data-element_type=\"widget\" data-e-type=\"widget\" data-widget_type=\"text-editor.default\">\n\t\t\t\t<div class=\"elementor-widget-container\">\n\t\t\t\t\t\t\t\t\t<p style=\"text-align: center;\">Cormeilles-en-Vexin 2008<\/p>\t\t\t\t\t\t\t\t<\/div>\n\t\t\t\t<\/div>\n\t\t\t\t\t<\/div>\n\t\t<\/div>\n\t\t\t\t<div class=\"elementor-column elementor-col-20 elementor-top-column elementor-element elementor-element-9051d41\" data-id=\"9051d41\" data-element_type=\"column\" data-e-type=\"column\">\n\t\t\t<div class=\"elementor-widget-wrap elementor-element-populated\">\n\t\t\t\t\t\t<div class=\"elementor-element elementor-element-24041d6 elementor-invisible elementor-widget elementor-widget-image\" data-id=\"24041d6\" data-element_type=\"widget\" data-e-type=\"widget\" data-settings=\"{&quot;_animation&quot;:&quot;fadeIn&quot;}\" data-widget_type=\"image.default\">\n\t\t\t\t<div class=\"elementor-widget-container\">\n\t\t\t\t\t\t\t\t\t\t\t\t\t\t\t\t<a href=\"http:\/\/avions.auzeau.fr\/meeting-aeriens\/cormeilles-2009\/\">\n\t\t\t\t\t\t\t<img loading=\"lazy\" decoding=\"async\" width=\"400\" height=\"400\" src=\"https:\/\/www.auzeau.fr\/avions\/wp-content\/uploads\/Affiches\/neant.png\" class=\"elementor-animation-shrink attachment-large size-large wp-image-190\" alt=\"\" srcset=\"https:\/\/www.auzeau.fr\/avions\/wp-content\/uploads\/Affiches\/neant.png 400w, https:\/\/www.auzeau.fr\/avions\/wp-content\/uploads\/Affiches\/neant-150x150.png 150w, https:\/\/www.auzeau.fr\/avions\/wp-content\/uploads\/Affiches\/neant-300x300.png 300w\" sizes=\"(max-width: 400px) 100vw, 400px\" \/>\t\t\t\t\t\t\t\t<\/a>\n\t\t\t\t\t\t\t\t\t\t\t\t\t\t\t<\/div>\n\t\t\t\t<\/div>\n\t\t\t\t<div class=\"elementor-element elementor-element-2e55263 elementor-widget elementor-widget-text-editor\" data-id=\"2e55263\" data-element_type=\"widget\" data-e-type=\"widget\" data-widget_type=\"text-editor.default\">\n\t\t\t\t<div class=\"elementor-widget-container\">\n\t\t\t\t\t\t\t\t\t<p style=\"text-align: center;\">Cormeilles-en-Vexin 2009<\/p>\t\t\t\t\t\t\t\t<\/div>\n\t\t\t\t<\/div>\n\t\t\t\t\t<\/div>\n\t\t<\/div>\n\t\t\t\t<div class=\"elementor-column elementor-col-20 elementor-top-column elementor-element elementor-element-4537718\" data-id=\"4537718\" data-element_type=\"column\" data-e-type=\"column\">\n\t\t\t<div class=\"elementor-widget-wrap elementor-element-populated\">\n\t\t\t\t\t\t<div class=\"elementor-element elementor-element-4c3b01d elementor-invisible elementor-widget elementor-widget-image\" data-id=\"4c3b01d\" data-element_type=\"widget\" data-e-type=\"widget\" data-settings=\"{&quot;_animation&quot;:&quot;fadeIn&quot;}\" data-widget_type=\"image.default\">\n\t\t\t\t<div class=\"elementor-widget-container\">\n\t\t\t\t\t\t\t\t\t\t\t\t\t\t\t\t<a href=\"http:\/\/avions.auzeau.fr\/meeting-aeriens\/cormeilles-2010\/\">\n\t\t\t\t\t\t\t<img loading=\"lazy\" decoding=\"async\" width=\"266\" height=\"400\" src=\"https:\/\/www.auzeau.fr\/avions\/wp-content\/uploads\/Affiches\/Cormeilles_2010.jpg\" class=\"elementor-animation-shrink attachment-large size-large wp-image-211\" alt=\"\" srcset=\"https:\/\/www.auzeau.fr\/avions\/wp-content\/uploads\/Affiches\/Cormeilles_2010.jpg 266w, https:\/\/www.auzeau.fr\/avions\/wp-content\/uploads\/Affiches\/Cormeilles_2010-200x300.jpg 200w\" sizes=\"(max-width: 266px) 100vw, 266px\" \/>\t\t\t\t\t\t\t\t<\/a>\n\t\t\t\t\t\t\t\t\t\t\t\t\t\t\t<\/div>\n\t\t\t\t<\/div>\n\t\t\t\t<div class=\"elementor-element elementor-element-e0bb4ee elementor-widget elementor-widget-text-editor\" data-id=\"e0bb4ee\" data-element_type=\"widget\" data-e-type=\"widget\" data-widget_type=\"text-editor.default\">\n\t\t\t\t<div class=\"elementor-widget-container\">\n\t\t\t\t\t\t\t\t\t<p style=\"text-align: center;\">Meeting International d&#8217;Ile-de-France Cormeilles-en-Vexin 2010<\/p>\t\t\t\t\t\t\t\t<\/div>\n\t\t\t\t<\/div>\n\t\t\t\t\t<\/div>\n\t\t<\/div>\n\t\t\t\t<div class=\"elementor-column elementor-col-20 elementor-top-column elementor-element elementor-element-c29acbe\" data-id=\"c29acbe\" data-element_type=\"column\" data-e-type=\"column\">\n\t\t\t<div class=\"elementor-widget-wrap elementor-element-populated\">\n\t\t\t\t\t\t<div class=\"elementor-element elementor-element-c8c7cb6 elementor-invisible elementor-widget elementor-widget-image\" data-id=\"c8c7cb6\" data-element_type=\"widget\" data-e-type=\"widget\" data-settings=\"{&quot;_animation&quot;:&quot;fadeIn&quot;}\" data-widget_type=\"image.default\">\n\t\t\t\t<div class=\"elementor-widget-container\">\n\t\t\t\t\t\t\t\t\t\t\t\t\t\t\t\t<a href=\"http:\/\/avions.auzeau.fr\/meeting-aeriens\/cormeilles-2011\/\">\n\t\t\t\t\t\t\t<img loading=\"lazy\" decoding=\"async\" width=\"283\" height=\"400\" src=\"https:\/\/www.auzeau.fr\/avions\/wp-content\/uploads\/Affiches\/Cormeilles_2011.jpg\" class=\"elementor-animation-shrink attachment-large size-large wp-image-215\" alt=\"\" srcset=\"https:\/\/www.auzeau.fr\/avions\/wp-content\/uploads\/Affiches\/Cormeilles_2011.jpg 283w, https:\/\/www.auzeau.fr\/avions\/wp-content\/uploads\/Affiches\/Cormeilles_2011-212x300.jpg 212w\" sizes=\"(max-width: 283px) 100vw, 283px\" \/>\t\t\t\t\t\t\t\t<\/a>\n\t\t\t\t\t\t\t\t\t\t\t\t\t\t\t<\/div>\n\t\t\t\t<\/div>\n\t\t\t\t<div class=\"elementor-element elementor-element-878e601 elementor-widget elementor-widget-text-editor\" data-id=\"878e601\" data-element_type=\"widget\" data-e-type=\"widget\" data-widget_type=\"text-editor.default\">\n\t\t\t\t<div class=\"elementor-widget-container\">\n\t\t\t\t\t\t\t\t\t<p style=\"text-align: center;\">Meeting A\u00e9rien d&#8217;Ile-de-France Cormeilles-en-Vexin 2011<\/p>\t\t\t\t\t\t\t\t<\/div>\n\t\t\t\t<\/div>\n\t\t\t\t\t<\/div>\n\t\t<\/div>\n\t\t\t\t<div class=\"elementor-column elementor-col-20 elementor-top-column elementor-element elementor-element-36a44d3\" data-id=\"36a44d3\" data-element_type=\"column\" data-e-type=\"column\">\n\t\t\t<div class=\"elementor-widget-wrap elementor-element-populated\">\n\t\t\t\t\t\t<div class=\"elementor-element elementor-element-493a183 elementor-invisible elementor-widget elementor-widget-image\" data-id=\"493a183\" data-element_type=\"widget\" data-e-type=\"widget\" data-settings=\"{&quot;_animation&quot;:&quot;fadeIn&quot;}\" data-widget_type=\"image.default\">\n\t\t\t\t<div class=\"elementor-widget-container\">\n\t\t\t\t\t\t\t\t\t\t\t\t\t\t\t\t<a href=\"http:\/\/avions.auzeau.fr\/meeting-aeriens\/cormeilles-2012\/\">\n\t\t\t\t\t\t\t<img loading=\"lazy\" decoding=\"async\" width=\"282\" height=\"400\" src=\"https:\/\/www.auzeau.fr\/avions\/wp-content\/uploads\/Affiches\/Cormeilles_2012.jpg\" class=\"elementor-animation-shrink attachment-large size-large wp-image-202\" alt=\"\" srcset=\"https:\/\/www.auzeau.fr\/avions\/wp-content\/uploads\/Affiches\/Cormeilles_2012.jpg 282w, https:\/\/www.auzeau.fr\/avions\/wp-content\/uploads\/Affiches\/Cormeilles_2012-212x300.jpg 212w\" sizes=\"(max-width: 282px) 100vw, 282px\" \/>\t\t\t\t\t\t\t\t<\/a>\n\t\t\t\t\t\t\t\t\t\t\t\t\t\t\t<\/div>\n\t\t\t\t<\/div>\n\t\t\t\t<div class=\"elementor-element elementor-element-eb798bf elementor-widget elementor-widget-text-editor\" data-id=\"eb798bf\" data-element_type=\"widget\" data-e-type=\"widget\" data-widget_type=\"text-editor.default\">\n\t\t\t\t<div class=\"elementor-widget-container\">\n\t\t\t\t\t\t\t\t\t<p style=\"text-align: center;\">Air Show Cormeilles-en-Vexin 2012<\/p>\t\t\t\t\t\t\t\t<\/div>\n\t\t\t\t<\/div>\n\t\t\t\t\t<\/div>\n\t\t<\/div>\n\t\t\t\t\t<\/div>\n\t\t<\/section>\n\t\t\t\t<section class=\"elementor-section elementor-top-section elementor-element elementor-element-14cd9b7 elementor-section-boxed elementor-section-height-default elementor-section-height-default\" data-id=\"14cd9b7\" data-element_type=\"section\" data-e-type=\"section\">\n\t\t\t\t\t\t<div class=\"elementor-container elementor-column-gap-default\">\n\t\t\t\t\t<div class=\"elementor-column elementor-col-20 elementor-top-column elementor-element elementor-element-56de5f4\" data-id=\"56de5f4\" data-element_type=\"column\" data-e-type=\"column\">\n\t\t\t<div class=\"elementor-widget-wrap elementor-element-populated\">\n\t\t\t\t\t\t<div class=\"elementor-element elementor-element-0ec90b5 elementor-invisible elementor-widget elementor-widget-image\" data-id=\"0ec90b5\" data-element_type=\"widget\" data-e-type=\"widget\" data-settings=\"{&quot;_animation&quot;:&quot;fadeIn&quot;}\" data-widget_type=\"image.default\">\n\t\t\t\t<div class=\"elementor-widget-container\">\n\t\t\t\t\t\t\t\t\t\t\t\t\t\t\t\t<a href=\"http:\/\/avions.auzeau.fr\/meeting-aeriens\/lens-2012\/\">\n\t\t\t\t\t\t\t<img loading=\"lazy\" decoding=\"async\" width=\"282\" height=\"400\" src=\"https:\/\/www.auzeau.fr\/avions\/wp-content\/uploads\/Affiches\/Lens_2012.jpg\" class=\"elementor-animation-shrink attachment-large size-large wp-image-208\" alt=\"\" srcset=\"https:\/\/www.auzeau.fr\/avions\/wp-content\/uploads\/Affiches\/Lens_2012.jpg 282w, https:\/\/www.auzeau.fr\/avions\/wp-content\/uploads\/Affiches\/Lens_2012-212x300.jpg 212w\" sizes=\"(max-width: 282px) 100vw, 282px\" \/>\t\t\t\t\t\t\t\t<\/a>\n\t\t\t\t\t\t\t\t\t\t\t\t\t\t\t<\/div>\n\t\t\t\t<\/div>\n\t\t\t\t<div class=\"elementor-element elementor-element-1ccc056 elementor-widget elementor-widget-text-editor\" data-id=\"1ccc056\" data-element_type=\"widget\" data-e-type=\"widget\" data-widget_type=\"text-editor.default\">\n\t\t\t\t<div class=\"elementor-widget-container\">\n\t\t\t\t\t\t\t\t\t<p style=\"text-align: center;\">Meeting A\u00e9rien Franco-Polonais Lens-B\u00e9nifontaine 2012<\/p>\t\t\t\t\t\t\t\t<\/div>\n\t\t\t\t<\/div>\n\t\t\t\t\t<\/div>\n\t\t<\/div>\n\t\t\t\t<div class=\"elementor-column elementor-col-20 elementor-top-column elementor-element elementor-element-3ded9b8\" data-id=\"3ded9b8\" data-element_type=\"column\" data-e-type=\"column\">\n\t\t\t<div class=\"elementor-widget-wrap elementor-element-populated\">\n\t\t\t\t\t\t<div class=\"elementor-element elementor-element-ed8e343 elementor-invisible elementor-widget elementor-widget-image\" data-id=\"ed8e343\" data-element_type=\"widget\" data-e-type=\"widget\" data-settings=\"{&quot;_animation&quot;:&quot;fadeIn&quot;}\" data-widget_type=\"image.default\">\n\t\t\t\t<div class=\"elementor-widget-container\">\n\t\t\t\t\t\t\t\t\t\t\t\t\t\t\t\t<a href=\"http:\/\/avions.auzeau.fr\/meeting-aeriens\/lens-2014\/\">\n\t\t\t\t\t\t\t<img loading=\"lazy\" decoding=\"async\" width=\"287\" height=\"400\" src=\"https:\/\/www.auzeau.fr\/avions\/wp-content\/uploads\/Affiches\/Lens_2014.jpg\" class=\"elementor-animation-shrink attachment-large size-large wp-image-195\" alt=\"\" srcset=\"https:\/\/www.auzeau.fr\/avions\/wp-content\/uploads\/Affiches\/Lens_2014.jpg 287w, https:\/\/www.auzeau.fr\/avions\/wp-content\/uploads\/Affiches\/Lens_2014-215x300.jpg 215w\" sizes=\"(max-width: 287px) 100vw, 287px\" \/>\t\t\t\t\t\t\t\t<\/a>\n\t\t\t\t\t\t\t\t\t\t\t\t\t\t\t<\/div>\n\t\t\t\t<\/div>\n\t\t\t\t<div class=\"elementor-element elementor-element-0b1b2b5 elementor-widget elementor-widget-text-editor\" data-id=\"0b1b2b5\" data-element_type=\"widget\" data-e-type=\"widget\" data-widget_type=\"text-editor.default\">\n\t\t\t\t<div class=\"elementor-widget-container\">\n\t\t\t\t\t\t\t\t\t<p style=\"text-align: center;\">Air Show Franco-Belge Lens-B\u00e9nifontaine 2014<\/p>\t\t\t\t\t\t\t\t<\/div>\n\t\t\t\t<\/div>\n\t\t\t\t\t<\/div>\n\t\t<\/div>\n\t\t\t\t<div class=\"elementor-column elementor-col-20 elementor-top-column elementor-element elementor-element-fcbfd68\" data-id=\"fcbfd68\" data-element_type=\"column\" data-e-type=\"column\">\n\t\t\t<div class=\"elementor-widget-wrap elementor-element-populated\">\n\t\t\t\t\t\t<div class=\"elementor-element elementor-element-5c225c9 elementor-invisible elementor-widget elementor-widget-image\" data-id=\"5c225c9\" data-element_type=\"widget\" data-e-type=\"widget\" data-settings=\"{&quot;_animation&quot;:&quot;fadeIn&quot;}\" data-widget_type=\"image.default\">\n\t\t\t\t<div class=\"elementor-widget-container\">\n\t\t\t\t\t\t\t\t\t\t\t\t\t\t\t\t<a href=\"http:\/\/avions.auzeau.fr\/meeting-aeriens\/cormeilles-2014\/\">\n\t\t\t\t\t\t\t<img loading=\"lazy\" decoding=\"async\" width=\"267\" height=\"400\" src=\"https:\/\/www.auzeau.fr\/avions\/wp-content\/uploads\/Affiches\/cormeilles_2014.jpg\" class=\"elementor-animation-shrink attachment-large size-large wp-image-191\" alt=\"\" srcset=\"https:\/\/www.auzeau.fr\/avions\/wp-content\/uploads\/Affiches\/cormeilles_2014.jpg 267w, https:\/\/www.auzeau.fr\/avions\/wp-content\/uploads\/Affiches\/cormeilles_2014-200x300.jpg 200w\" sizes=\"(max-width: 267px) 100vw, 267px\" \/>\t\t\t\t\t\t\t\t<\/a>\n\t\t\t\t\t\t\t\t\t\t\t\t\t\t\t<\/div>\n\t\t\t\t<\/div>\n\t\t\t\t<div class=\"elementor-element elementor-element-1fbb45e elementor-widget elementor-widget-text-editor\" data-id=\"1fbb45e\" data-element_type=\"widget\" data-e-type=\"widget\" data-widget_type=\"text-editor.default\">\n\t\t\t\t<div class=\"elementor-widget-container\">\n\t\t\t\t\t\t\t\t\t<p style=\"text-align: center;\">Air Show d&#8217;Ile-de-France Cormeilles-en-Vexin 2014<\/p>\t\t\t\t\t\t\t\t<\/div>\n\t\t\t\t<\/div>\n\t\t\t\t\t<\/div>\n\t\t<\/div>\n\t\t\t\t<div class=\"elementor-column elementor-col-20 elementor-top-column elementor-element elementor-element-1ec84c7\" data-id=\"1ec84c7\" data-element_type=\"column\" data-e-type=\"column\">\n\t\t\t<div class=\"elementor-widget-wrap elementor-element-populated\">\n\t\t\t\t\t\t<div class=\"elementor-element elementor-element-f6307d4 elementor-invisible elementor-widget elementor-widget-image\" data-id=\"f6307d4\" data-element_type=\"widget\" data-e-type=\"widget\" data-settings=\"{&quot;_animation&quot;:&quot;fadeIn&quot;}\" data-widget_type=\"image.default\">\n\t\t\t\t<div class=\"elementor-widget-container\">\n\t\t\t\t\t\t\t\t\t\t\t\t\t\t\t\t<a href=\"http:\/\/avions.auzeau.fr\/meeting-aeriens\/compiegne-2014\/\">\n\t\t\t\t\t\t\t<img loading=\"lazy\" decoding=\"async\" width=\"300\" height=\"400\" src=\"https:\/\/www.auzeau.fr\/avions\/wp-content\/uploads\/Affiches\/Compiegne_2014.jpg\" class=\"elementor-animation-shrink attachment-large size-large wp-image-207\" alt=\"\" srcset=\"https:\/\/www.auzeau.fr\/avions\/wp-content\/uploads\/Affiches\/Compiegne_2014.jpg 300w, https:\/\/www.auzeau.fr\/avions\/wp-content\/uploads\/Affiches\/Compiegne_2014-225x300.jpg 225w\" sizes=\"(max-width: 300px) 100vw, 300px\" \/>\t\t\t\t\t\t\t\t<\/a>\n\t\t\t\t\t\t\t\t\t\t\t\t\t\t\t<\/div>\n\t\t\t\t<\/div>\n\t\t\t\t<div class=\"elementor-element elementor-element-6d8b67d elementor-widget elementor-widget-text-editor\" data-id=\"6d8b67d\" data-element_type=\"widget\" data-e-type=\"widget\" data-widget_type=\"text-editor.default\">\n\t\t\t\t<div class=\"elementor-widget-container\">\n\t\t\t\t\t\t\t\t\t<p style=\"text-align: center;\">Meeting A\u00e9rien Margny-l\u00e8s-Compi\u00e8gne 2014<\/p>\t\t\t\t\t\t\t\t<\/div>\n\t\t\t\t<\/div>\n\t\t\t\t\t<\/div>\n\t\t<\/div>\n\t\t\t\t<div class=\"elementor-column elementor-col-20 elementor-top-column elementor-element elementor-element-af7c0c5\" data-id=\"af7c0c5\" data-element_type=\"column\" data-e-type=\"column\">\n\t\t\t<div class=\"elementor-widget-wrap elementor-element-populated\">\n\t\t\t\t\t\t<div class=\"elementor-element elementor-element-1701668 elementor-invisible elementor-widget elementor-widget-image\" data-id=\"1701668\" data-element_type=\"widget\" data-e-type=\"widget\" data-settings=\"{&quot;_animation&quot;:&quot;fadeIn&quot;}\" data-widget_type=\"image.default\">\n\t\t\t\t<div class=\"elementor-widget-container\">\n\t\t\t\t\t\t\t\t\t\t\t\t\t\t\t\t<a href=\"http:\/\/avions.auzeau.fr\/meeting-aeriens\/valenciennes-2014\/\">\n\t\t\t\t\t\t\t<img loading=\"lazy\" decoding=\"async\" width=\"283\" height=\"400\" src=\"https:\/\/www.auzeau.fr\/avions\/wp-content\/uploads\/Affiches\/Valenciennes_2014.jpg\" class=\"elementor-animation-shrink attachment-large size-large wp-image-204\" alt=\"\" srcset=\"https:\/\/www.auzeau.fr\/avions\/wp-content\/uploads\/Affiches\/Valenciennes_2014.jpg 283w, https:\/\/www.auzeau.fr\/avions\/wp-content\/uploads\/Affiches\/Valenciennes_2014-212x300.jpg 212w\" sizes=\"(max-width: 283px) 100vw, 283px\" \/>\t\t\t\t\t\t\t\t<\/a>\n\t\t\t\t\t\t\t\t\t\t\t\t\t\t\t<\/div>\n\t\t\t\t<\/div>\n\t\t\t\t<div class=\"elementor-element elementor-element-103e47c elementor-widget elementor-widget-text-editor\" data-id=\"103e47c\" data-element_type=\"widget\" data-e-type=\"widget\" data-widget_type=\"text-editor.default\">\n\t\t\t\t<div class=\"elementor-widget-container\">\n\t\t\t\t\t\t\t\t\t<p style=\"text-align: center;\">Meeting A\u00e9rien Valenciennes-Prouvy 2014<\/p>\t\t\t\t\t\t\t\t<\/div>\n\t\t\t\t<\/div>\n\t\t\t\t\t<\/div>\n\t\t<\/div>\n\t\t\t\t\t<\/div>\n\t\t<\/section>\n\t\t\t\t<section class=\"elementor-section elementor-top-section elementor-element elementor-element-9f8a062 elementor-section-boxed elementor-section-height-default elementor-section-height-default\" data-id=\"9f8a062\" data-element_type=\"section\" data-e-type=\"section\">\n\t\t\t\t\t\t<div class=\"elementor-container elementor-column-gap-default\">\n\t\t\t\t\t<div class=\"elementor-column elementor-col-20 elementor-top-column elementor-element elementor-element-3e66704\" data-id=\"3e66704\" data-element_type=\"column\" data-e-type=\"column\">\n\t\t\t<div class=\"elementor-widget-wrap elementor-element-populated\">\n\t\t\t\t\t\t<div class=\"elementor-element elementor-element-8c62663 elementor-invisible elementor-widget elementor-widget-image\" data-id=\"8c62663\" data-element_type=\"widget\" data-e-type=\"widget\" data-settings=\"{&quot;_animation&quot;:&quot;fadeIn&quot;}\" data-widget_type=\"image.default\">\n\t\t\t\t<div class=\"elementor-widget-container\">\n\t\t\t\t\t\t\t\t\t\t\t\t\t\t\t\t<a href=\"http:\/\/avions.auzeau.fr\/meeting-aeriens\/saint-quentin-2014\/\">\n\t\t\t\t\t\t\t<img loading=\"lazy\" decoding=\"async\" width=\"267\" height=\"400\" src=\"https:\/\/www.auzeau.fr\/avions\/wp-content\/uploads\/Affiches\/Saint-Quentin_2014.jpg\" class=\"elementor-animation-shrink attachment-large size-large wp-image-201\" alt=\"\" srcset=\"https:\/\/www.auzeau.fr\/avions\/wp-content\/uploads\/Affiches\/Saint-Quentin_2014.jpg 267w, https:\/\/www.auzeau.fr\/avions\/wp-content\/uploads\/Affiches\/Saint-Quentin_2014-200x300.jpg 200w\" sizes=\"(max-width: 267px) 100vw, 267px\" \/>\t\t\t\t\t\t\t\t<\/a>\n\t\t\t\t\t\t\t\t\t\t\t\t\t\t\t<\/div>\n\t\t\t\t<\/div>\n\t\t\t\t<div class=\"elementor-element elementor-element-f0612a8 elementor-widget elementor-widget-text-editor\" data-id=\"f0612a8\" data-element_type=\"widget\" data-e-type=\"widget\" data-widget_type=\"text-editor.default\">\n\t\t\t\t<div class=\"elementor-widget-container\">\n\t\t\t\t\t\t\t\t\t<p style=\"text-align: center;\">F\u00eate A\u00e9rienne Saint-Quentin-Roupy 2014<\/p>\t\t\t\t\t\t\t\t<\/div>\n\t\t\t\t<\/div>\n\t\t\t\t\t<\/div>\n\t\t<\/div>\n\t\t\t\t<div class=\"elementor-column elementor-col-20 elementor-top-column elementor-element elementor-element-2dabdf0\" data-id=\"2dabdf0\" data-element_type=\"column\" data-e-type=\"column\">\n\t\t\t<div class=\"elementor-widget-wrap elementor-element-populated\">\n\t\t\t\t\t\t<div class=\"elementor-element elementor-element-80ce548 elementor-invisible elementor-widget elementor-widget-image\" data-id=\"80ce548\" data-element_type=\"widget\" data-e-type=\"widget\" data-settings=\"{&quot;_animation&quot;:&quot;fadeIn&quot;}\" data-widget_type=\"image.default\">\n\t\t\t\t<div class=\"elementor-widget-container\">\n\t\t\t\t\t\t\t\t\t\t\t\t\t\t\t\t<a href=\"http:\/\/avions.auzeau.fr\/meeting-aeriens\/amiens-2014\/\">\n\t\t\t\t\t\t\t<img loading=\"lazy\" decoding=\"async\" width=\"284\" height=\"400\" src=\"https:\/\/www.auzeau.fr\/avions\/wp-content\/uploads\/Affiches\/Amiens_Glisy_2014.jpg\" class=\"elementor-animation-shrink attachment-large size-large wp-image-220\" alt=\"\" srcset=\"https:\/\/www.auzeau.fr\/avions\/wp-content\/uploads\/Affiches\/Amiens_Glisy_2014.jpg 284w, https:\/\/www.auzeau.fr\/avions\/wp-content\/uploads\/Affiches\/Amiens_Glisy_2014-213x300.jpg 213w\" sizes=\"(max-width: 284px) 100vw, 284px\" \/>\t\t\t\t\t\t\t\t<\/a>\n\t\t\t\t\t\t\t\t\t\t\t\t\t\t\t<\/div>\n\t\t\t\t<\/div>\n\t\t\t\t<div class=\"elementor-element elementor-element-ce2ddfd elementor-widget elementor-widget-text-editor\" data-id=\"ce2ddfd\" data-element_type=\"widget\" data-e-type=\"widget\" data-widget_type=\"text-editor.default\">\n\t\t\t\t<div class=\"elementor-widget-container\">\n\t\t\t\t\t\t\t\t\t<p style=\"text-align: center;\">Meeting A\u00e9rien du Centenaire Amiens-Glisy 2014<\/p>\t\t\t\t\t\t\t\t<\/div>\n\t\t\t\t<\/div>\n\t\t\t\t\t<\/div>\n\t\t<\/div>\n\t\t\t\t<div class=\"elementor-column elementor-col-20 elementor-top-column elementor-element elementor-element-8995387\" data-id=\"8995387\" data-element_type=\"column\" data-e-type=\"column\">\n\t\t\t<div class=\"elementor-widget-wrap elementor-element-populated\">\n\t\t\t\t\t\t<div class=\"elementor-element elementor-element-ec365ed elementor-invisible elementor-widget elementor-widget-image\" data-id=\"ec365ed\" data-element_type=\"widget\" data-e-type=\"widget\" data-settings=\"{&quot;_animation&quot;:&quot;fadeIn&quot;}\" data-widget_type=\"image.default\">\n\t\t\t\t<div class=\"elementor-widget-container\">\n\t\t\t\t\t\t\t\t\t\t\t\t\t\t\t\t<a href=\"http:\/\/avions.auzeau.fr\/meeting-aeriens\/rennes-2014\/\">\n\t\t\t\t\t\t\t<img loading=\"lazy\" decoding=\"async\" width=\"269\" height=\"400\" src=\"https:\/\/www.auzeau.fr\/avions\/wp-content\/uploads\/Affiches\/Rennes_2014.jpg\" class=\"elementor-animation-shrink attachment-large size-large wp-image-217\" alt=\"\" srcset=\"https:\/\/www.auzeau.fr\/avions\/wp-content\/uploads\/Affiches\/Rennes_2014.jpg 269w, https:\/\/www.auzeau.fr\/avions\/wp-content\/uploads\/Affiches\/Rennes_2014-202x300.jpg 202w\" sizes=\"(max-width: 269px) 100vw, 269px\" \/>\t\t\t\t\t\t\t\t<\/a>\n\t\t\t\t\t\t\t\t\t\t\t\t\t\t\t<\/div>\n\t\t\t\t<\/div>\n\t\t\t\t<div class=\"elementor-element elementor-element-1f34c81 elementor-widget elementor-widget-text-editor\" data-id=\"1f34c81\" data-element_type=\"widget\" data-e-type=\"widget\" data-widget_type=\"text-editor.default\">\n\t\t\t\t<div class=\"elementor-widget-container\">\n\t\t\t\t\t\t\t\t\t<p style=\"text-align: center;\">Rennes Airshow Rennes 2014<\/p>\t\t\t\t\t\t\t\t<\/div>\n\t\t\t\t<\/div>\n\t\t\t\t\t<\/div>\n\t\t<\/div>\n\t\t\t\t<div class=\"elementor-column elementor-col-20 elementor-top-column elementor-element elementor-element-c18fa91\" data-id=\"c18fa91\" data-element_type=\"column\" data-e-type=\"column\">\n\t\t\t<div class=\"elementor-widget-wrap elementor-element-populated\">\n\t\t\t\t\t\t<div class=\"elementor-element elementor-element-927d00e elementor-invisible elementor-widget elementor-widget-image\" data-id=\"927d00e\" data-element_type=\"widget\" data-e-type=\"widget\" data-settings=\"{&quot;_animation&quot;:&quot;fadeIn&quot;}\" data-widget_type=\"image.default\">\n\t\t\t\t<div class=\"elementor-widget-container\">\n\t\t\t\t\t\t\t\t\t\t\t\t\t\t\t\t<a href=\"http:\/\/avions.auzeau.fr\/meeting-aeriens\/cholet-2014\/\">\n\t\t\t\t\t\t\t<img loading=\"lazy\" decoding=\"async\" width=\"283\" height=\"400\" src=\"https:\/\/www.auzeau.fr\/avions\/wp-content\/uploads\/Affiches\/Cholet_2014.jpg\" class=\"elementor-animation-shrink attachment-large size-large wp-image-196\" alt=\"\" srcset=\"https:\/\/www.auzeau.fr\/avions\/wp-content\/uploads\/Affiches\/Cholet_2014.jpg 283w, https:\/\/www.auzeau.fr\/avions\/wp-content\/uploads\/Affiches\/Cholet_2014-212x300.jpg 212w\" sizes=\"(max-width: 283px) 100vw, 283px\" \/>\t\t\t\t\t\t\t\t<\/a>\n\t\t\t\t\t\t\t\t\t\t\t\t\t\t\t<\/div>\n\t\t\t\t<\/div>\n\t\t\t\t<div class=\"elementor-element elementor-element-1cf516a elementor-widget elementor-widget-text-editor\" data-id=\"1cf516a\" data-element_type=\"widget\" data-e-type=\"widget\" data-widget_type=\"text-editor.default\">\n\t\t\t\t<div class=\"elementor-widget-container\">\n\t\t\t\t\t\t\t\t\t<p style=\"text-align: center;\">Fou d&#8217;Ailes Cholet Le Pontreau 2014<\/p>\t\t\t\t\t\t\t\t<\/div>\n\t\t\t\t<\/div>\n\t\t\t\t\t<\/div>\n\t\t<\/div>\n\t\t\t\t<div class=\"elementor-column elementor-col-20 elementor-top-column elementor-element elementor-element-1223186\" data-id=\"1223186\" data-element_type=\"column\" data-e-type=\"column\">\n\t\t\t<div class=\"elementor-widget-wrap elementor-element-populated\">\n\t\t\t\t\t\t<div class=\"elementor-element elementor-element-57ef600 elementor-invisible elementor-widget elementor-widget-image\" data-id=\"57ef600\" data-element_type=\"widget\" data-e-type=\"widget\" data-settings=\"{&quot;_animation&quot;:&quot;fadeIn&quot;}\" data-widget_type=\"image.default\">\n\t\t\t\t<div class=\"elementor-widget-container\">\n\t\t\t\t\t\t\t\t\t\t\t\t\t\t\t\t<a href=\"http:\/\/avions.auzeau.fr\/meeting-aeriens\/tours-2015\/\">\n\t\t\t\t\t\t\t<img loading=\"lazy\" decoding=\"async\" width=\"290\" height=\"400\" src=\"https:\/\/www.auzeau.fr\/avions\/wp-content\/uploads\/Affiches\/Tours_2015.jpg\" class=\"elementor-animation-shrink attachment-large size-large wp-image-218\" alt=\"\" srcset=\"https:\/\/www.auzeau.fr\/avions\/wp-content\/uploads\/Affiches\/Tours_2015.jpg 290w, https:\/\/www.auzeau.fr\/avions\/wp-content\/uploads\/Affiches\/Tours_2015-218x300.jpg 218w\" sizes=\"(max-width: 290px) 100vw, 290px\" \/>\t\t\t\t\t\t\t\t<\/a>\n\t\t\t\t\t\t\t\t\t\t\t\t\t\t\t<\/div>\n\t\t\t\t<\/div>\n\t\t\t\t<div class=\"elementor-element elementor-element-fc85716 elementor-widget elementor-widget-text-editor\" data-id=\"fc85716\" data-element_type=\"widget\" data-e-type=\"widget\" data-widget_type=\"text-editor.default\">\n\t\t\t\t<div class=\"elementor-widget-container\">\n\t\t\t\t\t\t\t\t\t<p style=\"text-align: center;\">Meeting du Centenaire Tours 2015<\/p>\t\t\t\t\t\t\t\t<\/div>\n\t\t\t\t<\/div>\n\t\t\t\t\t<\/div>\n\t\t<\/div>\n\t\t\t\t\t<\/div>\n\t\t<\/section>\n\t\t\t\t<section class=\"elementor-section elementor-top-section elementor-element elementor-element-d9dec1c elementor-section-boxed elementor-section-height-default elementor-section-height-default\" data-id=\"d9dec1c\" data-element_type=\"section\" data-e-type=\"section\">\n\t\t\t\t\t\t<div class=\"elementor-container elementor-column-gap-default\">\n\t\t\t\t\t<div class=\"elementor-column elementor-col-20 elementor-top-column elementor-element elementor-element-e500b44\" data-id=\"e500b44\" data-element_type=\"column\" data-e-type=\"column\">\n\t\t\t<div class=\"elementor-widget-wrap elementor-element-populated\">\n\t\t\t\t\t\t<div class=\"elementor-element elementor-element-eaa8577 elementor-invisible elementor-widget elementor-widget-image\" data-id=\"eaa8577\" data-element_type=\"widget\" data-e-type=\"widget\" data-settings=\"{&quot;_animation&quot;:&quot;fadeIn&quot;}\" data-widget_type=\"image.default\">\n\t\t\t\t<div class=\"elementor-widget-container\">\n\t\t\t\t\t\t\t\t\t\t\t\t\t\t\t\t<a href=\"http:\/\/avions.auzeau.fr\/meeting-aeriens\/valenciennes-2015\/\">\n\t\t\t\t\t\t\t<img loading=\"lazy\" decoding=\"async\" width=\"283\" height=\"400\" src=\"https:\/\/www.auzeau.fr\/avions\/wp-content\/uploads\/Affiches\/Valenciennes_2015.jpg\" class=\"elementor-animation-shrink attachment-large size-large wp-image-216\" alt=\"\" srcset=\"https:\/\/www.auzeau.fr\/avions\/wp-content\/uploads\/Affiches\/Valenciennes_2015.jpg 283w, https:\/\/www.auzeau.fr\/avions\/wp-content\/uploads\/Affiches\/Valenciennes_2015-212x300.jpg 212w\" sizes=\"(max-width: 283px) 100vw, 283px\" \/>\t\t\t\t\t\t\t\t<\/a>\n\t\t\t\t\t\t\t\t\t\t\t\t\t\t\t<\/div>\n\t\t\t\t<\/div>\n\t\t\t\t<div class=\"elementor-element elementor-element-eb53e58 elementor-widget elementor-widget-text-editor\" data-id=\"eb53e58\" data-element_type=\"widget\" data-e-type=\"widget\" data-widget_type=\"text-editor.default\">\n\t\t\t\t<div class=\"elementor-widget-container\">\n\t\t\t\t\t\t\t\t\t<p style=\"text-align: center;\">Meeting A\u00e9rien Valenciennes-Prouvy 2015<\/p>\t\t\t\t\t\t\t\t<\/div>\n\t\t\t\t<\/div>\n\t\t\t\t\t<\/div>\n\t\t<\/div>\n\t\t\t\t<div class=\"elementor-column elementor-col-20 elementor-top-column elementor-element elementor-element-3e1ee79\" data-id=\"3e1ee79\" data-element_type=\"column\" data-e-type=\"column\">\n\t\t\t<div class=\"elementor-widget-wrap elementor-element-populated\">\n\t\t\t\t\t\t<div class=\"elementor-element elementor-element-0c5f35c elementor-invisible elementor-widget elementor-widget-image\" data-id=\"0c5f35c\" data-element_type=\"widget\" data-e-type=\"widget\" data-settings=\"{&quot;_animation&quot;:&quot;fadeIn&quot;}\" data-widget_type=\"image.default\">\n\t\t\t\t<div class=\"elementor-widget-container\">\n\t\t\t\t\t\t\t\t\t\t\t\t\t\t\t\t<a href=\"http:\/\/avions.auzeau.fr\/meeting-aeriens\/cambrai-2015\/\">\n\t\t\t\t\t\t\t<img loading=\"lazy\" decoding=\"async\" width=\"286\" height=\"400\" src=\"https:\/\/www.auzeau.fr\/avions\/wp-content\/uploads\/Affiches\/Cambrai_2015.jpg\" class=\"elementor-animation-shrink attachment-large size-large wp-image-200\" alt=\"\" srcset=\"https:\/\/www.auzeau.fr\/avions\/wp-content\/uploads\/Affiches\/Cambrai_2015.jpg 286w, https:\/\/www.auzeau.fr\/avions\/wp-content\/uploads\/Affiches\/Cambrai_2015-215x300.jpg 215w\" sizes=\"(max-width: 286px) 100vw, 286px\" \/>\t\t\t\t\t\t\t\t<\/a>\n\t\t\t\t\t\t\t\t\t\t\t\t\t\t\t<\/div>\n\t\t\t\t<\/div>\n\t\t\t\t<div class=\"elementor-element elementor-element-0568e06 elementor-widget elementor-widget-text-editor\" data-id=\"0568e06\" data-element_type=\"widget\" data-e-type=\"widget\" data-widget_type=\"text-editor.default\">\n\t\t\t\t<div class=\"elementor-widget-container\">\n\t\t\t\t\t\t\t\t\t<p style=\"text-align: center;\">Meeting A\u00e9rien Cambrai-Niergnies 2015<\/p>\t\t\t\t\t\t\t\t<\/div>\n\t\t\t\t<\/div>\n\t\t\t\t\t<\/div>\n\t\t<\/div>\n\t\t\t\t<div class=\"elementor-column elementor-col-20 elementor-top-column elementor-element elementor-element-1196d6c\" data-id=\"1196d6c\" data-element_type=\"column\" data-e-type=\"column\">\n\t\t\t<div class=\"elementor-widget-wrap elementor-element-populated\">\n\t\t\t\t\t\t<div class=\"elementor-element elementor-element-5cb3fa2 elementor-invisible elementor-widget elementor-widget-image\" data-id=\"5cb3fa2\" data-element_type=\"widget\" data-e-type=\"widget\" data-settings=\"{&quot;_animation&quot;:&quot;fadeIn&quot;}\" data-widget_type=\"image.default\">\n\t\t\t\t<div class=\"elementor-widget-container\">\n\t\t\t\t\t\t\t\t\t\t\t\t\t\t\t\t<a href=\"http:\/\/avions.auzeau.fr\/meeting-aeriens\/les-mureaux-2015\/\">\n\t\t\t\t\t\t\t<img loading=\"lazy\" decoding=\"async\" width=\"283\" height=\"400\" src=\"https:\/\/www.auzeau.fr\/avions\/wp-content\/uploads\/Affiches\/Les_Mureaux_2015.jpg\" class=\"elementor-animation-shrink attachment-large size-large wp-image-213\" alt=\"\" srcset=\"https:\/\/www.auzeau.fr\/avions\/wp-content\/uploads\/Affiches\/Les_Mureaux_2015.jpg 283w, https:\/\/www.auzeau.fr\/avions\/wp-content\/uploads\/Affiches\/Les_Mureaux_2015-212x300.jpg 212w\" sizes=\"(max-width: 283px) 100vw, 283px\" \/>\t\t\t\t\t\t\t\t<\/a>\n\t\t\t\t\t\t\t\t\t\t\t\t\t\t\t<\/div>\n\t\t\t\t<\/div>\n\t\t\t\t<div class=\"elementor-element elementor-element-a60505b elementor-widget elementor-widget-text-editor\" data-id=\"a60505b\" data-element_type=\"widget\" data-e-type=\"widget\" data-widget_type=\"text-editor.default\">\n\t\t\t\t<div class=\"elementor-widget-container\">\n\t\t\t\t\t\t\t\t\t<p style=\"text-align: center;\">F\u00eate de l&#8217;Air Les-Mureaux-Verneuil 2015<\/p>\t\t\t\t\t\t\t\t<\/div>\n\t\t\t\t<\/div>\n\t\t\t\t\t<\/div>\n\t\t<\/div>\n\t\t\t\t<div class=\"elementor-column elementor-col-20 elementor-top-column elementor-element elementor-element-33081c9\" data-id=\"33081c9\" data-element_type=\"column\" data-e-type=\"column\">\n\t\t\t<div class=\"elementor-widget-wrap elementor-element-populated\">\n\t\t\t\t\t\t<div class=\"elementor-element elementor-element-62051f8 elementor-invisible elementor-widget elementor-widget-image\" data-id=\"62051f8\" data-element_type=\"widget\" data-e-type=\"widget\" data-settings=\"{&quot;_animation&quot;:&quot;fadeIn&quot;}\" data-widget_type=\"image.default\">\n\t\t\t\t<div class=\"elementor-widget-container\">\n\t\t\t\t\t\t\t\t\t\t\t\t\t\t\t\t<a href=\"http:\/\/avions.auzeau.fr\/meeting-aeriens\/lens-2015\/\">\n\t\t\t\t\t\t\t<img loading=\"lazy\" decoding=\"async\" width=\"298\" height=\"400\" src=\"https:\/\/www.auzeau.fr\/avions\/wp-content\/uploads\/Affiches\/Lens_2015.jpg\" class=\"elementor-animation-shrink attachment-large size-large wp-image-198\" alt=\"\" srcset=\"https:\/\/www.auzeau.fr\/avions\/wp-content\/uploads\/Affiches\/Lens_2015.jpg 298w, https:\/\/www.auzeau.fr\/avions\/wp-content\/uploads\/Affiches\/Lens_2015-224x300.jpg 224w\" sizes=\"(max-width: 298px) 100vw, 298px\" \/>\t\t\t\t\t\t\t\t<\/a>\n\t\t\t\t\t\t\t\t\t\t\t\t\t\t\t<\/div>\n\t\t\t\t<\/div>\n\t\t\t\t<div class=\"elementor-element elementor-element-5ab327f elementor-widget elementor-widget-text-editor\" data-id=\"5ab327f\" data-element_type=\"widget\" data-e-type=\"widget\" data-widget_type=\"text-editor.default\">\n\t\t\t\t<div class=\"elementor-widget-container\">\n\t\t\t\t\t\t\t\t\t<p style=\"text-align: center;\">Meeting A\u00e9rien Lens-B\u00e9nifontaine 2015<\/p>\t\t\t\t\t\t\t\t<\/div>\n\t\t\t\t<\/div>\n\t\t\t\t\t<\/div>\n\t\t<\/div>\n\t\t\t\t<div class=\"elementor-column elementor-col-20 elementor-top-column elementor-element elementor-element-ad17523\" data-id=\"ad17523\" data-element_type=\"column\" data-e-type=\"column\">\n\t\t\t<div class=\"elementor-widget-wrap elementor-element-populated\">\n\t\t\t\t\t\t<div class=\"elementor-element elementor-element-5220256 elementor-invisible elementor-widget elementor-widget-image\" data-id=\"5220256\" data-element_type=\"widget\" data-e-type=\"widget\" data-settings=\"{&quot;_animation&quot;:&quot;fadeIn&quot;}\" data-widget_type=\"image.default\">\n\t\t\t\t<div class=\"elementor-widget-container\">\n\t\t\t\t\t\t\t\t\t\t\t\t\t\t\t\t<a href=\"http:\/\/avions.auzeau.fr\/meeting-aeriens\/creil-2016\/\">\n\t\t\t\t\t\t\t<img loading=\"lazy\" decoding=\"async\" width=\"288\" height=\"400\" src=\"https:\/\/www.auzeau.fr\/avions\/wp-content\/uploads\/Affiches\/Creil_2016.jpg\" class=\"elementor-animation-shrink attachment-large size-large wp-image-192\" alt=\"\" srcset=\"https:\/\/www.auzeau.fr\/avions\/wp-content\/uploads\/Affiches\/Creil_2016.jpg 288w, https:\/\/www.auzeau.fr\/avions\/wp-content\/uploads\/Affiches\/Creil_2016-216x300.jpg 216w\" sizes=\"(max-width: 288px) 100vw, 288px\" \/>\t\t\t\t\t\t\t\t<\/a>\n\t\t\t\t\t\t\t\t\t\t\t\t\t\t\t<\/div>\n\t\t\t\t<\/div>\n\t\t\t\t<div class=\"elementor-element elementor-element-ad3e63d elementor-widget elementor-widget-text-editor\" data-id=\"ad3e63d\" data-element_type=\"widget\" data-e-type=\"widget\" data-widget_type=\"text-editor.default\">\n\t\t\t\t<div class=\"elementor-widget-container\">\n\t\t\t\t\t\t\t\t\t<p style=\"text-align: center;\">Meeting du Centenaire Creil 2016<\/p>\t\t\t\t\t\t\t\t<\/div>\n\t\t\t\t<\/div>\n\t\t\t\t\t<\/div>\n\t\t<\/div>\n\t\t\t\t\t<\/div>\n\t\t<\/section>\n\t\t\t\t<section class=\"elementor-section elementor-top-section elementor-element elementor-element-e343d22 elementor-section-boxed elementor-section-height-default elementor-section-height-default\" data-id=\"e343d22\" data-element_type=\"section\" data-e-type=\"section\">\n\t\t\t\t\t\t<div class=\"elementor-container elementor-column-gap-default\">\n\t\t\t\t\t<div class=\"elementor-column elementor-col-20 elementor-top-column elementor-element elementor-element-2749bf3\" data-id=\"2749bf3\" data-element_type=\"column\" data-e-type=\"column\">\n\t\t\t<div class=\"elementor-widget-wrap elementor-element-populated\">\n\t\t\t\t\t\t<div class=\"elementor-element elementor-element-607ce8b elementor-invisible elementor-widget elementor-widget-image\" data-id=\"607ce8b\" data-element_type=\"widget\" data-e-type=\"widget\" data-settings=\"{&quot;_animation&quot;:&quot;fadeIn&quot;}\" data-widget_type=\"image.default\">\n\t\t\t\t<div class=\"elementor-widget-container\">\n\t\t\t\t\t\t\t\t\t\t\t\t\t\t\t\t<a href=\"http:\/\/avions.auzeau.fr\/meeting-aeriens\/compiegne-2016\/\">\n\t\t\t\t\t\t\t<img loading=\"lazy\" decoding=\"async\" width=\"286\" height=\"400\" src=\"https:\/\/www.auzeau.fr\/avions\/wp-content\/uploads\/Affiches\/Compiegne_2016.jpg\" class=\"elementor-animation-shrink attachment-large size-large wp-image-209\" alt=\"\" srcset=\"https:\/\/www.auzeau.fr\/avions\/wp-content\/uploads\/Affiches\/Compiegne_2016.jpg 286w, https:\/\/www.auzeau.fr\/avions\/wp-content\/uploads\/Affiches\/Compiegne_2016-215x300.jpg 215w\" sizes=\"(max-width: 286px) 100vw, 286px\" \/>\t\t\t\t\t\t\t\t<\/a>\n\t\t\t\t\t\t\t\t\t\t\t\t\t\t\t<\/div>\n\t\t\t\t<\/div>\n\t\t\t\t<div class=\"elementor-element elementor-element-5e617e2 elementor-widget elementor-widget-text-editor\" data-id=\"5e617e2\" data-element_type=\"widget\" data-e-type=\"widget\" data-widget_type=\"text-editor.default\">\n\t\t\t\t<div class=\"elementor-widget-container\">\n\t\t\t\t\t\t\t\t\t<p style=\"text-align: center;\">Meeting A\u00e9rien Compi\u00e8gne-Margny 2016<\/p>\t\t\t\t\t\t\t\t<\/div>\n\t\t\t\t<\/div>\n\t\t\t\t\t<\/div>\n\t\t<\/div>\n\t\t\t\t<div class=\"elementor-column elementor-col-20 elementor-top-column elementor-element elementor-element-5ab3b0c\" data-id=\"5ab3b0c\" data-element_type=\"column\" data-e-type=\"column\">\n\t\t\t<div class=\"elementor-widget-wrap elementor-element-populated\">\n\t\t\t\t\t\t<div class=\"elementor-element elementor-element-8d2f1b5 elementor-invisible elementor-widget elementor-widget-image\" data-id=\"8d2f1b5\" data-element_type=\"widget\" data-e-type=\"widget\" data-settings=\"{&quot;_animation&quot;:&quot;fadeIn&quot;}\" data-widget_type=\"image.default\">\n\t\t\t\t<div class=\"elementor-widget-container\">\n\t\t\t\t\t\t\t\t\t\t\t\t\t\t\t\t<a href=\"http:\/\/avions.auzeau.fr\/meeting-aeriens\/florennes-2016\/\">\n\t\t\t\t\t\t\t<img loading=\"lazy\" decoding=\"async\" width=\"292\" height=\"400\" src=\"https:\/\/www.auzeau.fr\/avions\/wp-content\/uploads\/Affiches\/Florennes_2016.jpg\" class=\"elementor-animation-shrink attachment-large size-large wp-image-571\" alt=\"\" srcset=\"https:\/\/www.auzeau.fr\/avions\/wp-content\/uploads\/Affiches\/Florennes_2016.jpg 292w, https:\/\/www.auzeau.fr\/avions\/wp-content\/uploads\/Affiches\/Florennes_2016-219x300.jpg 219w\" sizes=\"(max-width: 292px) 100vw, 292px\" \/>\t\t\t\t\t\t\t\t<\/a>\n\t\t\t\t\t\t\t\t\t\t\t\t\t\t\t<\/div>\n\t\t\t\t<\/div>\n\t\t\t\t<div class=\"elementor-element elementor-element-946ca28 elementor-widget elementor-widget-text-editor\" data-id=\"946ca28\" data-element_type=\"widget\" data-e-type=\"widget\" data-widget_type=\"text-editor.default\">\n\t\t\t\t<div class=\"elementor-widget-container\">\n\t\t\t\t\t\t\t\t\t<p style=\"text-align: center;\">Belgian Air Force Days Florennes 2016<\/p>\t\t\t\t\t\t\t\t<\/div>\n\t\t\t\t<\/div>\n\t\t\t\t\t<\/div>\n\t\t<\/div>\n\t\t\t\t<div class=\"elementor-column elementor-col-20 elementor-top-column elementor-element elementor-element-92b80cc\" data-id=\"92b80cc\" data-element_type=\"column\" data-e-type=\"column\">\n\t\t\t<div class=\"elementor-widget-wrap elementor-element-populated\">\n\t\t\t\t\t\t<div class=\"elementor-element elementor-element-226023e elementor-invisible elementor-widget elementor-widget-image\" data-id=\"226023e\" data-element_type=\"widget\" data-e-type=\"widget\" data-settings=\"{&quot;_animation&quot;:&quot;fadeIn&quot;}\" data-widget_type=\"image.default\">\n\t\t\t\t<div class=\"elementor-widget-container\">\n\t\t\t\t\t\t\t\t\t\t\t\t\t\t\t\t<a href=\"http:\/\/avions.auzeau.fr\/meeting-aeriens\/habsheim-2016\/\">\n\t\t\t\t\t\t\t<img loading=\"lazy\" decoding=\"async\" width=\"311\" height=\"400\" src=\"https:\/\/www.auzeau.fr\/avions\/wp-content\/uploads\/Affiches\/Mulhouse_2016.jpg\" class=\"elementor-animation-shrink attachment-large size-large wp-image-219\" alt=\"\" srcset=\"https:\/\/www.auzeau.fr\/avions\/wp-content\/uploads\/Affiches\/Mulhouse_2016.jpg 311w, https:\/\/www.auzeau.fr\/avions\/wp-content\/uploads\/Affiches\/Mulhouse_2016-233x300.jpg 233w\" sizes=\"(max-width: 311px) 100vw, 311px\" \/>\t\t\t\t\t\t\t\t<\/a>\n\t\t\t\t\t\t\t\t\t\t\t\t\t\t\t<\/div>\n\t\t\t\t<\/div>\n\t\t\t\t<div class=\"elementor-element elementor-element-aefd396 elementor-widget elementor-widget-text-editor\" data-id=\"aefd396\" data-element_type=\"widget\" data-e-type=\"widget\" data-widget_type=\"text-editor.default\">\n\t\t\t\t<div class=\"elementor-widget-container\">\n\t\t\t\t\t\t\t\t\t<p style=\"text-align: center;\">Air Show Rixheim-Habsheim 2016<\/p>\t\t\t\t\t\t\t\t<\/div>\n\t\t\t\t<\/div>\n\t\t\t\t\t<\/div>\n\t\t<\/div>\n\t\t\t\t<div class=\"elementor-column elementor-col-20 elementor-top-column elementor-element elementor-element-7c54fe5\" data-id=\"7c54fe5\" data-element_type=\"column\" data-e-type=\"column\">\n\t\t\t<div class=\"elementor-widget-wrap elementor-element-populated\">\n\t\t\t\t\t\t<div class=\"elementor-element elementor-element-456c3a2 elementor-invisible elementor-widget elementor-widget-image\" data-id=\"456c3a2\" data-element_type=\"widget\" data-e-type=\"widget\" data-settings=\"{&quot;_animation&quot;:&quot;fadeIn&quot;}\" data-widget_type=\"image.default\">\n\t\t\t\t<div class=\"elementor-widget-container\">\n\t\t\t\t\t\t\t\t\t\t\t\t\t\t\t\t<a href=\"http:\/\/avions.auzeau.fr\/meeting-aeriens\/compiegne-2017\/\">\n\t\t\t\t\t\t\t<img loading=\"lazy\" decoding=\"async\" width=\"282\" height=\"400\" src=\"https:\/\/www.auzeau.fr\/avions\/wp-content\/uploads\/Affiches\/Compiegne2017.jpg\" class=\"elementor-animation-shrink attachment-large size-large wp-image-197\" alt=\"\" srcset=\"https:\/\/www.auzeau.fr\/avions\/wp-content\/uploads\/Affiches\/Compiegne2017.jpg 282w, https:\/\/www.auzeau.fr\/avions\/wp-content\/uploads\/Affiches\/Compiegne2017-212x300.jpg 212w\" sizes=\"(max-width: 282px) 100vw, 282px\" \/>\t\t\t\t\t\t\t\t<\/a>\n\t\t\t\t\t\t\t\t\t\t\t\t\t\t\t<\/div>\n\t\t\t\t<\/div>\n\t\t\t\t<div class=\"elementor-element elementor-element-5fbde64 elementor-widget elementor-widget-text-editor\" data-id=\"5fbde64\" data-element_type=\"widget\" data-e-type=\"widget\" data-widget_type=\"text-editor.default\">\n\t\t\t\t<div class=\"elementor-widget-container\">\n\t\t\t\t\t\t\t\t\t<p style=\"text-align: center;\">Meeting A\u00e9rien Compi\u00e8gne-Margny 2017<\/p>\t\t\t\t\t\t\t\t<\/div>\n\t\t\t\t<\/div>\n\t\t\t\t\t<\/div>\n\t\t<\/div>\n\t\t\t\t<div class=\"elementor-column elementor-col-20 elementor-top-column elementor-element elementor-element-9f286c6\" data-id=\"9f286c6\" data-element_type=\"column\" data-e-type=\"column\">\n\t\t\t<div class=\"elementor-widget-wrap elementor-element-populated\">\n\t\t\t\t\t\t<div class=\"elementor-element elementor-element-fde53da elementor-invisible elementor-widget elementor-widget-image\" data-id=\"fde53da\" data-element_type=\"widget\" data-e-type=\"widget\" data-settings=\"{&quot;_animation&quot;:&quot;fadeIn&quot;}\" data-widget_type=\"image.default\">\n\t\t\t\t<div class=\"elementor-widget-container\">\n\t\t\t\t\t\t\t\t\t\t\t\t\t\t\t\t<a href=\"http:\/\/avions.auzeau.fr\/meeting-aeriens\/albert-2017\/\">\n\t\t\t\t\t\t\t<img loading=\"lazy\" decoding=\"async\" width=\"283\" height=\"400\" src=\"https:\/\/www.auzeau.fr\/avions\/wp-content\/uploads\/Affiches\/Albert.jpg\" class=\"elementor-animation-shrink attachment-large size-large wp-image-214\" alt=\"\" srcset=\"https:\/\/www.auzeau.fr\/avions\/wp-content\/uploads\/Affiches\/Albert.jpg 283w, https:\/\/www.auzeau.fr\/avions\/wp-content\/uploads\/Affiches\/Albert-212x300.jpg 212w\" sizes=\"(max-width: 283px) 100vw, 283px\" \/>\t\t\t\t\t\t\t\t<\/a>\n\t\t\t\t\t\t\t\t\t\t\t\t\t\t\t<\/div>\n\t\t\t\t<\/div>\n\t\t\t\t<div class=\"elementor-element elementor-element-6a11ea5 elementor-widget elementor-widget-text-editor\" data-id=\"6a11ea5\" data-element_type=\"widget\" data-e-type=\"widget\" data-widget_type=\"text-editor.default\">\n\t\t\t\t<div class=\"elementor-widget-container\">\n\t\t\t\t\t\t\t\t\t<p style=\"text-align: center;\">Meeting A\u00e9rien Albert 2017<\/p>\t\t\t\t\t\t\t\t<\/div>\n\t\t\t\t<\/div>\n\t\t\t\t\t<\/div>\n\t\t<\/div>\n\t\t\t\t\t<\/div>\n\t\t<\/section>\n\t\t\t\t<section class=\"elementor-section elementor-top-section elementor-element elementor-element-5936d54 elementor-section-boxed elementor-section-height-default elementor-section-height-default\" data-id=\"5936d54\" data-element_type=\"section\" data-e-type=\"section\">\n\t\t\t\t\t\t<div class=\"elementor-container elementor-column-gap-default\">\n\t\t\t\t\t<div class=\"elementor-column elementor-col-20 elementor-top-column elementor-element elementor-element-ea2d874\" data-id=\"ea2d874\" data-element_type=\"column\" data-e-type=\"column\">\n\t\t\t<div class=\"elementor-widget-wrap elementor-element-populated\">\n\t\t\t\t\t\t<div class=\"elementor-element elementor-element-3a43a87 elementor-invisible elementor-widget elementor-widget-image\" data-id=\"3a43a87\" data-element_type=\"widget\" data-e-type=\"widget\" data-settings=\"{&quot;_animation&quot;:&quot;fadeIn&quot;}\" data-widget_type=\"image.default\">\n\t\t\t\t<div class=\"elementor-widget-container\">\n\t\t\t\t\t\t\t\t\t\t\t\t\t\t\t\t<a href=\"http:\/\/avions.auzeau.fr\/meeting-aeriens\/les-mureaux-2017\/\">\n\t\t\t\t\t\t\t<img loading=\"lazy\" decoding=\"async\" width=\"283\" height=\"400\" src=\"https:\/\/www.auzeau.fr\/avions\/wp-content\/uploads\/Affiches\/Les-Mureaux_2017.jpg\" class=\"elementor-animation-shrink attachment-large size-large wp-image-206\" alt=\"\" srcset=\"https:\/\/www.auzeau.fr\/avions\/wp-content\/uploads\/Affiches\/Les-Mureaux_2017.jpg 283w, https:\/\/www.auzeau.fr\/avions\/wp-content\/uploads\/Affiches\/Les-Mureaux_2017-212x300.jpg 212w\" sizes=\"(max-width: 283px) 100vw, 283px\" \/>\t\t\t\t\t\t\t\t<\/a>\n\t\t\t\t\t\t\t\t\t\t\t\t\t\t\t<\/div>\n\t\t\t\t<\/div>\n\t\t\t\t<div class=\"elementor-element elementor-element-1a0f5cb elementor-widget elementor-widget-text-editor\" data-id=\"1a0f5cb\" data-element_type=\"widget\" data-e-type=\"widget\" data-widget_type=\"text-editor.default\">\n\t\t\t\t<div class=\"elementor-widget-container\">\n\t\t\t\t\t\t\t\t\t<p style=\"text-align: center;\">F\u00eate de l&#8217;Air Les Mureaux-Verneuil 2017<\/p>\t\t\t\t\t\t\t\t<\/div>\n\t\t\t\t<\/div>\n\t\t\t\t\t<\/div>\n\t\t<\/div>\n\t\t\t\t<div class=\"elementor-column elementor-col-20 elementor-top-column elementor-element elementor-element-187b907\" data-id=\"187b907\" data-element_type=\"column\" data-e-type=\"column\">\n\t\t\t<div class=\"elementor-widget-wrap elementor-element-populated\">\n\t\t\t\t\t\t<div class=\"elementor-element elementor-element-5202574 elementor-invisible elementor-widget elementor-widget-image\" data-id=\"5202574\" data-element_type=\"widget\" data-e-type=\"widget\" data-settings=\"{&quot;_animation&quot;:&quot;fadeIn&quot;}\" data-widget_type=\"image.default\">\n\t\t\t\t<div class=\"elementor-widget-container\">\n\t\t\t\t\t\t\t\t\t\t\t\t\t\t\t\t<a href=\"http:\/\/avions.auzeau.fr\/meeting-aeriens\/laval-2017\/\">\n\t\t\t\t\t\t\t<img loading=\"lazy\" decoding=\"async\" width=\"283\" height=\"400\" src=\"https:\/\/www.auzeau.fr\/avions\/wp-content\/uploads\/Affiches\/Laval_2017.jpg\" class=\"elementor-animation-shrink attachment-large size-large wp-image-210\" alt=\"\" srcset=\"https:\/\/www.auzeau.fr\/avions\/wp-content\/uploads\/Affiches\/Laval_2017.jpg 283w, https:\/\/www.auzeau.fr\/avions\/wp-content\/uploads\/Affiches\/Laval_2017-212x300.jpg 212w\" sizes=\"(max-width: 283px) 100vw, 283px\" \/>\t\t\t\t\t\t\t\t<\/a>\n\t\t\t\t\t\t\t\t\t\t\t\t\t\t\t<\/div>\n\t\t\t\t<\/div>\n\t\t\t\t<div class=\"elementor-element elementor-element-f7fb049 elementor-widget elementor-widget-text-editor\" data-id=\"f7fb049\" data-element_type=\"widget\" data-e-type=\"widget\" data-widget_type=\"text-editor.default\">\n\t\t\t\t<div class=\"elementor-widget-container\">\n\t\t\t\t\t\t\t\t\t<p style=\"text-align: center;\">Meeting A\u00e9rien Laval-Entrammes 2017<\/p>\t\t\t\t\t\t\t\t<\/div>\n\t\t\t\t<\/div>\n\t\t\t\t\t<\/div>\n\t\t<\/div>\n\t\t\t\t<div class=\"elementor-column elementor-col-20 elementor-top-column elementor-element elementor-element-ecd200a\" data-id=\"ecd200a\" data-element_type=\"column\" data-e-type=\"column\">\n\t\t\t<div class=\"elementor-widget-wrap elementor-element-populated\">\n\t\t\t\t\t\t<div class=\"elementor-element elementor-element-c4311b5 elementor-invisible elementor-widget elementor-widget-image\" data-id=\"c4311b5\" data-element_type=\"widget\" data-e-type=\"widget\" data-settings=\"{&quot;_animation&quot;:&quot;fadeIn&quot;}\" data-widget_type=\"image.default\">\n\t\t\t\t<div class=\"elementor-widget-container\">\n\t\t\t\t\t\t\t\t\t\t\t\t\t\t\t\t<a href=\"http:\/\/avions.auzeau.fr\/meeting-aeriens\/le-bourget-2018\/\">\n\t\t\t\t\t\t\t<img loading=\"lazy\" decoding=\"async\" width=\"285\" height=\"400\" src=\"https:\/\/www.auzeau.fr\/avions\/wp-content\/uploads\/Affiches\/Le-Bourget-2018.jpg\" class=\"elementor-animation-shrink attachment-large size-large wp-image-572\" alt=\"\" srcset=\"https:\/\/www.auzeau.fr\/avions\/wp-content\/uploads\/Affiches\/Le-Bourget-2018.jpg 285w, https:\/\/www.auzeau.fr\/avions\/wp-content\/uploads\/Affiches\/Le-Bourget-2018-214x300.jpg 214w\" sizes=\"(max-width: 285px) 100vw, 285px\" \/>\t\t\t\t\t\t\t\t<\/a>\n\t\t\t\t\t\t\t\t\t\t\t\t\t\t\t<\/div>\n\t\t\t\t<\/div>\n\t\t\t\t<div class=\"elementor-element elementor-element-0beb221 elementor-widget elementor-widget-text-editor\" data-id=\"0beb221\" data-element_type=\"widget\" data-e-type=\"widget\" data-widget_type=\"text-editor.default\">\n\t\t\t\t<div class=\"elementor-widget-container\">\n\t\t\t\t\t\t\t\t\t<p style=\"text-align: center;\">Meeting A\u00e9rien Le Bourget 2018<\/p>\t\t\t\t\t\t\t\t<\/div>\n\t\t\t\t<\/div>\n\t\t\t\t\t<\/div>\n\t\t<\/div>\n\t\t\t\t<div class=\"elementor-column elementor-col-20 elementor-top-column elementor-element elementor-element-9041364\" data-id=\"9041364\" data-element_type=\"column\" data-e-type=\"column\">\n\t\t\t<div class=\"elementor-widget-wrap elementor-element-populated\">\n\t\t\t\t\t\t<div class=\"elementor-element elementor-element-99cc7b7 elementor-invisible elementor-widget elementor-widget-image\" data-id=\"99cc7b7\" data-element_type=\"widget\" data-e-type=\"widget\" data-settings=\"{&quot;_animation&quot;:&quot;fadeIn&quot;}\" data-widget_type=\"image.default\">\n\t\t\t\t<div class=\"elementor-widget-container\">\n\t\t\t\t\t\t\t\t\t\t\t\t\t\t\t\t<a href=\"http:\/\/avions.auzeau.fr\/meeting-aeriens\/compiegne-2018\/\">\n\t\t\t\t\t\t\t<img loading=\"lazy\" decoding=\"async\" width=\"283\" height=\"400\" src=\"https:\/\/www.auzeau.fr\/avions\/wp-content\/uploads\/Affiches\/Compiegne-2018.jpg\" class=\"elementor-animation-shrink attachment-large size-large wp-image-573\" alt=\"\" srcset=\"https:\/\/www.auzeau.fr\/avions\/wp-content\/uploads\/Affiches\/Compiegne-2018.jpg 283w, https:\/\/www.auzeau.fr\/avions\/wp-content\/uploads\/Affiches\/Compiegne-2018-212x300.jpg 212w\" sizes=\"(max-width: 283px) 100vw, 283px\" \/>\t\t\t\t\t\t\t\t<\/a>\n\t\t\t\t\t\t\t\t\t\t\t\t\t\t\t<\/div>\n\t\t\t\t<\/div>\n\t\t\t\t<div class=\"elementor-element elementor-element-282beb7 elementor-widget elementor-widget-text-editor\" data-id=\"282beb7\" data-element_type=\"widget\" data-e-type=\"widget\" data-widget_type=\"text-editor.default\">\n\t\t\t\t<div class=\"elementor-widget-container\">\n\t\t\t\t\t\t\t\t\t<p style=\"text-align: center;\">Meeting A\u00e9rien Compi\u00e8gne-Margny 2018<\/p>\t\t\t\t\t\t\t\t<\/div>\n\t\t\t\t<\/div>\n\t\t\t\t\t<\/div>\n\t\t<\/div>\n\t\t\t\t<div class=\"elementor-column elementor-col-20 elementor-top-column elementor-element elementor-element-4490618\" data-id=\"4490618\" data-element_type=\"column\" data-e-type=\"column\">\n\t\t\t<div class=\"elementor-widget-wrap elementor-element-populated\">\n\t\t\t\t\t\t<div class=\"elementor-element elementor-element-d690706 elementor-invisible elementor-widget elementor-widget-image\" data-id=\"d690706\" data-element_type=\"widget\" data-e-type=\"widget\" data-settings=\"{&quot;_animation&quot;:&quot;fadeIn&quot;}\" data-widget_type=\"image.default\">\n\t\t\t\t<div class=\"elementor-widget-container\">\n\t\t\t\t\t\t\t\t\t\t\t\t\t\t\t\t<a href=\"http:\/\/avions.auzeau.fr\/meeting-aeriens\/evreux-2018\/\">\n\t\t\t\t\t\t\t<img loading=\"lazy\" decoding=\"async\" width=\"314\" height=\"400\" src=\"https:\/\/www.auzeau.fr\/avions\/wp-content\/uploads\/Affiches\/Evreux-2018.jpg\" class=\"elementor-animation-shrink attachment-large size-large wp-image-574\" alt=\"\" srcset=\"https:\/\/www.auzeau.fr\/avions\/wp-content\/uploads\/Affiches\/Evreux-2018.jpg 314w, https:\/\/www.auzeau.fr\/avions\/wp-content\/uploads\/Affiches\/Evreux-2018-236x300.jpg 236w\" sizes=\"(max-width: 314px) 100vw, 314px\" \/>\t\t\t\t\t\t\t\t<\/a>\n\t\t\t\t\t\t\t\t\t\t\t\t\t\t\t<\/div>\n\t\t\t\t<\/div>\n\t\t\t\t<div class=\"elementor-element elementor-element-528d6a4 elementor-widget elementor-widget-text-editor\" data-id=\"528d6a4\" data-element_type=\"widget\" data-e-type=\"widget\" data-widget_type=\"text-editor.default\">\n\t\t\t\t<div class=\"elementor-widget-container\">\n\t\t\t\t\t\t\t\t\t<p style=\"text-align: center;\">Meeting de l&#8217;Air BA105 \u00c9vreux 2018<\/p>\t\t\t\t\t\t\t\t<\/div>\n\t\t\t\t<\/div>\n\t\t\t\t\t<\/div>\n\t\t<\/div>\n\t\t\t\t\t<\/div>\n\t\t<\/section>\n\t\t\t\t<section class=\"elementor-section elementor-top-section elementor-element elementor-element-db9465e elementor-section-boxed elementor-section-height-default elementor-section-height-default\" data-id=\"db9465e\" data-element_type=\"section\" data-e-type=\"section\">\n\t\t\t\t\t\t<div class=\"elementor-container elementor-column-gap-default\">\n\t\t\t\t\t<div class=\"elementor-column elementor-col-20 elementor-top-column elementor-element elementor-element-ea77127\" data-id=\"ea77127\" data-element_type=\"column\" data-e-type=\"column\">\n\t\t\t<div class=\"elementor-widget-wrap elementor-element-populated\">\n\t\t\t\t\t\t<div class=\"elementor-element elementor-element-0885129 elementor-invisible elementor-widget elementor-widget-image\" data-id=\"0885129\" data-element_type=\"widget\" data-e-type=\"widget\" data-settings=\"{&quot;_animation&quot;:&quot;fadeIn&quot;}\" data-widget_type=\"image.default\">\n\t\t\t\t<div class=\"elementor-widget-container\">\n\t\t\t\t\t\t\t\t\t\t\t\t\t\t\t\t<a href=\"http:\/\/avions.auzeau.fr\/meeting-aeriens\/paris-villaroche-2018\/\">\n\t\t\t\t\t\t\t<img loading=\"lazy\" decoding=\"async\" width=\"270\" height=\"400\" src=\"https:\/\/www.auzeau.fr\/avions\/wp-content\/uploads\/Affiches\/Melun-2018.jpg\" class=\"elementor-animation-shrink attachment-large size-large wp-image-3647\" alt=\"\" srcset=\"https:\/\/www.auzeau.fr\/avions\/wp-content\/uploads\/Affiches\/Melun-2018.jpg 270w, https:\/\/www.auzeau.fr\/avions\/wp-content\/uploads\/Affiches\/Melun-2018-203x300.jpg 203w\" sizes=\"(max-width: 270px) 100vw, 270px\" \/>\t\t\t\t\t\t\t\t<\/a>\n\t\t\t\t\t\t\t\t\t\t\t\t\t\t\t<\/div>\n\t\t\t\t<\/div>\n\t\t\t\t<div class=\"elementor-element elementor-element-e13f0e0 elementor-widget elementor-widget-text-editor\" data-id=\"e13f0e0\" data-element_type=\"widget\" data-e-type=\"widget\" data-widget_type=\"text-editor.default\">\n\t\t\t\t<div class=\"elementor-widget-container\">\n\t\t\t\t\t\t\t\t\t<p style=\"text-align: center;\">Air Legend Paris-Villaroche 2018<\/p>\t\t\t\t\t\t\t\t<\/div>\n\t\t\t\t<\/div>\n\t\t\t\t\t<\/div>\n\t\t<\/div>\n\t\t\t\t<div class=\"elementor-column elementor-col-20 elementor-top-column elementor-element elementor-element-9166243\" data-id=\"9166243\" data-element_type=\"column\" data-e-type=\"column\">\n\t\t\t<div class=\"elementor-widget-wrap elementor-element-populated\">\n\t\t\t\t\t\t<div class=\"elementor-element elementor-element-a8b265d elementor-invisible elementor-widget elementor-widget-image\" data-id=\"a8b265d\" data-element_type=\"widget\" data-e-type=\"widget\" data-settings=\"{&quot;_animation&quot;:&quot;fadeIn&quot;}\" data-widget_type=\"image.default\">\n\t\t\t\t<div class=\"elementor-widget-container\">\n\t\t\t\t\t\t\t\t\t\t\t\t\t\t\t\t<a href=\"http:\/\/avions.auzeau.fr\/meeting-aeriens\/cholet-2018\/\">\n\t\t\t\t\t\t\t<img loading=\"lazy\" decoding=\"async\" width=\"271\" height=\"400\" src=\"https:\/\/www.auzeau.fr\/avions\/wp-content\/uploads\/Affiches\/Cholet-2018.jpg\" class=\"elementor-animation-shrink attachment-large size-large wp-image-3648\" alt=\"\" srcset=\"https:\/\/www.auzeau.fr\/avions\/wp-content\/uploads\/Affiches\/Cholet-2018.jpg 271w, https:\/\/www.auzeau.fr\/avions\/wp-content\/uploads\/Affiches\/Cholet-2018-203x300.jpg 203w\" sizes=\"(max-width: 271px) 100vw, 271px\" \/>\t\t\t\t\t\t\t\t<\/a>\n\t\t\t\t\t\t\t\t\t\t\t\t\t\t\t<\/div>\n\t\t\t\t<\/div>\n\t\t\t\t<div class=\"elementor-element elementor-element-faf9633 elementor-widget elementor-widget-text-editor\" data-id=\"faf9633\" data-element_type=\"widget\" data-e-type=\"widget\" data-widget_type=\"text-editor.default\">\n\t\t\t\t<div class=\"elementor-widget-container\">\n\t\t\t\t\t\t\t\t\t<p style=\"text-align: center;\">Fou d&#8217;Ailes Cholet Le Pontreau 2018<\/p>\t\t\t\t\t\t\t\t<\/div>\n\t\t\t\t<\/div>\n\t\t\t\t\t<\/div>\n\t\t<\/div>\n\t\t\t\t<div class=\"elementor-column elementor-col-20 elementor-top-column elementor-element elementor-element-1391b90\" data-id=\"1391b90\" data-element_type=\"column\" data-e-type=\"column\">\n\t\t\t<div class=\"elementor-widget-wrap elementor-element-populated\">\n\t\t\t\t\t\t<div class=\"elementor-element elementor-element-434e7dd elementor-invisible elementor-widget elementor-widget-image\" data-id=\"434e7dd\" data-element_type=\"widget\" data-e-type=\"widget\" data-settings=\"{&quot;_animation&quot;:&quot;fadeIn&quot;}\" data-widget_type=\"image.default\">\n\t\t\t\t<div class=\"elementor-widget-container\">\n\t\t\t\t\t\t\t\t\t\t\t\t\t\t\t\t<a href=\"http:\/\/avions.auzeau.fr\/meeting-aeriens\/albert-2019\/\">\n\t\t\t\t\t\t\t<img loading=\"lazy\" decoding=\"async\" width=\"707\" height=\"1000\" src=\"https:\/\/www.auzeau.fr\/avions\/wp-content\/uploads\/Affiches\/Albert-2019.jpg\" class=\"elementor-animation-shrink attachment-large size-large wp-image-4357\" alt=\"\" srcset=\"https:\/\/www.auzeau.fr\/avions\/wp-content\/uploads\/Affiches\/Albert-2019.jpg 707w, https:\/\/www.auzeau.fr\/avions\/wp-content\/uploads\/Affiches\/Albert-2019-212x300.jpg 212w\" sizes=\"(max-width: 707px) 100vw, 707px\" \/>\t\t\t\t\t\t\t\t<\/a>\n\t\t\t\t\t\t\t\t\t\t\t\t\t\t\t<\/div>\n\t\t\t\t<\/div>\n\t\t\t\t<div class=\"elementor-element elementor-element-b3f690d elementor-widget elementor-widget-text-editor\" data-id=\"b3f690d\" data-element_type=\"widget\" data-e-type=\"widget\" data-widget_type=\"text-editor.default\">\n\t\t\t\t<div class=\"elementor-widget-container\">\n\t\t\t\t\t\t\t\t\t<p style=\"text-align: center;\">Meeting A\u00e9rien Albert 2019<\/p>\t\t\t\t\t\t\t\t<\/div>\n\t\t\t\t<\/div>\n\t\t\t\t\t<\/div>\n\t\t<\/div>\n\t\t\t\t<div class=\"elementor-column elementor-col-20 elementor-top-column elementor-element elementor-element-2c09c94\" data-id=\"2c09c94\" data-element_type=\"column\" data-e-type=\"column\">\n\t\t\t<div class=\"elementor-widget-wrap elementor-element-populated\">\n\t\t\t\t\t\t<div class=\"elementor-element elementor-element-56dcbd0 elementor-invisible elementor-widget elementor-widget-image\" data-id=\"56dcbd0\" data-element_type=\"widget\" data-e-type=\"widget\" data-settings=\"{&quot;_animation&quot;:&quot;fadeIn&quot;}\" data-widget_type=\"image.default\">\n\t\t\t\t<div class=\"elementor-widget-container\">\n\t\t\t\t\t\t\t\t\t\t\t\t\t\t\t\t<a href=\"http:\/\/avions.auzeau.fr\/meeting-aeriens\/les-mureaux-2019\/\">\n\t\t\t\t\t\t\t<img loading=\"lazy\" decoding=\"async\" width=\"657\" height=\"938\" src=\"https:\/\/www.auzeau.fr\/avions\/wp-content\/uploads\/Affiches\/Les-Mureaux_2019.jpg\" class=\"elementor-animation-shrink attachment-large size-large wp-image-4467\" alt=\"\" srcset=\"https:\/\/www.auzeau.fr\/avions\/wp-content\/uploads\/Affiches\/Les-Mureaux_2019.jpg 657w, https:\/\/www.auzeau.fr\/avions\/wp-content\/uploads\/Affiches\/Les-Mureaux_2019-210x300.jpg 210w\" sizes=\"(max-width: 657px) 100vw, 657px\" \/>\t\t\t\t\t\t\t\t<\/a>\n\t\t\t\t\t\t\t\t\t\t\t\t\t\t\t<\/div>\n\t\t\t\t<\/div>\n\t\t\t\t<div class=\"elementor-element elementor-element-4cda27d elementor-widget elementor-widget-text-editor\" data-id=\"4cda27d\" data-element_type=\"widget\" data-e-type=\"widget\" data-widget_type=\"text-editor.default\">\n\t\t\t\t<div class=\"elementor-widget-container\">\n\t\t\t\t\t\t\t\t\t<p style=\"text-align: center;\">F\u00eate de l&#8217;Air Les Mureaux-Verneuil 2019<\/p>\t\t\t\t\t\t\t\t<\/div>\n\t\t\t\t<\/div>\n\t\t\t\t\t<\/div>\n\t\t<\/div>\n\t\t\t\t<div class=\"elementor-column elementor-col-20 elementor-top-column elementor-element elementor-element-ce7366c\" data-id=\"ce7366c\" data-element_type=\"column\" data-e-type=\"column\">\n\t\t\t<div class=\"elementor-widget-wrap elementor-element-populated\">\n\t\t\t\t\t\t<div class=\"elementor-element elementor-element-684bbf2 elementor-invisible elementor-widget elementor-widget-image\" data-id=\"684bbf2\" data-element_type=\"widget\" data-e-type=\"widget\" data-settings=\"{&quot;_animation&quot;:&quot;fadeIn&quot;}\" data-widget_type=\"image.default\">\n\t\t\t\t<div class=\"elementor-widget-container\">\n\t\t\t\t\t\t\t\t\t\t\t\t\t\t\t\t<a href=\"http:\/\/avions.auzeau.fr\/meeting-aeriens\/paris-villaroche-2019\/\">\n\t\t\t\t\t\t\t<img loading=\"lazy\" decoding=\"async\" width=\"662\" height=\"960\" src=\"https:\/\/www.auzeau.fr\/avions\/wp-content\/uploads\/Affiches\/Paris-Villaroche-2019.jpg\" class=\"elementor-animation-shrink attachment-large size-large wp-image-4358\" alt=\"\" srcset=\"https:\/\/www.auzeau.fr\/avions\/wp-content\/uploads\/Affiches\/Paris-Villaroche-2019.jpg 662w, https:\/\/www.auzeau.fr\/avions\/wp-content\/uploads\/Affiches\/Paris-Villaroche-2019-207x300.jpg 207w\" sizes=\"(max-width: 662px) 100vw, 662px\" \/>\t\t\t\t\t\t\t\t<\/a>\n\t\t\t\t\t\t\t\t\t\t\t\t\t\t\t<\/div>\n\t\t\t\t<\/div>\n\t\t\t\t<div class=\"elementor-element elementor-element-763aaa8 elementor-widget elementor-widget-text-editor\" data-id=\"763aaa8\" data-element_type=\"widget\" data-e-type=\"widget\" data-widget_type=\"text-editor.default\">\n\t\t\t\t<div class=\"elementor-widget-container\">\n\t\t\t\t\t\t\t\t\t<p style=\"text-align: center;\">Air Legend Paris Villaroche 2019<\/p>\t\t\t\t\t\t\t\t<\/div>\n\t\t\t\t<\/div>\n\t\t\t\t\t<\/div>\n\t\t<\/div>\n\t\t\t\t\t<\/div>\n\t\t<\/section>\n\t\t\t\t<section class=\"elementor-section elementor-top-section elementor-element elementor-element-cfb1c04 elementor-section-boxed elementor-section-height-default elementor-section-height-default\" data-id=\"cfb1c04\" data-element_type=\"section\" data-e-type=\"section\">\n\t\t\t\t\t\t<div class=\"elementor-container elementor-column-gap-default\">\n\t\t\t\t\t<div class=\"elementor-column elementor-col-20 elementor-top-column elementor-element elementor-element-14a50ed\" data-id=\"14a50ed\" data-element_type=\"column\" data-e-type=\"column\">\n\t\t\t<div class=\"elementor-widget-wrap elementor-element-populated\">\n\t\t\t\t\t\t<div class=\"elementor-element elementor-element-5cde1a5 elementor-invisible elementor-widget elementor-widget-image\" data-id=\"5cde1a5\" data-element_type=\"widget\" data-e-type=\"widget\" data-settings=\"{&quot;_animation&quot;:&quot;fadeIn&quot;}\" data-widget_type=\"image.default\">\n\t\t\t\t<div class=\"elementor-widget-container\">\n\t\t\t\t\t\t\t\t\t\t\t\t\t\t\t\t<a href=\"http:\/\/avions.auzeau.fr\/meeting-aeriens\/le-bourget-2019\/\">\n\t\t\t\t\t\t\t<img loading=\"lazy\" decoding=\"async\" width=\"523\" height=\"720\" src=\"https:\/\/www.auzeau.fr\/avions\/wp-content\/uploads\/Affiches\/Meeting-100-ans-MAE.jpg\" class=\"elementor-animation-shrink attachment-large size-large wp-image-4360\" alt=\"\" srcset=\"https:\/\/www.auzeau.fr\/avions\/wp-content\/uploads\/Affiches\/Meeting-100-ans-MAE.jpg 523w, https:\/\/www.auzeau.fr\/avions\/wp-content\/uploads\/Affiches\/Meeting-100-ans-MAE-218x300.jpg 218w\" sizes=\"(max-width: 523px) 100vw, 523px\" \/>\t\t\t\t\t\t\t\t<\/a>\n\t\t\t\t\t\t\t\t\t\t\t\t\t\t\t<\/div>\n\t\t\t\t<\/div>\n\t\t\t\t<div class=\"elementor-element elementor-element-253fcf6 elementor-widget elementor-widget-text-editor\" data-id=\"253fcf6\" data-element_type=\"widget\" data-e-type=\"widget\" data-widget_type=\"text-editor.default\">\n\t\t\t\t<div class=\"elementor-widget-container\">\n\t\t\t\t\t\t\t\t\t<p style=\"text-align: center;\">Meeting du Centenaire du Mus\u00e9e de l&#8217;Air et de l&#8217;Espace 2019<\/p>\t\t\t\t\t\t\t\t<\/div>\n\t\t\t\t<\/div>\n\t\t\t\t\t<\/div>\n\t\t<\/div>\n\t\t\t\t<div class=\"elementor-column elementor-col-20 elementor-top-column elementor-element elementor-element-a3dba5c\" data-id=\"a3dba5c\" data-element_type=\"column\" data-e-type=\"column\">\n\t\t\t<div class=\"elementor-widget-wrap elementor-element-populated\">\n\t\t\t\t\t\t<div class=\"elementor-element elementor-element-bb68e20 elementor-invisible elementor-widget elementor-widget-image\" data-id=\"bb68e20\" data-element_type=\"widget\" data-e-type=\"widget\" data-settings=\"{&quot;_animation&quot;:&quot;fadeIn&quot;}\" data-widget_type=\"image.default\">\n\t\t\t\t<div class=\"elementor-widget-container\">\n\t\t\t\t\t\t\t\t\t\t\t\t\t\t\t\t<a href=\"http:\/\/avions.auzeau.fr\/meeting-aeriens\/albert-2021\/\">\n\t\t\t\t\t\t\t<img loading=\"lazy\" decoding=\"async\" width=\"509\" height=\"720\" src=\"https:\/\/www.auzeau.fr\/avions\/wp-content\/uploads\/Affiches\/Albert-2021.jpg\" class=\"elementor-animation-shrink attachment-large size-large wp-image-5570\" alt=\"\" srcset=\"https:\/\/www.auzeau.fr\/avions\/wp-content\/uploads\/Affiches\/Albert-2021.jpg 509w, https:\/\/www.auzeau.fr\/avions\/wp-content\/uploads\/Affiches\/Albert-2021-212x300.jpg 212w\" sizes=\"(max-width: 509px) 100vw, 509px\" \/>\t\t\t\t\t\t\t\t<\/a>\n\t\t\t\t\t\t\t\t\t\t\t\t\t\t\t<\/div>\n\t\t\t\t<\/div>\n\t\t\t\t<div class=\"elementor-element elementor-element-8804c2f elementor-widget elementor-widget-text-editor\" data-id=\"8804c2f\" data-element_type=\"widget\" data-e-type=\"widget\" data-widget_type=\"text-editor.default\">\n\t\t\t\t<div class=\"elementor-widget-container\">\n\t\t\t\t\t\t\t\t\t<p style=\"text-align: center;\">Meeting A\u00e9rien International Albert 2021<\/p>\t\t\t\t\t\t\t\t<\/div>\n\t\t\t\t<\/div>\n\t\t\t\t\t<\/div>\n\t\t<\/div>\n\t\t\t\t<div class=\"elementor-column elementor-col-20 elementor-top-column elementor-element elementor-element-fcc7f5a\" data-id=\"fcc7f5a\" data-element_type=\"column\" data-e-type=\"column\">\n\t\t\t<div class=\"elementor-widget-wrap elementor-element-populated\">\n\t\t\t\t\t\t<div class=\"elementor-element elementor-element-8bd09bc elementor-invisible elementor-widget elementor-widget-image\" data-id=\"8bd09bc\" data-element_type=\"widget\" data-e-type=\"widget\" data-settings=\"{&quot;_animation&quot;:&quot;fadeIn&quot;}\" data-widget_type=\"image.default\">\n\t\t\t\t<div class=\"elementor-widget-container\">\n\t\t\t\t\t\t\t\t\t\t\t\t\t\t\t\t<a href=\"http:\/\/avions.auzeau.fr\/meeting-aeriens\/albert-2022\/\">\n\t\t\t\t\t\t\t<img loading=\"lazy\" decoding=\"async\" width=\"724\" height=\"1024\" src=\"https:\/\/www.auzeau.fr\/avions\/wp-content\/uploads\/Affiches\/Albert-2022-724x1024.jpg\" class=\"elementor-animation-shrink attachment-large size-large wp-image-5676\" alt=\"\" srcset=\"https:\/\/www.auzeau.fr\/avions\/wp-content\/uploads\/Affiches\/Albert-2022-724x1024.jpg 724w, https:\/\/www.auzeau.fr\/avions\/wp-content\/uploads\/Affiches\/Albert-2022-212x300.jpg 212w, https:\/\/www.auzeau.fr\/avions\/wp-content\/uploads\/Affiches\/Albert-2022-768x1086.jpg 768w, https:\/\/www.auzeau.fr\/avions\/wp-content\/uploads\/Affiches\/Albert-2022.jpg 842w\" sizes=\"(max-width: 724px) 100vw, 724px\" \/>\t\t\t\t\t\t\t\t<\/a>\n\t\t\t\t\t\t\t\t\t\t\t\t\t\t\t<\/div>\n\t\t\t\t<\/div>\n\t\t\t\t<div class=\"elementor-element elementor-element-5f98c27 elementor-widget elementor-widget-text-editor\" data-id=\"5f98c27\" data-element_type=\"widget\" data-e-type=\"widget\" data-widget_type=\"text-editor.default\">\n\t\t\t\t<div class=\"elementor-widget-container\">\n\t\t\t\t\t\t\t\t\t<p style=\"text-align: center;\">Meeting A\u00e9rien International Albert 2022<\/p>\t\t\t\t\t\t\t\t<\/div>\n\t\t\t\t<\/div>\n\t\t\t\t\t<\/div>\n\t\t<\/div>\n\t\t\t\t<div class=\"elementor-column elementor-col-20 elementor-top-column elementor-element elementor-element-a16b019\" data-id=\"a16b019\" data-element_type=\"column\" data-e-type=\"column\">\n\t\t\t<div class=\"elementor-widget-wrap elementor-element-populated\">\n\t\t\t\t\t\t<div class=\"elementor-element elementor-element-a6c7796 elementor-invisible elementor-widget elementor-widget-image\" data-id=\"a6c7796\" data-element_type=\"widget\" data-e-type=\"widget\" data-settings=\"{&quot;_animation&quot;:&quot;fadeIn&quot;}\" data-widget_type=\"image.default\">\n\t\t\t\t<div class=\"elementor-widget-container\">\n\t\t\t\t\t\t\t\t\t\t\t\t\t\t\t\t<a href=\"http:\/\/avions.auzeau.fr\/meeting-aeriens\/paris-villaroche-2022\/\">\n\t\t\t\t\t\t\t<img loading=\"lazy\" decoding=\"async\" width=\"724\" height=\"1024\" src=\"https:\/\/www.auzeau.fr\/avions\/wp-content\/uploads\/Affiches\/melun_2022-724x1024.jpg\" class=\"elementor-animation-shrink attachment-large size-large wp-image-5783\" alt=\"\" srcset=\"https:\/\/www.auzeau.fr\/avions\/wp-content\/uploads\/Affiches\/melun_2022-724x1024.jpg 724w, https:\/\/www.auzeau.fr\/avions\/wp-content\/uploads\/Affiches\/melun_2022-212x300.jpg 212w, https:\/\/www.auzeau.fr\/avions\/wp-content\/uploads\/Affiches\/melun_2022-768x1086.jpg 768w, https:\/\/www.auzeau.fr\/avions\/wp-content\/uploads\/Affiches\/melun_2022.jpg 1024w\" sizes=\"(max-width: 724px) 100vw, 724px\" \/>\t\t\t\t\t\t\t\t<\/a>\n\t\t\t\t\t\t\t\t\t\t\t\t\t\t\t<\/div>\n\t\t\t\t<\/div>\n\t\t\t\t<div class=\"elementor-element elementor-element-1e1c1fa elementor-widget elementor-widget-text-editor\" data-id=\"1e1c1fa\" data-element_type=\"widget\" data-e-type=\"widget\" data-widget_type=\"text-editor.default\">\n\t\t\t\t<div class=\"elementor-widget-container\">\n\t\t\t\t\t\t\t\t\t<p style=\"text-align: center;\">Air Legend Paris Villaroche 2022<\/p>\t\t\t\t\t\t\t\t<\/div>\n\t\t\t\t<\/div>\n\t\t\t\t\t<\/div>\n\t\t<\/div>\n\t\t\t\t<div class=\"elementor-column elementor-col-20 elementor-top-column elementor-element elementor-element-b328b75\" data-id=\"b328b75\" data-element_type=\"column\" data-e-type=\"column\">\n\t\t\t<div class=\"elementor-widget-wrap elementor-element-populated\">\n\t\t\t\t\t\t<div class=\"elementor-element elementor-element-9042a44 elementor-invisible elementor-widget elementor-widget-image\" data-id=\"9042a44\" data-element_type=\"widget\" data-e-type=\"widget\" data-settings=\"{&quot;_animation&quot;:&quot;fadeIn&quot;}\" data-widget_type=\"image.default\">\n\t\t\t\t<div class=\"elementor-widget-container\">\n\t\t\t\t\t\t\t\t\t\t\t\t\t\t\t\t<a href=\"http:\/\/avions.auzeau.fr\/meeting-aeriens\/le-touquet-2023\/\">\n\t\t\t\t\t\t\t<img loading=\"lazy\" decoding=\"async\" width=\"523\" height=\"812\" src=\"https:\/\/www.auzeau.fr\/avions\/wp-content\/uploads\/Affiches\/Le-Touquet-2023.jpg\" class=\"elementor-animation-shrink attachment-large size-large wp-image-6029\" alt=\"\" srcset=\"https:\/\/www.auzeau.fr\/avions\/wp-content\/uploads\/Affiches\/Le-Touquet-2023.jpg 523w, https:\/\/www.auzeau.fr\/avions\/wp-content\/uploads\/Affiches\/Le-Touquet-2023-193x300.jpg 193w\" sizes=\"(max-width: 523px) 100vw, 523px\" \/>\t\t\t\t\t\t\t\t<\/a>\n\t\t\t\t\t\t\t\t\t\t\t\t\t\t\t<\/div>\n\t\t\t\t<\/div>\n\t\t\t\t<div class=\"elementor-element elementor-element-3088f0e elementor-widget elementor-widget-text-editor\" data-id=\"3088f0e\" data-element_type=\"widget\" data-e-type=\"widget\" data-widget_type=\"text-editor.default\">\n\t\t\t\t<div class=\"elementor-widget-container\">\n\t\t\t\t\t\t\t\t\t<p style=\"text-align: center;\">Le Touquet Air Show 2023<\/p>\t\t\t\t\t\t\t\t<\/div>\n\t\t\t\t<\/div>\n\t\t\t\t\t<\/div>\n\t\t<\/div>\n\t\t\t\t\t<\/div>\n\t\t<\/section>\n\t\t\t\t<section class=\"elementor-section elementor-top-section elementor-element elementor-element-88258e9 elementor-section-boxed elementor-section-height-default elementor-section-height-default\" data-id=\"88258e9\" data-element_type=\"section\" data-e-type=\"section\">\n\t\t\t\t\t\t<div class=\"elementor-container elementor-column-gap-default\">\n\t\t\t\t\t<div class=\"elementor-column elementor-col-20 elementor-top-column elementor-element elementor-element-ed6058a\" data-id=\"ed6058a\" data-element_type=\"column\" data-e-type=\"column\">\n\t\t\t<div class=\"elementor-widget-wrap elementor-element-populated\">\n\t\t\t\t\t\t<div class=\"elementor-element elementor-element-31da7da elementor-invisible elementor-widget elementor-widget-image\" data-id=\"31da7da\" data-element_type=\"widget\" data-e-type=\"widget\" data-settings=\"{&quot;_animation&quot;:&quot;fadeIn&quot;}\" data-widget_type=\"image.default\">\n\t\t\t\t<div class=\"elementor-widget-container\">\n\t\t\t\t\t\t\t\t\t\t\t\t\t\t\t\t<a href=\"http:\/\/avions.auzeau.fr\/meeting-aeriens\/les-mureaux-2023\/\">\n\t\t\t\t\t\t\t<img loading=\"lazy\" decoding=\"async\" width=\"725\" height=\"1024\" src=\"https:\/\/www.auzeau.fr\/avions\/wp-content\/uploads\/Affiches\/Les-Mureaux-2023-725x1024.jpg\" class=\"elementor-animation-shrink attachment-large size-large wp-image-6043\" alt=\"\" srcset=\"https:\/\/www.auzeau.fr\/avions\/wp-content\/uploads\/Affiches\/Les-Mureaux-2023-725x1024.jpg 725w, https:\/\/www.auzeau.fr\/avions\/wp-content\/uploads\/Affiches\/Les-Mureaux-2023-212x300.jpg 212w, https:\/\/www.auzeau.fr\/avions\/wp-content\/uploads\/Affiches\/Les-Mureaux-2023-768x1085.jpg 768w, https:\/\/www.auzeau.fr\/avions\/wp-content\/uploads\/Affiches\/Les-Mureaux-2023-1087x1536.jpg 1087w, https:\/\/www.auzeau.fr\/avions\/wp-content\/uploads\/Affiches\/Les-Mureaux-2023.jpg 1449w\" sizes=\"(max-width: 725px) 100vw, 725px\" \/>\t\t\t\t\t\t\t\t<\/a>\n\t\t\t\t\t\t\t\t\t\t\t\t\t\t\t<\/div>\n\t\t\t\t<\/div>\n\t\t\t\t<div class=\"elementor-element elementor-element-90e2eb6 elementor-widget elementor-widget-text-editor\" data-id=\"90e2eb6\" data-element_type=\"widget\" data-e-type=\"widget\" data-widget_type=\"text-editor.default\">\n\t\t\t\t<div class=\"elementor-widget-container\">\n\t\t\t\t\t\t\t\t\t<p style=\"text-align: center;\">F\u00eate de l&#8217;Air Les Mureaux-Verneuil 2023<\/p>\t\t\t\t\t\t\t\t<\/div>\n\t\t\t\t<\/div>\n\t\t\t\t\t<\/div>\n\t\t<\/div>\n\t\t\t\t<div class=\"elementor-column elementor-col-20 elementor-top-column elementor-element elementor-element-af3ae2a\" data-id=\"af3ae2a\" data-element_type=\"column\" data-e-type=\"column\">\n\t\t\t<div class=\"elementor-widget-wrap elementor-element-populated\">\n\t\t\t\t\t\t<div class=\"elementor-element elementor-element-c14692d elementor-invisible elementor-widget elementor-widget-image\" data-id=\"c14692d\" data-element_type=\"widget\" data-e-type=\"widget\" data-settings=\"{&quot;_animation&quot;:&quot;fadeIn&quot;}\" data-widget_type=\"image.default\">\n\t\t\t\t<div class=\"elementor-widget-container\">\n\t\t\t\t\t\t\t\t\t\t\t\t\t\t\t\t<a href=\"http:\/\/avions.auzeau.fr\/meeting-aeriens\/albert-2023\/\">\n\t\t\t\t\t\t\t<img loading=\"lazy\" decoding=\"async\" width=\"724\" height=\"1024\" src=\"https:\/\/www.auzeau.fr\/avions\/wp-content\/uploads\/Affiches\/Albert-2023-724x1024.jpg\" class=\"elementor-animation-shrink attachment-large size-large wp-image-6221\" alt=\"\" srcset=\"https:\/\/www.auzeau.fr\/avions\/wp-content\/uploads\/Affiches\/Albert-2023-724x1024.jpg 724w, https:\/\/www.auzeau.fr\/avions\/wp-content\/uploads\/Affiches\/Albert-2023-212x300.jpg 212w, https:\/\/www.auzeau.fr\/avions\/wp-content\/uploads\/Affiches\/Albert-2023-768x1086.jpg 768w, https:\/\/www.auzeau.fr\/avions\/wp-content\/uploads\/Affiches\/Albert-2023-1086x1536.jpg 1086w, https:\/\/www.auzeau.fr\/avions\/wp-content\/uploads\/Affiches\/Albert-2023.jpg 1448w\" sizes=\"(max-width: 724px) 100vw, 724px\" \/>\t\t\t\t\t\t\t\t<\/a>\n\t\t\t\t\t\t\t\t\t\t\t\t\t\t\t<\/div>\n\t\t\t\t<\/div>\n\t\t\t\t<div class=\"elementor-element elementor-element-32a128d elementor-widget elementor-widget-text-editor\" data-id=\"32a128d\" data-element_type=\"widget\" data-e-type=\"widget\" data-widget_type=\"text-editor.default\">\n\t\t\t\t<div class=\"elementor-widget-container\">\n\t\t\t\t\t\t\t\t\t<p style=\"text-align: center;\">Meeting A\u00e9rien International Albert 2023<\/p>\t\t\t\t\t\t\t\t<\/div>\n\t\t\t\t<\/div>\n\t\t\t\t\t<\/div>\n\t\t<\/div>\n\t\t\t\t<div class=\"elementor-column elementor-col-20 elementor-top-column elementor-element elementor-element-b3e31ed\" data-id=\"b3e31ed\" data-element_type=\"column\" data-e-type=\"column\">\n\t\t\t<div class=\"elementor-widget-wrap elementor-element-populated\">\n\t\t\t\t\t\t<div class=\"elementor-element elementor-element-f54842b elementor-invisible elementor-widget elementor-widget-image\" data-id=\"f54842b\" data-element_type=\"widget\" data-e-type=\"widget\" data-settings=\"{&quot;_animation&quot;:&quot;fadeIn&quot;}\" data-widget_type=\"image.default\">\n\t\t\t\t<div class=\"elementor-widget-container\">\n\t\t\t\t\t\t\t\t\t\t\t\t\t\t\t\t<a href=\"http:\/\/avions.auzeau.fr\/meeting-aeriens\/paris-villaroche-2023\/\">\n\t\t\t\t\t\t\t<img loading=\"lazy\" decoding=\"async\" width=\"566\" height=\"800\" src=\"https:\/\/www.auzeau.fr\/avions\/wp-content\/uploads\/Affiches\/Melun-2023.JPG\" class=\"elementor-animation-shrink attachment-large size-large wp-image-6220\" alt=\"\" srcset=\"https:\/\/www.auzeau.fr\/avions\/wp-content\/uploads\/Affiches\/Melun-2023.JPG 566w, https:\/\/www.auzeau.fr\/avions\/wp-content\/uploads\/Affiches\/Melun-2023-212x300.jpg 212w\" sizes=\"(max-width: 566px) 100vw, 566px\" \/>\t\t\t\t\t\t\t\t<\/a>\n\t\t\t\t\t\t\t\t\t\t\t\t\t\t\t<\/div>\n\t\t\t\t<\/div>\n\t\t\t\t<div class=\"elementor-element elementor-element-a814ace elementor-widget elementor-widget-text-editor\" data-id=\"a814ace\" data-element_type=\"widget\" data-e-type=\"widget\" data-widget_type=\"text-editor.default\">\n\t\t\t\t<div class=\"elementor-widget-container\">\n\t\t\t\t\t\t\t\t\t<p style=\"text-align: center;\">Air Legend Paris Villaroche 2023<\/p>\t\t\t\t\t\t\t\t<\/div>\n\t\t\t\t<\/div>\n\t\t\t\t\t<\/div>\n\t\t<\/div>\n\t\t\t\t<div class=\"elementor-column elementor-col-20 elementor-top-column elementor-element elementor-element-c7b4e33\" data-id=\"c7b4e33\" data-element_type=\"column\" data-e-type=\"column\">\n\t\t\t<div class=\"elementor-widget-wrap elementor-element-populated\">\n\t\t\t\t\t\t<div class=\"elementor-element elementor-element-dd13eec elementor-invisible elementor-widget elementor-widget-image\" data-id=\"dd13eec\" data-element_type=\"widget\" data-e-type=\"widget\" data-settings=\"{&quot;_animation&quot;:&quot;fadeIn&quot;}\" data-widget_type=\"image.default\">\n\t\t\t\t<div class=\"elementor-widget-container\">\n\t\t\t\t\t\t\t\t\t\t\t\t\t\t\t\t<a href=\"http:\/\/avions.auzeau.fr\/meeting-aeriens\/albert-2024\/\">\n\t\t\t\t\t\t\t<img loading=\"lazy\" decoding=\"async\" width=\"768\" height=\"1024\" src=\"https:\/\/www.auzeau.fr\/avions\/wp-content\/uploads\/Affiches\/Albert-2024-768x1024.jpg\" class=\"elementor-animation-shrink attachment-large size-large wp-image-7493\" alt=\"\" srcset=\"https:\/\/www.auzeau.fr\/avions\/wp-content\/uploads\/Affiches\/Albert-2024-768x1024.jpg 768w, https:\/\/www.auzeau.fr\/avions\/wp-content\/uploads\/Affiches\/Albert-2024-225x300.jpg 225w, https:\/\/www.auzeau.fr\/avions\/wp-content\/uploads\/Affiches\/Albert-2024-1152x1536.jpg 1152w, https:\/\/www.auzeau.fr\/avions\/wp-content\/uploads\/Affiches\/Albert-2024.jpg 1536w\" sizes=\"(max-width: 768px) 100vw, 768px\" \/>\t\t\t\t\t\t\t\t<\/a>\n\t\t\t\t\t\t\t\t\t\t\t\t\t\t\t<\/div>\n\t\t\t\t<\/div>\n\t\t\t\t<div class=\"elementor-element elementor-element-562d67e elementor-widget elementor-widget-text-editor\" data-id=\"562d67e\" data-element_type=\"widget\" data-e-type=\"widget\" data-widget_type=\"text-editor.default\">\n\t\t\t\t<div class=\"elementor-widget-container\">\n\t\t\t\t\t\t\t\t\t<p style=\"text-align: center;\">Meeting A\u00e9rien International Albert 2024<\/p>\t\t\t\t\t\t\t\t<\/div>\n\t\t\t\t<\/div>\n\t\t\t\t\t<\/div>\n\t\t<\/div>\n\t\t\t\t<div class=\"elementor-column elementor-col-20 elementor-top-column elementor-element elementor-element-2ab77b0\" data-id=\"2ab77b0\" data-element_type=\"column\" data-e-type=\"column\">\n\t\t\t<div class=\"elementor-widget-wrap elementor-element-populated\">\n\t\t\t\t\t\t<div class=\"elementor-element elementor-element-828bfed elementor-invisible elementor-widget elementor-widget-image\" data-id=\"828bfed\" data-element_type=\"widget\" data-e-type=\"widget\" data-settings=\"{&quot;_animation&quot;:&quot;fadeIn&quot;}\" data-widget_type=\"image.default\">\n\t\t\t\t<div class=\"elementor-widget-container\">\n\t\t\t\t\t\t\t\t\t\t\t\t\t\t\t\t<a href=\"http:\/\/avions.auzeau.fr\/meeting-aeriens\/legend-air-2024\/\">\n\t\t\t\t\t\t\t<img loading=\"lazy\" decoding=\"async\" width=\"500\" height=\"708\" src=\"https:\/\/www.auzeau.fr\/avions\/wp-content\/uploads\/Affiches\/Legendair-en-limousin-2024.jpg\" class=\"elementor-animation-shrink attachment-large size-large wp-image-7577\" alt=\"\" srcset=\"https:\/\/www.auzeau.fr\/avions\/wp-content\/uploads\/Affiches\/Legendair-en-limousin-2024.jpg 500w, https:\/\/www.auzeau.fr\/avions\/wp-content\/uploads\/Affiches\/Legendair-en-limousin-2024-212x300.jpg 212w\" sizes=\"(max-width: 500px) 100vw, 500px\" \/>\t\t\t\t\t\t\t\t<\/a>\n\t\t\t\t\t\t\t\t\t\t\t\t\t\t\t<\/div>\n\t\t\t\t<\/div>\n\t\t\t\t<div class=\"elementor-element elementor-element-4002f6c elementor-widget elementor-widget-text-editor\" data-id=\"4002f6c\" data-element_type=\"widget\" data-e-type=\"widget\" data-widget_type=\"text-editor.default\">\n\t\t\t\t<div class=\"elementor-widget-container\">\n\t\t\t\t\t\t\t\t\t<p style=\"text-align: center;\">Legend&#8217;Air<br \/>Saint-Junien 2024<\/p>\t\t\t\t\t\t\t\t<\/div>\n\t\t\t\t<\/div>\n\t\t\t\t\t<\/div>\n\t\t<\/div>\n\t\t\t\t\t<\/div>\n\t\t<\/section>\n\t\t\t\t<section class=\"elementor-section elementor-top-section elementor-element elementor-element-bc4c045 elementor-section-boxed elementor-section-height-default elementor-section-height-default\" data-id=\"bc4c045\" data-element_type=\"section\" data-e-type=\"section\">\n\t\t\t\t\t\t<div class=\"elementor-container elementor-column-gap-default\">\n\t\t\t\t\t<div class=\"elementor-column elementor-col-20 elementor-top-column elementor-element elementor-element-7f0c301\" data-id=\"7f0c301\" data-element_type=\"column\" data-e-type=\"column\">\n\t\t\t<div class=\"elementor-widget-wrap elementor-element-populated\">\n\t\t\t\t\t\t<div class=\"elementor-element elementor-element-8fbd743 elementor-invisible elementor-widget elementor-widget-image\" data-id=\"8fbd743\" data-element_type=\"widget\" data-e-type=\"widget\" data-settings=\"{&quot;_animation&quot;:&quot;fadeIn&quot;}\" data-widget_type=\"image.default\">\n\t\t\t\t<div class=\"elementor-widget-container\">\n\t\t\t\t\t\t\t\t\t\t\t\t\t\t\t\t<a href=\"http:\/\/avions.auzeau.fr\/meeting-aeriens\/les-mureaux-2025\/\">\n\t\t\t\t\t\t\t<img loading=\"lazy\" decoding=\"async\" width=\"702\" height=\"1024\" src=\"https:\/\/www.auzeau.fr\/avions\/wp-content\/uploads\/Affiches\/Les-Mureaux-2025-702x1024.jpg\" class=\"elementor-animation-shrink attachment-large size-large wp-image-7662\" alt=\"\" srcset=\"https:\/\/www.auzeau.fr\/avions\/wp-content\/uploads\/Affiches\/Les-Mureaux-2025-702x1024.jpg 702w, https:\/\/www.auzeau.fr\/avions\/wp-content\/uploads\/Affiches\/Les-Mureaux-2025-206x300.jpg 206w, https:\/\/www.auzeau.fr\/avions\/wp-content\/uploads\/Affiches\/Les-Mureaux-2025-768x1121.jpg 768w, https:\/\/www.auzeau.fr\/avions\/wp-content\/uploads\/Affiches\/Les-Mureaux-2025-1053x1536.jpg 1053w, https:\/\/www.auzeau.fr\/avions\/wp-content\/uploads\/Affiches\/Les-Mureaux-2025.jpg 1248w\" sizes=\"(max-width: 702px) 100vw, 702px\" \/>\t\t\t\t\t\t\t\t<\/a>\n\t\t\t\t\t\t\t\t\t\t\t\t\t\t\t<\/div>\n\t\t\t\t<\/div>\n\t\t\t\t<div class=\"elementor-element elementor-element-e787df8 elementor-widget elementor-widget-text-editor\" data-id=\"e787df8\" data-element_type=\"widget\" data-e-type=\"widget\" data-widget_type=\"text-editor.default\">\n\t\t\t\t<div class=\"elementor-widget-container\">\n\t\t\t\t\t\t\t\t\t<p style=\"text-align: center;\">F\u00eate de l&#8217;Air et de l&#8217;espace Les Mureaux-Verneuil 2025<\/p>\t\t\t\t\t\t\t\t<\/div>\n\t\t\t\t<\/div>\n\t\t\t\t\t<\/div>\n\t\t<\/div>\n\t\t\t\t<div class=\"elementor-column elementor-col-20 elementor-top-column elementor-element elementor-element-7eeb76c\" data-id=\"7eeb76c\" data-element_type=\"column\" data-e-type=\"column\">\n\t\t\t<div class=\"elementor-widget-wrap elementor-element-populated\">\n\t\t\t\t\t\t<div class=\"elementor-element elementor-element-af68e2a elementor-invisible elementor-widget elementor-widget-image\" data-id=\"af68e2a\" data-element_type=\"widget\" data-e-type=\"widget\" data-settings=\"{&quot;_animation&quot;:&quot;fadeIn&quot;}\" data-widget_type=\"image.default\">\n\t\t\t\t<div class=\"elementor-widget-container\">\n\t\t\t\t\t\t\t\t\t\t\t\t\t\t\t\t<a href=\"https:\/\/www.auzeau.fr\/avions\/meeting-aeriens\/biscarosse-2025\/\">\n\t\t\t\t\t\t\t<img loading=\"lazy\" decoding=\"async\" width=\"704\" height=\"1024\" src=\"https:\/\/www.auzeau.fr\/avions\/wp-content\/uploads\/Affiches\/Biscarrosse-2025-704x1024.jpg\" class=\"elementor-animation-shrink attachment-large size-large wp-image-7747\" alt=\"\" srcset=\"https:\/\/www.auzeau.fr\/avions\/wp-content\/uploads\/Affiches\/Biscarrosse-2025-704x1024.jpg 704w, https:\/\/www.auzeau.fr\/avions\/wp-content\/uploads\/Affiches\/Biscarrosse-2025-206x300.jpg 206w, https:\/\/www.auzeau.fr\/avions\/wp-content\/uploads\/Affiches\/Biscarrosse-2025-768x1117.jpg 768w, https:\/\/www.auzeau.fr\/avions\/wp-content\/uploads\/Affiches\/Biscarrosse-2025-1056x1536.jpg 1056w, https:\/\/www.auzeau.fr\/avions\/wp-content\/uploads\/Affiches\/Biscarrosse-2025.jpg 1100w\" sizes=\"(max-width: 704px) 100vw, 704px\" \/>\t\t\t\t\t\t\t\t<\/a>\n\t\t\t\t\t\t\t\t\t\t\t\t\t\t\t<\/div>\n\t\t\t\t<\/div>\n\t\t\t\t<div class=\"elementor-element elementor-element-a434196 elementor-widget elementor-widget-text-editor\" data-id=\"a434196\" data-element_type=\"widget\" data-e-type=\"widget\" data-widget_type=\"text-editor.default\">\n\t\t\t\t<div class=\"elementor-widget-container\">\n\t\t\t\t\t\t\t\t\t<p style=\"text-align: center;\">Rassemblement international d&#8217;hydravions Biscarrosse 2025<\/p>\t\t\t\t\t\t\t\t<\/div>\n\t\t\t\t<\/div>\n\t\t\t\t\t<\/div>\n\t\t<\/div>\n\t\t\t\t<div class=\"elementor-column elementor-col-20 elementor-top-column elementor-element elementor-element-964507e\" data-id=\"964507e\" data-element_type=\"column\" data-e-type=\"column\">\n\t\t\t<div class=\"elementor-widget-wrap elementor-element-populated\">\n\t\t\t\t\t\t<div class=\"elementor-element elementor-element-83471c8 elementor-invisible elementor-widget elementor-widget-image\" data-id=\"83471c8\" data-element_type=\"widget\" data-e-type=\"widget\" data-settings=\"{&quot;_animation&quot;:&quot;fadeIn&quot;}\" data-widget_type=\"image.default\">\n\t\t\t\t<div class=\"elementor-widget-container\">\n\t\t\t\t\t\t\t\t\t\t\t\t\t\t\t\t<a href=\"https:\/\/www.auzeau.fr\/avions\/meeting-aeriens\/albert-2025\/\">\n\t\t\t\t\t\t\t<img loading=\"lazy\" decoding=\"async\" width=\"698\" height=\"1024\" src=\"https:\/\/www.auzeau.fr\/avions\/wp-content\/uploads\/Affiches\/Albert-2025-698x1024.webp\" class=\"elementor-animation-shrink attachment-large size-large wp-image-7915\" alt=\"\" srcset=\"https:\/\/www.auzeau.fr\/avions\/wp-content\/uploads\/Affiches\/Albert-2025-698x1024.webp 698w, https:\/\/www.auzeau.fr\/avions\/wp-content\/uploads\/Affiches\/Albert-2025-204x300.webp 204w, https:\/\/www.auzeau.fr\/avions\/wp-content\/uploads\/Affiches\/Albert-2025-768x1127.webp 768w, https:\/\/www.auzeau.fr\/avions\/wp-content\/uploads\/Affiches\/Albert-2025-1047x1536.webp 1047w, https:\/\/www.auzeau.fr\/avions\/wp-content\/uploads\/Affiches\/Albert-2025.webp 1396w\" sizes=\"(max-width: 698px) 100vw, 698px\" \/>\t\t\t\t\t\t\t\t<\/a>\n\t\t\t\t\t\t\t\t\t\t\t\t\t\t\t<\/div>\n\t\t\t\t<\/div>\n\t\t\t\t<div class=\"elementor-element elementor-element-277fb78 elementor-widget elementor-widget-text-editor\" data-id=\"277fb78\" data-element_type=\"widget\" data-e-type=\"widget\" data-widget_type=\"text-editor.default\">\n\t\t\t\t<div class=\"elementor-widget-container\">\n\t\t\t\t\t\t\t\t\t<p style=\"text-align: center;\">Meeting A\u00e9rien International Albert 2025<\/p>\t\t\t\t\t\t\t\t<\/div>\n\t\t\t\t<\/div>\n\t\t\t\t\t<\/div>\n\t\t<\/div>\n\t\t\t\t<div class=\"elementor-column elementor-col-20 elementor-top-column elementor-element elementor-element-76fbceb\" data-id=\"76fbceb\" data-element_type=\"column\" data-e-type=\"column\">\n\t\t\t<div class=\"elementor-widget-wrap\">\n\t\t\t\t\t\t\t<\/div>\n\t\t<\/div>\n\t\t\t\t<div class=\"elementor-column elementor-col-20 elementor-top-column elementor-element elementor-element-14a0725\" data-id=\"14a0725\" data-element_type=\"column\" data-e-type=\"column\">\n\t\t\t<div class=\"elementor-widget-wrap\">\n\t\t\t\t\t\t\t<\/div>\n\t\t<\/div>\n\t\t\t\t\t<\/div>\n\t\t<\/section>\n\t\t\t\t<\/div>\n\t\t","protected":false},"excerpt":{"rendered":"<p>TERRAINS D&#8217;AVIATION Beauvais-Till\u00e9 LFOB Cholet-Le-Pontreau LFOU Colmar-Houssen LFGA Les Mureaux LFXU Nantes-Atlantique LFRS Paris-Le Bourget LFPB Rennes-St-Jacques LFRN Roissy-Charles-de-Gaulle LFPG AUTRES MANIFESTATIONS \/ MUS\u00c9ES Mus\u00e9e de l&#8217;Air et de l&#8217;Espace R\u00e9serves du Mus\u00e9e de l&#8217;Air et de l&#8217;Espace Salon du Bourget 2009 Journ\u00e9e de la BA105 \u00c9vreux 2012 Carrefour de l&#8217;Air 2013 Carrefour de l&#8217;Air [&hellip;]<\/p>\n","protected":false},"author":1,"featured_media":0,"parent":0,"menu_order":0,"comment_status":"closed","ping_status":"closed","template":"","meta":{"footnotes":""},"class_list":["post-570","page","type-page","status-publish","hentry"],"_links":{"self":[{"href":"https:\/\/www.auzeau.fr\/avions\/wp-json\/wp\/v2\/pages\/570","targetHints":{"allow":["GET"]}}],"collection":[{"href":"https:\/\/www.auzeau.fr\/avions\/wp-json\/wp\/v2\/pages"}],"about":[{"href":"https:\/\/www.auzeau.fr\/avions\/wp-json\/wp\/v2\/types\/page"}],"author":[{"embeddable":true,"href":"https:\/\/www.auzeau.fr\/avions\/wp-json\/wp\/v2\/users\/1"}],"replies":[{"embeddable":true,"href":"https:\/\/www.auzeau.fr\/avions\/wp-json\/wp\/v2\/comments?post=570"}],"version-history":[{"count":0,"href":"https:\/\/www.auzeau.fr\/avions\/wp-json\/wp\/v2\/pages\/570\/revisions"}],"wp:attachment":[{"href":"https:\/\/www.auzeau.fr\/avions\/wp-json\/wp\/v2\/media?parent=570"}],"curies":[{"name":"wp","href":"https:\/\/api.w.org\/{rel}","templated":true}]}}